{"id":22696,"date":"2023-11-29T11:22:59","date_gmt":"2023-11-29T11:22:59","guid":{"rendered":"https:\/\/www.tomatomonterosa.com\/press-media\/"},"modified":"2024-09-24T13:51:51","modified_gmt":"2024-09-24T13:51:51","slug":"press-media","status":"publish","type":"page","link":"https:\/\/www.tomatomonterosa.com\/en\/press-media\/","title":{"rendered":"Press Media"},"content":{"rendered":"\t\t<div data-elementor-type=\"wp-page\" data-elementor-id=\"22696\" class=\"elementor elementor-22696 elementor-16566\" data-elementor-post-type=\"page\">\n\t\t\t\t<div data-particle_enable=\"false\" data-particle-mobile-disabled=\"false\" class=\"elementor-element elementor-element-29acbf7d wd-section-stretch-content e-flex e-con-boxed e-con e-parent\" data-id=\"29acbf7d\" data-element_type=\"container\" data-settings=\"{&quot;background_background&quot;:&quot;classic&quot;}\">\n\t\t\t\t\t<div class=\"e-con-inner\">\n\t\t\t\t<div class=\"elementor-element elementor-element-3c28c0ea elementor-widget__width-inherit elementor-absolute elementor-widget elementor-widget-heading\" data-id=\"3c28c0ea\" data-element_type=\"widget\" data-settings=\"{&quot;_position&quot;:&quot;absolute&quot;}\" data-widget_type=\"heading.default\">\n\t\t\t\t<div class=\"elementor-widget-container\">\n\t\t\t\t\t<h1 class=\"elementor-heading-title elementor-size-default\">They talk <br>about us<\/h1>\t\t\t\t<\/div>\n\t\t\t\t<\/div>\n\t\t\t\t\t<\/div>\n\t\t\t\t<\/div>\n\t\t<div data-particle_enable=\"false\" data-particle-mobile-disabled=\"false\" class=\"wd-negative-gap elementor-element elementor-element-ff48cb2 e-flex e-con-boxed e-con e-parent\" data-id=\"ff48cb2\" data-element_type=\"container\">\n\t\t\t\t\t<div class=\"e-con-inner\">\n\t\t<div data-particle_enable=\"false\" data-particle-mobile-disabled=\"false\" class=\"elementor-element elementor-element-2dbdd38 e-con-full e-flex e-con e-child\" data-id=\"2dbdd38\" data-element_type=\"container\">\n\t\t\t\t<div class=\"elementor-element elementor-element-3198d9c elementor-widget elementor-widget-heading\" data-id=\"3198d9c\" data-element_type=\"widget\" data-widget_type=\"heading.default\">\n\t\t\t\t<div class=\"elementor-widget-container\">\n\t\t\t\t\t<h2 class=\"elementor-heading-title elementor-size-default\"><a href=\"https:\/\/deliciaskitchen.com\/ensalada-de-tomate\/\" target=\"_blank\" rel=\"noopener\">Delicias Kitchen<\/a><\/h2>\t\t\t\t<\/div>\n\t\t\t\t<\/div>\n\t\t\t\t<div class=\"elementor-element elementor-element-d73ef19 elementor-widget-divider--view-line elementor-widget elementor-widget-divider\" data-id=\"d73ef19\" data-element_type=\"widget\" data-widget_type=\"divider.default\">\n\t\t\t\t<div class=\"elementor-widget-container\">\n\t\t\t\t\t\t\t<div class=\"elementor-divider\">\n\t\t\t<span class=\"elementor-divider-separator\">\n\t\t\t\t\t\t<\/span>\n\t\t<\/div>\n\t\t\t\t\t\t<\/div>\n\t\t\t\t<\/div>\n\t\t\t\t<div class=\"elementor-element elementor-element-4990155 elementor-widget__width-initial elementor-widget elementor-widget-heading\" data-id=\"4990155\" data-element_type=\"widget\" data-widget_type=\"heading.default\">\n\t\t\t\t<div class=\"elementor-widget-container\">\n\t\t\t\t\t<h3 class=\"elementor-heading-title elementor-size-default\"><a href=\"https:\/\/deliciaskitchen.com\/ensalada-de-tomate\/\" target=\"_blank\" rel=\"noopener\">The perfect tomato for vegan recipes<\/a><\/h3>\t\t\t\t<\/div>\n\t\t\t\t<\/div>\n\t\t\t\t<div class=\"elementor-element elementor-element-6f017ea elementor-widget__width-initial elementor-widget elementor-widget-heading\" data-id=\"6f017ea\" data-element_type=\"widget\" data-widget_type=\"heading.default\">\n\t\t\t\t<div class=\"elementor-widget-container\">\n\t\t\t\t\t<p class=\"elementor-heading-title elementor-size-default\"><a href=\"https:\/\/deliciaskitchen.com\/ensalada-de-tomate\/\" target=\"_blank\" rel=\"noopener\">The Delicias Kitchen vegan blog is one of our favourites for its original recipes with unique flavours, which are fresh and appetising at any time of the day. Check out their recommendations and especially this Monterosa salad with basil dressing!<\/a><\/p>\t\t\t\t<\/div>\n\t\t\t\t<\/div>\n\t\t\t\t<div class=\"elementor-element elementor-element-26bae87 elementor-widget__width-auto elementor-widget elementor-widget-heading\" data-id=\"26bae87\" data-element_type=\"widget\" data-widget_type=\"heading.default\">\n\t\t\t\t<div class=\"elementor-widget-container\">\n\t\t\t\t\t<p class=\"elementor-heading-title elementor-size-default\"><a href=\"https:\/\/deliciaskitchen.com\/ensalada-de-tomate\/\" target=\"_blank\" rel=\"noopener\">11 giugno 2021<\/a><\/p>\t\t\t\t<\/div>\n\t\t\t\t<\/div>\n\t\t\t\t<div class=\"elementor-element elementor-element-bfeb43e elementor-widget__width-auto elementor-widget elementor-widget-wd_button\" data-id=\"bfeb43e\" data-element_type=\"widget\" data-widget_type=\"wd_button.default\">\n\t\t\t\t<div class=\"elementor-widget-container\">\n\t\t\t\t\t\t\t<div class=\"wd-button-wrapper text-left\" >\n\t\t\t<a class=\"btn btn-style-link btn-shape- btn-size-extra-small btn-color-primary btn-icon-pos-right\" href=\"https:\/\/deliciaskitchen.com\/ensalada-de-tomate\/\" target=\"_blank\" rel=\"noopener\">\n\t\t\t\t<span class=\"wd-btn-text\" data-elementor-setting-key=\"text\">\n\t\t\t\t\tGo to the news\t\t\t\t<\/span>\n\n\t\t\t\t\t\t\t<\/a>\n\t\t<\/div>\n\t\t\t\t\t\t<\/div>\n\t\t\t\t<\/div>\n\t\t\t\t<\/div>\n\t\t<div data-particle_enable=\"false\" data-particle-mobile-disabled=\"false\" class=\"elementor-element elementor-element-8f7c502 e-con-full e-flex e-con e-child\" data-id=\"8f7c502\" data-element_type=\"container\">\n\t\t\t\t<div class=\"elementor-element elementor-element-9a01ad5 elementor-widget elementor-widget-heading\" data-id=\"9a01ad5\" data-element_type=\"widget\" data-widget_type=\"heading.default\">\n\t\t\t\t<div class=\"elementor-widget-container\">\n\t\t\t\t\t<h2 class=\"elementor-heading-title elementor-size-default\"><a href=\"https:\/\/www.tripadvisor.es\/LocationPhotoDirectLink-g187497-d1675109-i262387436-Ascent_Restaurant-Barcelona_Catalonia.html\" target=\"_blank\" rel=\"noopener\">TripAdvisor<\/a><\/h2>\t\t\t\t<\/div>\n\t\t\t\t<\/div>\n\t\t\t\t<div class=\"elementor-element elementor-element-f4932bc elementor-widget-divider--view-line elementor-widget elementor-widget-divider\" data-id=\"f4932bc\" data-element_type=\"widget\" data-widget_type=\"divider.default\">\n\t\t\t\t<div class=\"elementor-widget-container\">\n\t\t\t\t\t\t\t<div class=\"elementor-divider\">\n\t\t\t<span class=\"elementor-divider-separator\">\n\t\t\t\t\t\t<\/span>\n\t\t<\/div>\n\t\t\t\t\t\t<\/div>\n\t\t\t\t<\/div>\n\t\t\t\t<div class=\"elementor-element elementor-element-1dde56e elementor-widget__width-initial elementor-widget elementor-widget-heading\" data-id=\"1dde56e\" data-element_type=\"widget\" data-widget_type=\"heading.default\">\n\t\t\t\t<div class=\"elementor-widget-container\">\n\t\t\t\t\t<h3 class=\"elementor-heading-title elementor-size-default\"><a href=\"https:\/\/www.tripadvisor.es\/LocationPhotoDirectLink-g187497-d1675109-i262387436-Ascent_Restaurant-Barcelona_Catalonia.html\" target=\"_blank\" rel=\"noopener\">Monterosa tomato with Pyrenean cheese, grapes, hazelnuts and olive oil<\/a><\/h3>\t\t\t\t<\/div>\n\t\t\t\t<\/div>\n\t\t\t\t<div class=\"elementor-element elementor-element-7d29a84 elementor-widget__width-initial elementor-widget elementor-widget-heading\" data-id=\"7d29a84\" data-element_type=\"widget\" data-widget_type=\"heading.default\">\n\t\t\t\t<div class=\"elementor-widget-container\">\n\t\t\t\t\t<p class=\"elementor-heading-title elementor-size-default\"><a href=\"https:\/\/www.tripadvisor.es\/LocationPhotoDirectLink-g187497-d1675109-i262387436-Ascent_Restaurant-Barcelona_Catalonia.html\" target=\"_blank\" rel=\"noopener\">The kitchen team at Ascent Restaurant in Barcelona likes to work with authentic and local produce, which is why they have chosen our tomato for this succulent dish. Who could resist trying it?<\/a><\/p>\t\t\t\t<\/div>\n\t\t\t\t<\/div>\n\t\t\t\t<div class=\"elementor-element elementor-element-1e3efa4 elementor-widget__width-auto elementor-widget elementor-widget-heading\" data-id=\"1e3efa4\" data-element_type=\"widget\" data-widget_type=\"heading.default\">\n\t\t\t\t<div class=\"elementor-widget-container\">\n\t\t\t\t\t<p class=\"elementor-heading-title elementor-size-default\"><a href=\"https:\/\/www.tripadvisor.es\/LocationPhotoDirectLink-g187497-d1675109-i262387436-Ascent_Restaurant-Barcelona_Catalonia.html\" rel=\"noopener\">29 may 2021<\/a><\/p>\t\t\t\t<\/div>\n\t\t\t\t<\/div>\n\t\t\t\t<div class=\"elementor-element elementor-element-1796c2e elementor-widget__width-auto elementor-widget elementor-widget-wd_button\" data-id=\"1796c2e\" data-element_type=\"widget\" data-widget_type=\"wd_button.default\">\n\t\t\t\t<div class=\"elementor-widget-container\">\n\t\t\t\t\t\t\t<div class=\"wd-button-wrapper text-left\" >\n\t\t\t<a class=\"btn btn-style-link btn-shape- btn-size-extra-small btn-color-primary btn-icon-pos-right\" href=\"https:\/\/www.tripadvisor.es\/LocationPhotoDirectLink-g187497-d1675109-i262387436-Ascent_Restaurant-Barcelona_Catalonia.html\" rel=\"noopener\">\n\t\t\t\t<span class=\"wd-btn-text\" data-elementor-setting-key=\"text\">\n\t\t\t\t\tGo to the news\t\t\t\t<\/span>\n\n\t\t\t\t\t\t\t<\/a>\n\t\t<\/div>\n\t\t\t\t\t\t<\/div>\n\t\t\t\t<\/div>\n\t\t\t\t<\/div>\n\t\t<div data-particle_enable=\"false\" data-particle-mobile-disabled=\"false\" class=\"elementor-element elementor-element-d605c0f e-con-full e-flex e-con e-child\" data-id=\"d605c0f\" data-element_type=\"container\">\n\t\t\t\t<div class=\"elementor-element elementor-element-6cc5882 elementor-widget elementor-widget-heading\" data-id=\"6cc5882\" data-element_type=\"widget\" data-widget_type=\"heading.default\">\n\t\t\t\t<div class=\"elementor-widget-container\">\n\t\t\t\t\t<h2 class=\"elementor-heading-title elementor-size-default\"><a href=\"https:\/\/www.cobelen.es\/es\/vida-sana\/recetas\/ensalada-burrata-italiana-tomate-monterosa-sal-aceitunas-negras\/\" target=\"_blank\" rel=\"noopener\">Cobelen<\/a><\/h2>\t\t\t\t<\/div>\n\t\t\t\t<\/div>\n\t\t\t\t<div class=\"elementor-element elementor-element-60f6ddb elementor-widget-divider--view-line elementor-widget elementor-widget-divider\" data-id=\"60f6ddb\" data-element_type=\"widget\" data-widget_type=\"divider.default\">\n\t\t\t\t<div class=\"elementor-widget-container\">\n\t\t\t\t\t\t\t<div class=\"elementor-divider\">\n\t\t\t<span class=\"elementor-divider-separator\">\n\t\t\t\t\t\t<\/span>\n\t\t<\/div>\n\t\t\t\t\t\t<\/div>\n\t\t\t\t<\/div>\n\t\t\t\t<div class=\"elementor-element elementor-element-9c2a0f2 elementor-widget__width-initial elementor-widget elementor-widget-heading\" data-id=\"9c2a0f2\" data-element_type=\"widget\" data-widget_type=\"heading.default\">\n\t\t\t\t<div class=\"elementor-widget-container\">\n\t\t\t\t\t<h3 class=\"elementor-heading-title elementor-size-default\"><a href=\"https:\/\/www.cobelen.es\/es\/vida-sana\/recetas\/ensalada-burrata-italiana-tomate-monterosa-sal-aceitunas-negras\/\" target=\"_blank\" rel=\"noopener\">Olives and tomato<\/a><\/h3>\t\t\t\t<\/div>\n\t\t\t\t<\/div>\n\t\t\t\t<div class=\"elementor-element elementor-element-6b10ada elementor-widget__width-initial elementor-widget elementor-widget-heading\" data-id=\"6b10ada\" data-element_type=\"widget\" data-widget_type=\"heading.default\">\n\t\t\t\t<div class=\"elementor-widget-container\">\n\t\t\t\t\t<p class=\"elementor-heading-title elementor-size-default\"><a href=\"https:\/\/www.cobelen.es\/es\/vida-sana\/recetas\/ensalada-burrata-italiana-tomate-monterosa-sal-aceitunas-negras\/\" target=\"_blank\" rel=\"noopener\">Olives and tomato, the perfect combination since ancient times... and in the Cooperativa Virgen de Bel\u00e9n in Seville they know this very well, so we encourage you not to miss their recommended recipe. You'll be licking your fingers!<\/a><\/p>\t\t\t\t<\/div>\n\t\t\t\t<\/div>\n\t\t\t\t<div class=\"elementor-element elementor-element-6f06766 elementor-widget-divider--view-line elementor-widget elementor-widget-divider\" data-id=\"6f06766\" data-element_type=\"widget\" data-widget_type=\"divider.default\">\n\t\t\t\t<div class=\"elementor-widget-container\">\n\t\t\t\t\t\t\t<div class=\"elementor-divider\">\n\t\t\t<span class=\"elementor-divider-separator\">\n\t\t\t\t\t\t<\/span>\n\t\t<\/div>\n\t\t\t\t\t\t<\/div>\n\t\t\t\t<\/div>\n\t\t\t\t<div class=\"elementor-element elementor-element-46d63a9 elementor-widget__width-auto elementor-widget elementor-widget-heading\" data-id=\"46d63a9\" data-element_type=\"widget\" data-widget_type=\"heading.default\">\n\t\t\t\t<div class=\"elementor-widget-container\">\n\t\t\t\t\t<p class=\"elementor-heading-title elementor-size-default\"><a href=\"https:\/\/www.cobelen.es\/es\/vida-sana\/recetas\/ensalada-burrata-italiana-tomate-monterosa-sal-aceitunas-negras\/\" rel=\"noopener\">15 july 2021<\/a><\/p>\t\t\t\t<\/div>\n\t\t\t\t<\/div>\n\t\t\t\t<div class=\"elementor-element elementor-element-b348fac elementor-widget__width-auto elementor-widget elementor-widget-wd_button\" data-id=\"b348fac\" data-element_type=\"widget\" data-widget_type=\"wd_button.default\">\n\t\t\t\t<div class=\"elementor-widget-container\">\n\t\t\t\t\t\t\t<div class=\"wd-button-wrapper text-left\" >\n\t\t\t<a class=\"btn btn-style-link btn-shape- btn-size-extra-small btn-color-primary btn-icon-pos-right\" href=\"https:\/\/www.cobelen.es\/es\/vida-sana\/recetas\/ensalada-burrata-italiana-tomate-monterosa-sal-aceitunas-negras\/\" rel=\"noopener\">\n\t\t\t\t<span class=\"wd-btn-text\" data-elementor-setting-key=\"text\">\n\t\t\t\t\tGo to the news\t\t\t\t<\/span>\n\n\t\t\t\t\t\t\t<\/a>\n\t\t<\/div>\n\t\t\t\t\t\t<\/div>\n\t\t\t\t<\/div>\n\t\t\t\t<\/div>\n\t\t\t\t\t<\/div>\n\t\t\t\t<\/div>\n\t\t<div data-particle_enable=\"false\" data-particle-mobile-disabled=\"false\" class=\"wd-negative-gap elementor-element elementor-element-a9a66af e-flex e-con-boxed e-con e-parent\" data-id=\"a9a66af\" data-element_type=\"container\">\n\t\t\t\t\t<div class=\"e-con-inner\">\n\t\t<div data-particle_enable=\"false\" data-particle-mobile-disabled=\"false\" class=\"elementor-element elementor-element-381a02e e-con-full e-flex e-con e-child\" data-id=\"381a02e\" data-element_type=\"container\">\n\t\t\t\t<div class=\"elementor-element elementor-element-31e9cd4 elementor-widget elementor-widget-heading\" data-id=\"31e9cd4\" data-element_type=\"widget\" data-widget_type=\"heading.default\">\n\t\t\t\t<div class=\"elementor-widget-container\">\n\t\t\t\t\t<h2 class=\"elementor-heading-title elementor-size-default\"><a href=\"https:\/\/www.fruitbookmagazine.it\/fito-foodture-a-marca-fresh-2020-come-innovare-lungo-la-filiera-delle-orticole\/\" target=\"_blank\" rel=\"noopener\">Fruitbook Magazine<\/a><\/h2>\t\t\t\t<\/div>\n\t\t\t\t<\/div>\n\t\t\t\t<div class=\"elementor-element elementor-element-426e6e9 elementor-widget-divider--view-line elementor-widget elementor-widget-divider\" data-id=\"426e6e9\" data-element_type=\"widget\" data-widget_type=\"divider.default\">\n\t\t\t\t<div class=\"elementor-widget-container\">\n\t\t\t\t\t\t\t<div class=\"elementor-divider\">\n\t\t\t<span class=\"elementor-divider-separator\">\n\t\t\t\t\t\t<\/span>\n\t\t<\/div>\n\t\t\t\t\t\t<\/div>\n\t\t\t\t<\/div>\n\t\t\t\t<div class=\"elementor-element elementor-element-215fdea elementor-widget__width-initial elementor-widget elementor-widget-heading\" data-id=\"215fdea\" data-element_type=\"widget\" data-widget_type=\"heading.default\">\n\t\t\t\t<div class=\"elementor-widget-container\">\n\t\t\t\t\t<h3 class=\"elementor-heading-title elementor-size-default\"><a href=\"https:\/\/www.fruitbookmagazine.it\/fito-foodture-a-marca-fresh-2020-come-innovare-lungo-la-filiera-delle-orticole\/\" target=\"_blank\" rel=\"noopener\">Fit\u00f3 Foodture at Fresh Marca 2020: <\/a><\/h3>\t\t\t\t<\/div>\n\t\t\t\t<\/div>\n\t\t\t\t<div class=\"elementor-element elementor-element-a9e5f39 elementor-widget__width-initial elementor-widget elementor-widget-heading\" data-id=\"a9e5f39\" data-element_type=\"widget\" data-widget_type=\"heading.default\">\n\t\t\t\t<div class=\"elementor-widget-container\">\n\t\t\t\t\t<p class=\"elementor-heading-title elementor-size-default\"><a href=\"https:\/\/www.fruitbookmagazine.it\/fito-foodture-a-marca-fresh-2020-come-innovare-lungo-la-filiera-delle-orticole\/\" target=\"_blank\" rel=\"noopener\">Innovation throughout the fruit and vegetable production chain (IT)<\/a><\/p>\t\t\t\t<\/div>\n\t\t\t\t<\/div>\n\t\t\t\t<div class=\"elementor-element elementor-element-b39d307 elementor-widget__width-auto elementor-widget elementor-widget-heading\" data-id=\"b39d307\" data-element_type=\"widget\" data-widget_type=\"heading.default\">\n\t\t\t\t<div class=\"elementor-widget-container\">\n\t\t\t\t\t<p class=\"elementor-heading-title elementor-size-default\"><a href=\"https:\/\/www.fruitbookmagazine.it\/fito-foodture-a-marca-fresh-2020-come-innovare-lungo-la-filiera-delle-orticole\/\" target=\"_blank\" rel=\"noopener\">21 Jan 2020<\/a><\/p>\t\t\t\t<\/div>\n\t\t\t\t<\/div>\n\t\t\t\t<div class=\"elementor-element elementor-element-8b34ff2 elementor-widget__width-auto elementor-widget elementor-widget-wd_button\" data-id=\"8b34ff2\" data-element_type=\"widget\" data-widget_type=\"wd_button.default\">\n\t\t\t\t<div class=\"elementor-widget-container\">\n\t\t\t\t\t\t\t<div class=\"wd-button-wrapper text-left\" >\n\t\t\t<a class=\"btn btn-style-link btn-shape- btn-size-extra-small btn-color-primary btn-icon-pos-right\" href=\"https:\/\/www.fruitbookmagazine.it\/fito-foodture-a-marca-fresh-2020-come-innovare-lungo-la-filiera-delle-orticole\/\" target=\"_blank\" rel=\"noopener\">\n\t\t\t\t<span class=\"wd-btn-text\" data-elementor-setting-key=\"text\">\n\t\t\t\t\tGo to the news\t\t\t\t<\/span>\n\n\t\t\t\t\t\t\t<\/a>\n\t\t<\/div>\n\t\t\t\t\t\t<\/div>\n\t\t\t\t<\/div>\n\t\t\t\t<\/div>\n\t\t<div data-particle_enable=\"false\" data-particle-mobile-disabled=\"false\" class=\"elementor-element elementor-element-75c42c9 e-con-full e-flex e-con e-child\" data-id=\"75c42c9\" data-element_type=\"container\">\n\t\t\t\t<div class=\"elementor-element elementor-element-c19b907 elementor-widget elementor-widget-heading\" data-id=\"c19b907\" data-element_type=\"widget\" data-widget_type=\"heading.default\">\n\t\t\t\t<div class=\"elementor-widget-container\">\n\t\t\t\t\t<h2 class=\"elementor-heading-title elementor-size-default\"><a href=\"https:\/\/www.fruitbookmagazine.it\/il-pomodoro-monterosa-va-alla-conquista-del-mercato-italiano\/\" target=\"_blank\" rel=\"noopener\">Fruitbook Magazine<\/a><\/h2>\t\t\t\t<\/div>\n\t\t\t\t<\/div>\n\t\t\t\t<div class=\"elementor-element elementor-element-30b0e90 elementor-widget-divider--view-line elementor-widget elementor-widget-divider\" data-id=\"30b0e90\" data-element_type=\"widget\" data-widget_type=\"divider.default\">\n\t\t\t\t<div class=\"elementor-widget-container\">\n\t\t\t\t\t\t\t<div class=\"elementor-divider\">\n\t\t\t<span class=\"elementor-divider-separator\">\n\t\t\t\t\t\t<\/span>\n\t\t<\/div>\n\t\t\t\t\t\t<\/div>\n\t\t\t\t<\/div>\n\t\t\t\t<div class=\"elementor-element elementor-element-ea8b943 elementor-widget__width-initial elementor-widget elementor-widget-heading\" data-id=\"ea8b943\" data-element_type=\"widget\" data-widget_type=\"heading.default\">\n\t\t\t\t<div class=\"elementor-widget-container\">\n\t\t\t\t\t<h3 class=\"elementor-heading-title elementor-size-default\"><a href=\"https:\/\/www.fruitbookmagazine.it\/il-pomodoro-monterosa-va-alla-conquista-del-mercato-italiano\/\" target=\"_blank\" rel=\"noopener\">The Monterosa tomato arrives to conquer the Italian market (IT)<\/a><\/h3>\t\t\t\t<\/div>\n\t\t\t\t<\/div>\n\t\t\t\t<div class=\"elementor-element elementor-element-c113b09 elementor-widget-divider--view-line elementor-widget elementor-widget-divider\" data-id=\"c113b09\" data-element_type=\"widget\" data-widget_type=\"divider.default\">\n\t\t\t\t<div class=\"elementor-widget-container\">\n\t\t\t\t\t\t\t<div class=\"elementor-divider\">\n\t\t\t<span class=\"elementor-divider-separator\">\n\t\t\t\t\t\t<\/span>\n\t\t<\/div>\n\t\t\t\t\t\t<\/div>\n\t\t\t\t<\/div>\n\t\t\t\t<div class=\"elementor-element elementor-element-b3bf20d elementor-widget__width-auto elementor-widget elementor-widget-heading\" data-id=\"b3bf20d\" data-element_type=\"widget\" data-widget_type=\"heading.default\">\n\t\t\t\t<div class=\"elementor-widget-container\">\n\t\t\t\t\t<p class=\"elementor-heading-title elementor-size-default\"><a href=\"https:\/\/www.fruitbookmagazine.it\/il-pomodoro-monterosa-va-alla-conquista-del-mercato-italiano\/\" rel=\"noopener\">29 Nov 2019<\/a><\/p>\t\t\t\t<\/div>\n\t\t\t\t<\/div>\n\t\t\t\t<div class=\"elementor-element elementor-element-fa055a4 elementor-widget__width-auto elementor-widget elementor-widget-wd_button\" data-id=\"fa055a4\" data-element_type=\"widget\" data-widget_type=\"wd_button.default\">\n\t\t\t\t<div class=\"elementor-widget-container\">\n\t\t\t\t\t\t\t<div class=\"wd-button-wrapper text-left\" >\n\t\t\t<a class=\"btn btn-style-link btn-shape- btn-size-extra-small btn-color-primary btn-icon-pos-right\" href=\"https:\/\/www.fruitbookmagazine.it\/il-pomodoro-monterosa-va-alla-conquista-del-mercato-italiano\/\" rel=\"noopener\">\n\t\t\t\t<span class=\"wd-btn-text\" data-elementor-setting-key=\"text\">\n\t\t\t\t\tGo to the news\t\t\t\t<\/span>\n\n\t\t\t\t\t\t\t<\/a>\n\t\t<\/div>\n\t\t\t\t\t\t<\/div>\n\t\t\t\t<\/div>\n\t\t\t\t<\/div>\n\t\t<div data-particle_enable=\"false\" data-particle-mobile-disabled=\"false\" class=\"elementor-element elementor-element-9afc0da e-con-full e-flex e-con e-child\" data-id=\"9afc0da\" data-element_type=\"container\">\n\t\t\t\t<div class=\"elementor-element elementor-element-f4a03b2 elementor-widget elementor-widget-heading\" data-id=\"f4a03b2\" data-element_type=\"widget\" data-widget_type=\"heading.default\">\n\t\t\t\t<div class=\"elementor-widget-container\">\n\t\t\t\t\t<h2 class=\"elementor-heading-title elementor-size-default\"><a href=\"http:\/\/www.corriereortofrutticolo.it\/2019\/11\/28\/semillas-fito-insiste-sullitalia-con-sito-web-dedicato-al-pomodoro-monterosa\/\" rel=\"noopener\">Corriereortofutticolo<\/a><\/h2>\t\t\t\t<\/div>\n\t\t\t\t<\/div>\n\t\t\t\t<div class=\"elementor-element elementor-element-12492ef elementor-widget-divider--view-line elementor-widget elementor-widget-divider\" data-id=\"12492ef\" data-element_type=\"widget\" data-widget_type=\"divider.default\">\n\t\t\t\t<div class=\"elementor-widget-container\">\n\t\t\t\t\t\t\t<div class=\"elementor-divider\">\n\t\t\t<span class=\"elementor-divider-separator\">\n\t\t\t\t\t\t<\/span>\n\t\t<\/div>\n\t\t\t\t\t\t<\/div>\n\t\t\t\t<\/div>\n\t\t\t\t<div class=\"elementor-element elementor-element-b033d8a elementor-widget__width-initial elementor-widget elementor-widget-heading\" data-id=\"b033d8a\" data-element_type=\"widget\" data-widget_type=\"heading.default\">\n\t\t\t\t<div class=\"elementor-widget-container\">\n\t\t\t\t\t<h3 class=\"elementor-heading-title elementor-size-default\"><a href=\"http:\/\/www.corriereortofrutticolo.it\/2019\/11\/28\/semillas-fito-insiste-sullitalia-con-sito-web-dedicato-al-pomodoro-monterosa\/\" target=\"_blank\" rel=\"noopener\">Semillas Fit\u00f3 demonstrates its interest in Italy with a website dedicated to the Monterosa tomato (IT)<\/a><\/h3>\t\t\t\t<\/div>\n\t\t\t\t<\/div>\n\t\t\t\t<div class=\"elementor-element elementor-element-a6d71c0 elementor-widget__width-auto elementor-widget elementor-widget-heading\" data-id=\"a6d71c0\" data-element_type=\"widget\" data-widget_type=\"heading.default\">\n\t\t\t\t<div class=\"elementor-widget-container\">\n\t\t\t\t\t<p class=\"elementor-heading-title elementor-size-default\"><a href=\"http:\/\/www.corriereortofrutticolo.it\/2019\/11\/28\/semillas-fito-insiste-sullitalia-con-sito-web-dedicato-al-pomodoro-monterosa\/\" target=\"_blank\" rel=\"noopener\">28 Nov 2019<\/a><\/p>\t\t\t\t<\/div>\n\t\t\t\t<\/div>\n\t\t\t\t<div class=\"elementor-element elementor-element-6e22d6f elementor-widget__width-auto elementor-widget elementor-widget-wd_button\" data-id=\"6e22d6f\" data-element_type=\"widget\" data-widget_type=\"wd_button.default\">\n\t\t\t\t<div class=\"elementor-widget-container\">\n\t\t\t\t\t\t\t<div class=\"wd-button-wrapper text-left\" >\n\t\t\t<a class=\"btn btn-style-link btn-shape- btn-size-extra-small btn-color-primary btn-icon-pos-right\" href=\"http:\/\/www.corriereortofrutticolo.it\/2019\/11\/28\/semillas-fito-insiste-sullitalia-con-sito-web-dedicato-al-pomodoro-monterosa\/\" target=\"_blank\" rel=\"noopener\">\n\t\t\t\t<span class=\"wd-btn-text\" data-elementor-setting-key=\"text\">\n\t\t\t\t\tGo to the news\t\t\t\t<\/span>\n\n\t\t\t\t\t\t\t<\/a>\n\t\t<\/div>\n\t\t\t\t\t\t<\/div>\n\t\t\t\t<\/div>\n\t\t\t\t<\/div>\n\t\t\t\t\t<\/div>\n\t\t\t\t<\/div>\n\t\t<div data-particle_enable=\"false\" data-particle-mobile-disabled=\"false\" class=\"wd-negative-gap elementor-element elementor-element-abcc5e7 e-flex e-con-boxed e-con e-parent\" data-id=\"abcc5e7\" data-element_type=\"container\">\n\t\t\t\t\t<div class=\"e-con-inner\">\n\t\t<div data-particle_enable=\"false\" data-particle-mobile-disabled=\"false\" class=\"elementor-element elementor-element-718470d e-con-full e-flex e-con e-child\" data-id=\"718470d\" data-element_type=\"container\">\n\t\t\t\t<div class=\"elementor-element elementor-element-16fcaab elementor-widget elementor-widget-heading\" data-id=\"16fcaab\" data-element_type=\"widget\" data-widget_type=\"heading.default\">\n\t\t\t\t<div class=\"elementor-widget-container\">\n\t\t\t\t\t<h2 class=\"elementor-heading-title elementor-size-default\"><a href=\"https:\/\/www.freshplaza.it\/article\/4092759\/arriva-anche-in-italia-il-pomodoro-monterosa-attrattivo-fuori-gustoso-dentro\/\" target=\"_blank\" rel=\"noopener\">Fresh Plaza<\/a><\/h2>\t\t\t\t<\/div>\n\t\t\t\t<\/div>\n\t\t\t\t<div class=\"elementor-element elementor-element-a09b318 elementor-widget-divider--view-line elementor-widget elementor-widget-divider\" data-id=\"a09b318\" data-element_type=\"widget\" data-widget_type=\"divider.default\">\n\t\t\t\t<div class=\"elementor-widget-container\">\n\t\t\t\t\t\t\t<div class=\"elementor-divider\">\n\t\t\t<span class=\"elementor-divider-separator\">\n\t\t\t\t\t\t<\/span>\n\t\t<\/div>\n\t\t\t\t\t\t<\/div>\n\t\t\t\t<\/div>\n\t\t\t\t<div class=\"elementor-element elementor-element-1c2d395 elementor-widget__width-initial elementor-widget elementor-widget-heading\" data-id=\"1c2d395\" data-element_type=\"widget\" data-widget_type=\"heading.default\">\n\t\t\t\t<div class=\"elementor-widget-container\">\n\t\t\t\t\t<h3 class=\"elementor-heading-title elementor-size-default\"><a href=\"https:\/\/www.freshplaza.it\/article\/4092759\/arriva-anche-in-italia-il-pomodoro-monterosa-attrattivo-fuori-gustoso-dentro\/\" target=\"_blank\" rel=\"noopener\">The Monterosa tomato has also arrived in Italy: beautiful on the outside, tasty on the inside (IT)<\/a><\/h3>\t\t\t\t<\/div>\n\t\t\t\t<\/div>\n\t\t\t\t<div class=\"elementor-element elementor-element-1174715 elementor-widget-divider--view-line elementor-widget elementor-widget-divider\" data-id=\"1174715\" data-element_type=\"widget\" data-widget_type=\"divider.default\">\n\t\t\t\t<div class=\"elementor-widget-container\">\n\t\t\t\t\t\t\t<div class=\"elementor-divider\">\n\t\t\t<span class=\"elementor-divider-separator\">\n\t\t\t\t\t\t<\/span>\n\t\t<\/div>\n\t\t\t\t\t\t<\/div>\n\t\t\t\t<\/div>\n\t\t\t\t<div class=\"elementor-element elementor-element-e2fd77d elementor-widget__width-auto elementor-widget elementor-widget-heading\" data-id=\"e2fd77d\" data-element_type=\"widget\" data-widget_type=\"heading.default\">\n\t\t\t\t<div class=\"elementor-widget-container\">\n\t\t\t\t\t<p class=\"elementor-heading-title elementor-size-default\"><a href=\"https:\/\/www.freshplaza.it\/article\/4092759\/arriva-anche-in-italia-il-pomodoro-monterosa-attrattivo-fuori-gustoso-dentro\/\" target=\"_blank\" rel=\"noopener\">21 Nov 2019<\/a><\/p>\t\t\t\t<\/div>\n\t\t\t\t<\/div>\n\t\t\t\t<div class=\"elementor-element elementor-element-79aad11 elementor-widget__width-auto elementor-widget elementor-widget-wd_button\" data-id=\"79aad11\" data-element_type=\"widget\" data-widget_type=\"wd_button.default\">\n\t\t\t\t<div class=\"elementor-widget-container\">\n\t\t\t\t\t\t\t<div class=\"wd-button-wrapper text-left\" >\n\t\t\t<a class=\"btn btn-style-link btn-shape- btn-size-extra-small btn-color-primary btn-icon-pos-right\" href=\"https:\/\/www.freshplaza.it\/article\/4092759\/arriva-anche-in-italia-il-pomodoro-monterosa-attrattivo-fuori-gustoso-dentro\/\" target=\"_blank\" rel=\"noopener\">\n\t\t\t\t<span class=\"wd-btn-text\" data-elementor-setting-key=\"text\">\n\t\t\t\t\tGo to the news\t\t\t\t<\/span>\n\n\t\t\t\t\t\t\t<\/a>\n\t\t<\/div>\n\t\t\t\t\t\t<\/div>\n\t\t\t\t<\/div>\n\t\t\t\t<\/div>\n\t\t<div data-particle_enable=\"false\" data-particle-mobile-disabled=\"false\" class=\"elementor-element elementor-element-060422b e-con-full e-flex e-con e-child\" data-id=\"060422b\" data-element_type=\"container\">\n\t\t\t\t<div class=\"elementor-element elementor-element-7bd0733 elementor-widget elementor-widget-heading\" data-id=\"7bd0733\" data-element_type=\"widget\" data-widget_type=\"heading.default\">\n\t\t\t\t<div class=\"elementor-widget-container\">\n\t\t\t\t\t<h2 class=\"elementor-heading-title elementor-size-default\"><a href=\"https:\/\/www.myfruit.it\/aziende\/2019\/05\/gusto-identita-la-filosofia-foodture-semillas-fito.html\" target=\"_blank\" rel=\"noopener\">My Fruit<\/a><\/h2>\t\t\t\t<\/div>\n\t\t\t\t<\/div>\n\t\t\t\t<div class=\"elementor-element elementor-element-da4e2f4 elementor-widget-divider--view-line elementor-widget elementor-widget-divider\" data-id=\"da4e2f4\" data-element_type=\"widget\" data-widget_type=\"divider.default\">\n\t\t\t\t<div class=\"elementor-widget-container\">\n\t\t\t\t\t\t\t<div class=\"elementor-divider\">\n\t\t\t<span class=\"elementor-divider-separator\">\n\t\t\t\t\t\t<\/span>\n\t\t<\/div>\n\t\t\t\t\t\t<\/div>\n\t\t\t\t<\/div>\n\t\t\t\t<div class=\"elementor-element elementor-element-58b381f elementor-widget__width-initial elementor-widget elementor-widget-heading\" data-id=\"58b381f\" data-element_type=\"widget\" data-widget_type=\"heading.default\">\n\t\t\t\t<div class=\"elementor-widget-container\">\n\t\t\t\t\t<h3 class=\"elementor-heading-title elementor-size-default\"><a href=\"https:\/\/www.myfruit.it\/aziende\/2019\/05\/gusto-identita-la-filosofia-foodture-semillas-fito.html\" target=\"_blank\" rel=\"noopener\">Flavour and identity: the \"Foodture\" philosophy of Semillas Fit\u00f3 (IT)<\/a><\/h3>\t\t\t\t<\/div>\n\t\t\t\t<\/div>\n\t\t\t\t<div class=\"elementor-element elementor-element-661967c elementor-widget-divider--view-line elementor-widget elementor-widget-divider\" data-id=\"661967c\" data-element_type=\"widget\" data-widget_type=\"divider.default\">\n\t\t\t\t<div class=\"elementor-widget-container\">\n\t\t\t\t\t\t\t<div class=\"elementor-divider\">\n\t\t\t<span class=\"elementor-divider-separator\">\n\t\t\t\t\t\t<\/span>\n\t\t<\/div>\n\t\t\t\t\t\t<\/div>\n\t\t\t\t<\/div>\n\t\t\t\t<div class=\"elementor-element elementor-element-a5e7cd3 elementor-widget__width-auto elementor-widget elementor-widget-heading\" data-id=\"a5e7cd3\" data-element_type=\"widget\" data-widget_type=\"heading.default\">\n\t\t\t\t<div class=\"elementor-widget-container\">\n\t\t\t\t\t<p class=\"elementor-heading-title elementor-size-default\"><a href=\"https:\/\/www.myfruit.it\/aziende\/2019\/05\/gusto-identita-la-filosofia-foodture-semillas-fito.html\" target=\"_blank\" rel=\"noopener\">21 nov 2019<\/a><\/p>\t\t\t\t<\/div>\n\t\t\t\t<\/div>\n\t\t\t\t<div class=\"elementor-element elementor-element-8314848 elementor-widget__width-auto elementor-widget elementor-widget-wd_button\" data-id=\"8314848\" data-element_type=\"widget\" data-widget_type=\"wd_button.default\">\n\t\t\t\t<div class=\"elementor-widget-container\">\n\t\t\t\t\t\t\t<div class=\"wd-button-wrapper text-left\" >\n\t\t\t<a class=\"btn btn-style-link btn-shape- btn-size-extra-small btn-color-primary btn-icon-pos-right\" href=\"https:\/\/www.myfruit.it\/aziende\/2019\/05\/gusto-identita-la-filosofia-foodture-semillas-fito.html\" target=\"_blank\" rel=\"noopener\">\n\t\t\t\t<span class=\"wd-btn-text\" data-elementor-setting-key=\"text\">\n\t\t\t\t\tGo to the news\t\t\t\t<\/span>\n\n\t\t\t\t\t\t\t<\/a>\n\t\t<\/div>\n\t\t\t\t\t\t<\/div>\n\t\t\t\t<\/div>\n\t\t\t\t<\/div>\n\t\t<div data-particle_enable=\"false\" data-particle-mobile-disabled=\"false\" class=\"elementor-element elementor-element-fab15f1 e-con-full e-flex e-con e-child\" data-id=\"fab15f1\" data-element_type=\"container\">\n\t\t\t\t<div class=\"elementor-element elementor-element-7dd8636 elementor-widget elementor-widget-heading\" data-id=\"7dd8636\" data-element_type=\"widget\" data-widget_type=\"heading.default\">\n\t\t\t\t<div class=\"elementor-widget-container\">\n\t\t\t\t\t<h2 class=\"elementor-heading-title elementor-size-default\"><a href=\"https:\/\/www.fruitgourmet.it\/2019\/10\/pomodori-premium-monterosa\/\" target=\"_blank\" rel=\"noopener\">FruitGourmet<\/a><\/h2>\t\t\t\t<\/div>\n\t\t\t\t<\/div>\n\t\t\t\t<div class=\"elementor-element elementor-element-0bf57f1 elementor-widget-divider--view-line elementor-widget elementor-widget-divider\" data-id=\"0bf57f1\" data-element_type=\"widget\" data-widget_type=\"divider.default\">\n\t\t\t\t<div class=\"elementor-widget-container\">\n\t\t\t\t\t\t\t<div class=\"elementor-divider\">\n\t\t\t<span class=\"elementor-divider-separator\">\n\t\t\t\t\t\t<\/span>\n\t\t<\/div>\n\t\t\t\t\t\t<\/div>\n\t\t\t\t<\/div>\n\t\t\t\t<div class=\"elementor-element elementor-element-69857c3 elementor-widget__width-initial elementor-widget elementor-widget-heading\" data-id=\"69857c3\" data-element_type=\"widget\" data-widget_type=\"heading.default\">\n\t\t\t\t<div class=\"elementor-widget-container\">\n\t\t\t\t\t<h3 class=\"elementor-heading-title elementor-size-default\"><a href=\"https:\/\/www.fruitgourmet.it\/2019\/10\/pomodori-premium-monterosa\/\" target=\"_blank\" rel=\"noopener\">Beautiful on the outside and delicious on the inside: the 4 premium tomatoes<\/a><\/h3>\t\t\t\t<\/div>\n\t\t\t\t<\/div>\n\t\t\t\t<div class=\"elementor-element elementor-element-30eeaf7 elementor-widget-divider--view-line elementor-widget elementor-widget-divider\" data-id=\"30eeaf7\" data-element_type=\"widget\" data-widget_type=\"divider.default\">\n\t\t\t\t<div class=\"elementor-widget-container\">\n\t\t\t\t\t\t\t<div class=\"elementor-divider\">\n\t\t\t<span class=\"elementor-divider-separator\">\n\t\t\t\t\t\t<\/span>\n\t\t<\/div>\n\t\t\t\t\t\t<\/div>\n\t\t\t\t<\/div>\n\t\t\t\t<div class=\"elementor-element elementor-element-c4137e8 elementor-widget__width-auto elementor-widget elementor-widget-heading\" data-id=\"c4137e8\" data-element_type=\"widget\" data-widget_type=\"heading.default\">\n\t\t\t\t<div class=\"elementor-widget-container\">\n\t\t\t\t\t<p class=\"elementor-heading-title elementor-size-default\"><a href=\"https:\/\/www.fruitgourmet.it\/2019\/10\/pomodori-premium-monterosa\/\" target=\"_blank\" rel=\"noopener\">20 nov 2019<\/a><\/p>\t\t\t\t<\/div>\n\t\t\t\t<\/div>\n\t\t\t\t<div class=\"elementor-element elementor-element-4c94a6c elementor-widget__width-auto elementor-widget elementor-widget-wd_button\" data-id=\"4c94a6c\" data-element_type=\"widget\" data-widget_type=\"wd_button.default\">\n\t\t\t\t<div class=\"elementor-widget-container\">\n\t\t\t\t\t\t\t<div class=\"wd-button-wrapper text-left\" >\n\t\t\t<a class=\"btn btn-style-link btn-shape- btn-size-extra-small btn-color-primary btn-icon-pos-right\" href=\"https:\/\/www.fruitgourmet.it\/2019\/10\/pomodori-premium-monterosa\/\" target=\"_blank\" rel=\"noopener\">\n\t\t\t\t<span class=\"wd-btn-text\" data-elementor-setting-key=\"text\">\n\t\t\t\t\tGo to the news\t\t\t\t<\/span>\n\n\t\t\t\t\t\t\t<\/a>\n\t\t<\/div>\n\t\t\t\t\t\t<\/div>\n\t\t\t\t<\/div>\n\t\t\t\t<\/div>\n\t\t\t\t\t<\/div>\n\t\t\t\t<\/div>\n\t\t<div data-particle_enable=\"false\" data-particle-mobile-disabled=\"false\" class=\"wd-negative-gap elementor-element elementor-element-781cde0 e-flex e-con-boxed e-con e-parent\" data-id=\"781cde0\" data-element_type=\"container\">\n\t\t\t\t\t<div class=\"e-con-inner\">\n\t\t<div data-particle_enable=\"false\" data-particle-mobile-disabled=\"false\" class=\"elementor-element elementor-element-586c52d e-con-full e-flex e-con e-child\" data-id=\"586c52d\" data-element_type=\"container\">\n\t\t\t\t<div class=\"elementor-element elementor-element-86f1bf4 elementor-widget elementor-widget-heading\" data-id=\"86f1bf4\" data-element_type=\"widget\" data-widget_type=\"heading.default\">\n\t\t\t\t<div class=\"elementor-widget-container\">\n\t\t\t\t\t<h2 class=\"elementor-heading-title elementor-size-default\"><a href=\"https:\/\/www.fruitbookmagazine.it\/fruit-attraction-2019-ecco-tutte-le-novita-dellinnovation-hub-sei-sono-italiane\/\" target=\"_blank\" rel=\"noopener\">Fruitbook Magazine<\/a><\/h2>\t\t\t\t<\/div>\n\t\t\t\t<\/div>\n\t\t\t\t<div class=\"elementor-element elementor-element-70451d5 elementor-widget-divider--view-line elementor-widget elementor-widget-divider\" data-id=\"70451d5\" data-element_type=\"widget\" data-widget_type=\"divider.default\">\n\t\t\t\t<div class=\"elementor-widget-container\">\n\t\t\t\t\t\t\t<div class=\"elementor-divider\">\n\t\t\t<span class=\"elementor-divider-separator\">\n\t\t\t\t\t\t<\/span>\n\t\t<\/div>\n\t\t\t\t\t\t<\/div>\n\t\t\t\t<\/div>\n\t\t\t\t<div class=\"elementor-element elementor-element-59f3935 elementor-widget__width-initial elementor-widget elementor-widget-heading\" data-id=\"59f3935\" data-element_type=\"widget\" data-widget_type=\"heading.default\">\n\t\t\t\t<div class=\"elementor-widget-container\">\n\t\t\t\t\t<h3 class=\"elementor-heading-title elementor-size-default\"><a href=\"https:\/\/www.fruitbookmagazine.it\/fruit-attraction-2019-ecco-tutte-le-novita-dellinnovation-hub-sei-sono-italiane\/\" target=\"_blank\" rel=\"noopener\">Fruit Attraction 2019 or all the innovations at the Innovation Hub: six are Italian (IT)<\/a><\/h3>\t\t\t\t<\/div>\n\t\t\t\t<\/div>\n\t\t\t\t<div class=\"elementor-element elementor-element-6ccf8e8 elementor-widget-divider--view-line elementor-widget elementor-widget-divider\" data-id=\"6ccf8e8\" data-element_type=\"widget\" data-widget_type=\"divider.default\">\n\t\t\t\t<div class=\"elementor-widget-container\">\n\t\t\t\t\t\t\t<div class=\"elementor-divider\">\n\t\t\t<span class=\"elementor-divider-separator\">\n\t\t\t\t\t\t<\/span>\n\t\t<\/div>\n\t\t\t\t\t\t<\/div>\n\t\t\t\t<\/div>\n\t\t\t\t<div class=\"elementor-element elementor-element-7af5bc9 elementor-widget__width-auto elementor-widget elementor-widget-heading\" data-id=\"7af5bc9\" data-element_type=\"widget\" data-widget_type=\"heading.default\">\n\t\t\t\t<div class=\"elementor-widget-container\">\n\t\t\t\t\t<p class=\"elementor-heading-title elementor-size-default\"><a href=\"https:\/\/www.fruitbookmagazine.it\/fruit-attraction-2019-ecco-tutte-le-novita-dellinnovation-hub-sei-sono-italiane\/\" target=\"_blank\" rel=\"noopener\">30 oct 2019<\/a><\/p>\t\t\t\t<\/div>\n\t\t\t\t<\/div>\n\t\t\t\t<div class=\"elementor-element elementor-element-49a5e4b elementor-widget__width-auto elementor-widget elementor-widget-wd_button\" data-id=\"49a5e4b\" data-element_type=\"widget\" data-widget_type=\"wd_button.default\">\n\t\t\t\t<div class=\"elementor-widget-container\">\n\t\t\t\t\t\t\t<div class=\"wd-button-wrapper text-left\" >\n\t\t\t<a class=\"btn btn-style-link btn-shape- btn-size-extra-small btn-color-primary btn-icon-pos-right\" href=\"https:\/\/www.fruitbookmagazine.it\/fruit-attraction-2019-ecco-tutte-le-novita-dellinnovation-hub-sei-sono-italiane\/\" target=\"_blank\" rel=\"noopener\">\n\t\t\t\t<span class=\"wd-btn-text\" data-elementor-setting-key=\"text\">\n\t\t\t\t\tGo to the news\t\t\t\t<\/span>\n\n\t\t\t\t\t\t\t<\/a>\n\t\t<\/div>\n\t\t\t\t\t\t<\/div>\n\t\t\t\t<\/div>\n\t\t\t\t<\/div>\n\t\t<div data-particle_enable=\"false\" data-particle-mobile-disabled=\"false\" class=\"elementor-element elementor-element-daee7dd e-con-full e-flex e-con e-child\" data-id=\"daee7dd\" data-element_type=\"container\">\n\t\t\t\t<div class=\"elementor-element elementor-element-23c3416 elementor-widget elementor-widget-heading\" data-id=\"23c3416\" data-element_type=\"widget\" data-widget_type=\"heading.default\">\n\t\t\t\t<div class=\"elementor-widget-container\">\n\t\t\t\t\t<h2 class=\"elementor-heading-title elementor-size-default\"><a href=\"https:\/\/www.italiafruit.net\/semillas-fito-e-il-pomodoro-del-futuro\" target=\"_blank\" rel=\"noopener\">Italia Fruit<\/a><\/h2>\t\t\t\t<\/div>\n\t\t\t\t<\/div>\n\t\t\t\t<div class=\"elementor-element elementor-element-955d0ed elementor-widget-divider--view-line elementor-widget elementor-widget-divider\" data-id=\"955d0ed\" data-element_type=\"widget\" data-widget_type=\"divider.default\">\n\t\t\t\t<div class=\"elementor-widget-container\">\n\t\t\t\t\t\t\t<div class=\"elementor-divider\">\n\t\t\t<span class=\"elementor-divider-separator\">\n\t\t\t\t\t\t<\/span>\n\t\t<\/div>\n\t\t\t\t\t\t<\/div>\n\t\t\t\t<\/div>\n\t\t\t\t<div class=\"elementor-element elementor-element-f23ade8 elementor-widget__width-initial elementor-widget elementor-widget-heading\" data-id=\"f23ade8\" data-element_type=\"widget\" data-widget_type=\"heading.default\">\n\t\t\t\t<div class=\"elementor-widget-container\">\n\t\t\t\t\t<h3 class=\"elementor-heading-title elementor-size-default\"><a href=\"https:\/\/www.italiafruit.net\/semillas-fito-e-il-pomodoro-del-futuro\" target=\"_blank\" rel=\"noopener\">Semillas Fit\u00f3 and the tomato of the future (IT)<\/a><\/h3>\t\t\t\t<\/div>\n\t\t\t\t<\/div>\n\t\t\t\t<div class=\"elementor-element elementor-element-ed4e4b1 elementor-widget-divider--view-line elementor-widget elementor-widget-divider\" data-id=\"ed4e4b1\" data-element_type=\"widget\" data-widget_type=\"divider.default\">\n\t\t\t\t<div class=\"elementor-widget-container\">\n\t\t\t\t\t\t\t<div class=\"elementor-divider\">\n\t\t\t<span class=\"elementor-divider-separator\">\n\t\t\t\t\t\t<\/span>\n\t\t<\/div>\n\t\t\t\t\t\t<\/div>\n\t\t\t\t<\/div>\n\t\t\t\t<div class=\"elementor-element elementor-element-6888b6e elementor-widget__width-auto elementor-widget elementor-widget-heading\" data-id=\"6888b6e\" data-element_type=\"widget\" data-widget_type=\"heading.default\">\n\t\t\t\t<div class=\"elementor-widget-container\">\n\t\t\t\t\t<p class=\"elementor-heading-title elementor-size-default\"><a href=\"https:\/\/www.italiafruit.net\/semillas-fito-e-il-pomodoro-del-futuro\" target=\"_blank\" rel=\"noopener\">05 Apr 2019<\/a><\/p>\t\t\t\t<\/div>\n\t\t\t\t<\/div>\n\t\t\t\t<div class=\"elementor-element elementor-element-2c3a6d5 elementor-widget__width-auto elementor-widget elementor-widget-wd_button\" data-id=\"2c3a6d5\" data-element_type=\"widget\" data-widget_type=\"wd_button.default\">\n\t\t\t\t<div class=\"elementor-widget-container\">\n\t\t\t\t\t\t\t<div class=\"wd-button-wrapper text-left\" >\n\t\t\t<a class=\"btn btn-style-link btn-shape- btn-size-extra-small btn-color-primary btn-icon-pos-right\" href=\"https:\/\/www.italiafruit.net\/semillas-fito-e-il-pomodoro-del-futuro\" target=\"_blank\" rel=\"noopener\">\n\t\t\t\t<span class=\"wd-btn-text\" data-elementor-setting-key=\"text\">\n\t\t\t\t\tGo to the news\t\t\t\t<\/span>\n\n\t\t\t\t\t\t\t<\/a>\n\t\t<\/div>\n\t\t\t\t\t\t<\/div>\n\t\t\t\t<\/div>\n\t\t\t\t<\/div>\n\t\t<div data-particle_enable=\"false\" data-particle-mobile-disabled=\"false\" class=\"elementor-element elementor-element-d043dab e-con-full e-flex e-con e-child\" data-id=\"d043dab\" data-element_type=\"container\">\n\t\t\t\t<div class=\"elementor-element elementor-element-e0ffb91 elementor-widget elementor-widget-heading\" data-id=\"e0ffb91\" data-element_type=\"widget\" data-widget_type=\"heading.default\">\n\t\t\t\t<div class=\"elementor-widget-container\">\n\t\t\t\t\t<h2 class=\"elementor-heading-title elementor-size-default\"><a href=\"https:\/\/www.italiafruit.net\/cedior-il-pomodoro-monterosa-parla-italiano\" target=\"_blank\" rel=\"noopener\">Italia Fruit<\/a><\/h2>\t\t\t\t<\/div>\n\t\t\t\t<\/div>\n\t\t\t\t<div class=\"elementor-element elementor-element-f37dbd8 elementor-widget-divider--view-line elementor-widget elementor-widget-divider\" data-id=\"f37dbd8\" data-element_type=\"widget\" data-widget_type=\"divider.default\">\n\t\t\t\t<div class=\"elementor-widget-container\">\n\t\t\t\t\t\t\t<div class=\"elementor-divider\">\n\t\t\t<span class=\"elementor-divider-separator\">\n\t\t\t\t\t\t<\/span>\n\t\t<\/div>\n\t\t\t\t\t\t<\/div>\n\t\t\t\t<\/div>\n\t\t\t\t<div class=\"elementor-element elementor-element-55f6b68 elementor-widget__width-initial elementor-widget elementor-widget-heading\" data-id=\"55f6b68\" data-element_type=\"widget\" data-widget_type=\"heading.default\">\n\t\t\t\t<div class=\"elementor-widget-container\">\n\t\t\t\t\t<h3 class=\"elementor-heading-title elementor-size-default\"><a href=\"https:\/\/www.italiafruit.net\/cedior-il-pomodoro-monterosa-parla-italiano\" target=\"_blank\" rel=\"noopener\">The Monterosa tomato speaks Italian (IT)<\/a><\/h3>\t\t\t\t<\/div>\n\t\t\t\t<\/div>\n\t\t\t\t<div class=\"elementor-element elementor-element-40bb25c elementor-widget-divider--view-line elementor-widget elementor-widget-divider\" data-id=\"40bb25c\" data-element_type=\"widget\" data-widget_type=\"divider.default\">\n\t\t\t\t<div class=\"elementor-widget-container\">\n\t\t\t\t\t\t\t<div class=\"elementor-divider\">\n\t\t\t<span class=\"elementor-divider-separator\">\n\t\t\t\t\t\t<\/span>\n\t\t<\/div>\n\t\t\t\t\t\t<\/div>\n\t\t\t\t<\/div>\n\t\t\t\t<div class=\"elementor-element elementor-element-454606a elementor-widget__width-auto elementor-widget elementor-widget-heading\" data-id=\"454606a\" data-element_type=\"widget\" data-widget_type=\"heading.default\">\n\t\t\t\t<div class=\"elementor-widget-container\">\n\t\t\t\t\t<p class=\"elementor-heading-title elementor-size-default\"><a href=\"https:\/\/www.italiafruit.net\/cedior-il-pomodoro-monterosa-parla-italiano\" target=\"_blank\" rel=\"noopener\">30 Aug 2017<\/a><\/p>\t\t\t\t<\/div>\n\t\t\t\t<\/div>\n\t\t\t\t<div class=\"elementor-element elementor-element-b824237 elementor-widget__width-auto elementor-widget elementor-widget-wd_button\" data-id=\"b824237\" data-element_type=\"widget\" data-widget_type=\"wd_button.default\">\n\t\t\t\t<div class=\"elementor-widget-container\">\n\t\t\t\t\t\t\t<div class=\"wd-button-wrapper text-left\" >\n\t\t\t<a class=\"btn btn-style-link btn-shape- btn-size-extra-small btn-color-primary btn-icon-pos-right\" href=\"https:\/\/www.italiafruit.net\/cedior-il-pomodoro-monterosa-parla-italiano\" target=\"_blank\" rel=\"noopener\">\n\t\t\t\t<span class=\"wd-btn-text\" data-elementor-setting-key=\"text\">\n\t\t\t\t\tGo to the news\t\t\t\t<\/span>\n\n\t\t\t\t\t\t\t<\/a>\n\t\t<\/div>\n\t\t\t\t\t\t<\/div>\n\t\t\t\t<\/div>\n\t\t\t\t<\/div>\n\t\t\t\t\t<\/div>\n\t\t\t\t<\/div>\n\t\t<div data-particle_enable=\"false\" data-particle-mobile-disabled=\"false\" class=\"wd-negative-gap elementor-element elementor-element-7beb5e8 e-flex e-con-boxed e-con e-parent\" data-id=\"7beb5e8\" data-element_type=\"container\">\n\t\t\t\t\t<div class=\"e-con-inner\">\n\t\t<div data-particle_enable=\"false\" data-particle-mobile-disabled=\"false\" class=\"elementor-element elementor-element-a5786a6 e-con-full e-flex e-con e-child\" data-id=\"a5786a6\" data-element_type=\"container\">\n\t\t\t\t<div class=\"elementor-element elementor-element-b8b2c0c elementor-widget elementor-widget-heading\" data-id=\"b8b2c0c\" data-element_type=\"widget\" data-widget_type=\"heading.default\">\n\t\t\t\t<div class=\"elementor-widget-container\">\n\t\t\t\t\t<h2 class=\"elementor-heading-title elementor-size-default\"><a href=\"https:\/\/agroautentico.com\/2017\/06\/saliplant-tomate-monterosa-semillas-fito\/\" target=\"_blank\" rel=\"noopener\">Jose Antonio Arcos<\/a><\/h2>\t\t\t\t<\/div>\n\t\t\t\t<\/div>\n\t\t\t\t<div class=\"elementor-element elementor-element-7046f6d elementor-widget-divider--view-line elementor-widget elementor-widget-divider\" data-id=\"7046f6d\" data-element_type=\"widget\" data-widget_type=\"divider.default\">\n\t\t\t\t<div class=\"elementor-widget-container\">\n\t\t\t\t\t\t\t<div class=\"elementor-divider\">\n\t\t\t<span class=\"elementor-divider-separator\">\n\t\t\t\t\t\t<\/span>\n\t\t<\/div>\n\t\t\t\t\t\t<\/div>\n\t\t\t\t<\/div>\n\t\t\t\t<div class=\"elementor-element elementor-element-4875190 elementor-widget__width-initial elementor-widget elementor-widget-heading\" data-id=\"4875190\" data-element_type=\"widget\" data-widget_type=\"heading.default\">\n\t\t\t\t<div class=\"elementor-widget-container\">\n\t\t\t\t\t<h3 class=\"elementor-heading-title elementor-size-default\"><a href=\"https:\/\/agroautentico.com\/2017\/06\/saliplant-tomate-monterosa-semillas-fito\/\" target=\"_blank\" rel=\"noopener\">The Monterosa tomato captivates Instagram (ESP)<\/a><\/h3>\t\t\t\t<\/div>\n\t\t\t\t<\/div>\n\t\t\t\t<div class=\"elementor-element elementor-element-9c48bd4 elementor-widget-divider--view-line elementor-widget elementor-widget-divider\" data-id=\"9c48bd4\" data-element_type=\"widget\" data-widget_type=\"divider.default\">\n\t\t\t\t<div class=\"elementor-widget-container\">\n\t\t\t\t\t\t\t<div class=\"elementor-divider\">\n\t\t\t<span class=\"elementor-divider-separator\">\n\t\t\t\t\t\t<\/span>\n\t\t<\/div>\n\t\t\t\t\t\t<\/div>\n\t\t\t\t<\/div>\n\t\t\t\t<div class=\"elementor-element elementor-element-cc25403 elementor-widget__width-auto elementor-widget elementor-widget-heading\" data-id=\"cc25403\" data-element_type=\"widget\" data-widget_type=\"heading.default\">\n\t\t\t\t<div class=\"elementor-widget-container\">\n\t\t\t\t\t<p class=\"elementor-heading-title elementor-size-default\"><a href=\"https:\/\/agroautentico.com\/2017\/06\/saliplant-tomate-monterosa-semillas-fito\/\" target=\"_blank\" rel=\"noopener\">15 Jun 2017<\/a><\/p>\t\t\t\t<\/div>\n\t\t\t\t<\/div>\n\t\t\t\t<div class=\"elementor-element elementor-element-25ed22e elementor-widget__width-auto elementor-widget elementor-widget-wd_button\" data-id=\"25ed22e\" data-element_type=\"widget\" data-widget_type=\"wd_button.default\">\n\t\t\t\t<div class=\"elementor-widget-container\">\n\t\t\t\t\t\t\t<div class=\"wd-button-wrapper text-left\" >\n\t\t\t<a class=\"btn btn-style-link btn-shape- btn-size-extra-small btn-color-primary btn-icon-pos-right\" href=\"https:\/\/agroautentico.com\/2017\/06\/saliplant-tomate-monterosa-semillas-fito\/\" target=\"_blank\" rel=\"noopener\">\n\t\t\t\t<span class=\"wd-btn-text\" data-elementor-setting-key=\"text\">\n\t\t\t\t\tGo to the news\t\t\t\t<\/span>\n\n\t\t\t\t\t\t\t<\/a>\n\t\t<\/div>\n\t\t\t\t\t\t<\/div>\n\t\t\t\t<\/div>\n\t\t\t\t<\/div>\n\t\t<div data-particle_enable=\"false\" data-particle-mobile-disabled=\"false\" class=\"elementor-element elementor-element-ff46862 e-con-full e-flex e-con e-child\" data-id=\"ff46862\" data-element_type=\"container\">\n\t\t\t\t<div class=\"elementor-element elementor-element-2de5d5e elementor-widget elementor-widget-heading\" data-id=\"2de5d5e\" data-element_type=\"widget\" data-widget_type=\"heading.default\">\n\t\t\t\t<div class=\"elementor-widget-container\">\n\t\t\t\t\t<h2 class=\"elementor-heading-title elementor-size-default\"><a href=\"http:\/\/fruittoday.com\/si-tienes-marca-juegas-en-la-champions\/\" target=\"_blank\" rel=\"noopener\">Fruit Today<\/a><\/h2>\t\t\t\t<\/div>\n\t\t\t\t<\/div>\n\t\t\t\t<div class=\"elementor-element elementor-element-c0a86a2 elementor-widget-divider--view-line elementor-widget elementor-widget-divider\" data-id=\"c0a86a2\" data-element_type=\"widget\" data-widget_type=\"divider.default\">\n\t\t\t\t<div class=\"elementor-widget-container\">\n\t\t\t\t\t\t\t<div class=\"elementor-divider\">\n\t\t\t<span class=\"elementor-divider-separator\">\n\t\t\t\t\t\t<\/span>\n\t\t<\/div>\n\t\t\t\t\t\t<\/div>\n\t\t\t\t<\/div>\n\t\t\t\t<div class=\"elementor-element elementor-element-16481ff elementor-widget__width-initial elementor-widget elementor-widget-heading\" data-id=\"16481ff\" data-element_type=\"widget\" data-widget_type=\"heading.default\">\n\t\t\t\t<div class=\"elementor-widget-container\">\n\t\t\t\t\t<h3 class=\"elementor-heading-title elementor-size-default\"><a href=\"http:\/\/fruittoday.com\/si-tienes-marca-juegas-en-la-champions\/\" target=\"_blank\" rel=\"noopener\">If you have a brand, you\u2019re playing in the big leagues (ESP)<\/a><\/h3>\t\t\t\t<\/div>\n\t\t\t\t<\/div>\n\t\t\t\t<div class=\"elementor-element elementor-element-81d5b2a elementor-widget-divider--view-line elementor-widget elementor-widget-divider\" data-id=\"81d5b2a\" data-element_type=\"widget\" data-widget_type=\"divider.default\">\n\t\t\t\t<div class=\"elementor-widget-container\">\n\t\t\t\t\t\t\t<div class=\"elementor-divider\">\n\t\t\t<span class=\"elementor-divider-separator\">\n\t\t\t\t\t\t<\/span>\n\t\t<\/div>\n\t\t\t\t\t\t<\/div>\n\t\t\t\t<\/div>\n\t\t\t\t<div class=\"elementor-element elementor-element-6b0207f elementor-widget__width-auto elementor-widget elementor-widget-heading\" data-id=\"6b0207f\" data-element_type=\"widget\" data-widget_type=\"heading.default\">\n\t\t\t\t<div class=\"elementor-widget-container\">\n\t\t\t\t\t<p class=\"elementor-heading-title elementor-size-default\"><a href=\"http:\/\/fruittoday.com\/si-tienes-marca-juegas-en-la-champions\/\" target=\"_blank\" rel=\"noopener\">12 Jun 2017<\/a><\/p>\t\t\t\t<\/div>\n\t\t\t\t<\/div>\n\t\t\t\t<div class=\"elementor-element elementor-element-ebe6040 elementor-widget__width-auto elementor-widget elementor-widget-wd_button\" data-id=\"ebe6040\" data-element_type=\"widget\" data-widget_type=\"wd_button.default\">\n\t\t\t\t<div class=\"elementor-widget-container\">\n\t\t\t\t\t\t\t<div class=\"wd-button-wrapper text-left\" >\n\t\t\t<a class=\"btn btn-style-link btn-shape- btn-size-extra-small btn-color-primary btn-icon-pos-right\" href=\"http:\/\/fruittoday.com\/si-tienes-marca-juegas-en-la-champions\/\" target=\"_blank\" rel=\"noopener\">\n\t\t\t\t<span class=\"wd-btn-text\" data-elementor-setting-key=\"text\">\n\t\t\t\t\tGo to the news\t\t\t\t<\/span>\n\n\t\t\t\t\t\t\t<\/a>\n\t\t<\/div>\n\t\t\t\t\t\t<\/div>\n\t\t\t\t<\/div>\n\t\t\t\t<\/div>\n\t\t<div data-particle_enable=\"false\" data-particle-mobile-disabled=\"false\" class=\"elementor-element elementor-element-dc654ab e-con-full e-flex e-con e-child\" data-id=\"dc654ab\" data-element_type=\"container\">\n\t\t\t\t<div class=\"elementor-element elementor-element-17ff624 elementor-widget elementor-widget-heading\" data-id=\"17ff624\" data-element_type=\"widget\" data-widget_type=\"heading.default\">\n\t\t\t\t<div class=\"elementor-widget-container\">\n\t\t\t\t\t<h2 class=\"elementor-heading-title elementor-size-default\"><a href=\"https:\/\/www.lavanguardia.com\/edicion-impresa\/20170408\/421532177389\/el-negocio-de-las-semillas.html\" target=\"_blank\" rel=\"noopener\">La Vanguardia<\/a><\/h2>\t\t\t\t<\/div>\n\t\t\t\t<\/div>\n\t\t\t\t<div class=\"elementor-element elementor-element-50b5d33 elementor-widget-divider--view-line elementor-widget elementor-widget-divider\" data-id=\"50b5d33\" data-element_type=\"widget\" data-widget_type=\"divider.default\">\n\t\t\t\t<div class=\"elementor-widget-container\">\n\t\t\t\t\t\t\t<div class=\"elementor-divider\">\n\t\t\t<span class=\"elementor-divider-separator\">\n\t\t\t\t\t\t<\/span>\n\t\t<\/div>\n\t\t\t\t\t\t<\/div>\n\t\t\t\t<\/div>\n\t\t\t\t<div class=\"elementor-element elementor-element-6a8d705 elementor-widget__width-initial elementor-widget elementor-widget-heading\" data-id=\"6a8d705\" data-element_type=\"widget\" data-widget_type=\"heading.default\">\n\t\t\t\t<div class=\"elementor-widget-container\">\n\t\t\t\t\t<h3 class=\"elementor-heading-title elementor-size-default\"><a href=\"https:\/\/www.lavanguardia.com\/edicion-impresa\/20170408\/421532177389\/el-negocio-de-las-semillas.html\" target=\"_blank\" rel=\"noopener\">The seed industry (ESP)<\/a><\/h3>\t\t\t\t<\/div>\n\t\t\t\t<\/div>\n\t\t\t\t<div class=\"elementor-element elementor-element-221c763 elementor-widget-divider--view-line elementor-widget elementor-widget-divider\" data-id=\"221c763\" data-element_type=\"widget\" data-widget_type=\"divider.default\">\n\t\t\t\t<div class=\"elementor-widget-container\">\n\t\t\t\t\t\t\t<div class=\"elementor-divider\">\n\t\t\t<span class=\"elementor-divider-separator\">\n\t\t\t\t\t\t<\/span>\n\t\t<\/div>\n\t\t\t\t\t\t<\/div>\n\t\t\t\t<\/div>\n\t\t\t\t<div class=\"elementor-element elementor-element-27e2ccd elementor-widget__width-auto elementor-widget elementor-widget-heading\" data-id=\"27e2ccd\" data-element_type=\"widget\" data-widget_type=\"heading.default\">\n\t\t\t\t<div class=\"elementor-widget-container\">\n\t\t\t\t\t<p class=\"elementor-heading-title elementor-size-default\"><a href=\"https:\/\/www.lavanguardia.com\/edicion-impresa\/20170408\/421532177389\/el-negocio-de-las-semillas.html\" target=\"_blank\" rel=\"noopener\">8 Apr 2017<\/a><\/p>\t\t\t\t<\/div>\n\t\t\t\t<\/div>\n\t\t\t\t<div class=\"elementor-element elementor-element-9262812 elementor-widget__width-auto elementor-widget elementor-widget-wd_button\" data-id=\"9262812\" data-element_type=\"widget\" data-widget_type=\"wd_button.default\">\n\t\t\t\t<div class=\"elementor-widget-container\">\n\t\t\t\t\t\t\t<div class=\"wd-button-wrapper text-left\" >\n\t\t\t<a class=\"btn btn-style-link btn-shape- btn-size-extra-small btn-color-primary btn-icon-pos-right\" href=\"https:\/\/www.lavanguardia.com\/edicion-impresa\/20170408\/421532177389\/el-negocio-de-las-semillas.html\" target=\"_blank\" rel=\"noopener\">\n\t\t\t\t<span class=\"wd-btn-text\" data-elementor-setting-key=\"text\">\n\t\t\t\t\tGo to the news\t\t\t\t<\/span>\n\n\t\t\t\t\t\t\t<\/a>\n\t\t<\/div>\n\t\t\t\t\t\t<\/div>\n\t\t\t\t<\/div>\n\t\t\t\t<\/div>\n\t\t\t\t\t<\/div>\n\t\t\t\t<\/div>\n\t\t<div data-particle_enable=\"false\" data-particle-mobile-disabled=\"false\" class=\"wd-negative-gap elementor-element elementor-element-a9b187e e-flex e-con-boxed e-con e-parent\" data-id=\"a9b187e\" data-element_type=\"container\">\n\t\t\t\t\t<div class=\"e-con-inner\">\n\t\t<div data-particle_enable=\"false\" data-particle-mobile-disabled=\"false\" class=\"elementor-element elementor-element-2ff78a6 e-con-full e-flex e-con e-child\" data-id=\"2ff78a6\" data-element_type=\"container\">\n\t\t\t\t<div class=\"elementor-element elementor-element-795325f elementor-widget elementor-widget-heading\" data-id=\"795325f\" data-element_type=\"widget\" data-widget_type=\"heading.default\">\n\t\t\t\t<div class=\"elementor-widget-container\">\n\t\t\t\t\t<h2 class=\"elementor-heading-title elementor-size-default\"><a href=\"https:\/\/comunicacionempresarial.net\/mono_articulo.php?ida=5650&#038;idpb=336\" target=\"_blank\" rel=\"noopener\">El Periodico<\/a><\/h2>\t\t\t\t<\/div>\n\t\t\t\t<\/div>\n\t\t\t\t<div class=\"elementor-element elementor-element-eaba6d7 elementor-widget-divider--view-line elementor-widget elementor-widget-divider\" data-id=\"eaba6d7\" data-element_type=\"widget\" data-widget_type=\"divider.default\">\n\t\t\t\t<div class=\"elementor-widget-container\">\n\t\t\t\t\t\t\t<div class=\"elementor-divider\">\n\t\t\t<span class=\"elementor-divider-separator\">\n\t\t\t\t\t\t<\/span>\n\t\t<\/div>\n\t\t\t\t\t\t<\/div>\n\t\t\t\t<\/div>\n\t\t\t\t<div class=\"elementor-element elementor-element-99439c1 elementor-widget__width-initial elementor-widget elementor-widget-heading\" data-id=\"99439c1\" data-element_type=\"widget\" data-widget_type=\"heading.default\">\n\t\t\t\t<div class=\"elementor-widget-container\">\n\t\t\t\t\t<h3 class=\"elementor-heading-title elementor-size-default\"><a href=\"https:\/\/comunicacionempresarial.net\/mono_articulo.php?ida=5650&#038;idpb=336\" target=\"_blank\" rel=\"noopener\">Monterosa, the pleasure of eating a good tomato again (ESP)<\/a><\/h3>\t\t\t\t<\/div>\n\t\t\t\t<\/div>\n\t\t\t\t<div class=\"elementor-element elementor-element-6a2ae23 elementor-widget-divider--view-line elementor-widget elementor-widget-divider\" data-id=\"6a2ae23\" data-element_type=\"widget\" data-widget_type=\"divider.default\">\n\t\t\t\t<div class=\"elementor-widget-container\">\n\t\t\t\t\t\t\t<div class=\"elementor-divider\">\n\t\t\t<span class=\"elementor-divider-separator\">\n\t\t\t\t\t\t<\/span>\n\t\t<\/div>\n\t\t\t\t\t\t<\/div>\n\t\t\t\t<\/div>\n\t\t\t\t<div class=\"elementor-element elementor-element-e7e70e2 elementor-widget__width-auto elementor-widget elementor-widget-heading\" data-id=\"e7e70e2\" data-element_type=\"widget\" data-widget_type=\"heading.default\">\n\t\t\t\t<div class=\"elementor-widget-container\">\n\t\t\t\t\t<p class=\"elementor-heading-title elementor-size-default\"><a href=\"https:\/\/comunicacionempresarial.net\/mono_articulo.php?ida=5650&#038;idpb=336\" target=\"_blank\" rel=\"noopener\">03 Dec 2016<\/a><\/p>\t\t\t\t<\/div>\n\t\t\t\t<\/div>\n\t\t\t\t<div class=\"elementor-element elementor-element-2d85d94 elementor-widget__width-auto elementor-widget elementor-widget-wd_button\" data-id=\"2d85d94\" data-element_type=\"widget\" data-widget_type=\"wd_button.default\">\n\t\t\t\t<div class=\"elementor-widget-container\">\n\t\t\t\t\t\t\t<div class=\"wd-button-wrapper text-left\" >\n\t\t\t<a class=\"btn btn-style-link btn-shape- btn-size-extra-small btn-color-primary btn-icon-pos-right\" href=\"https:\/\/comunicacionempresarial.net\/mono_articulo.php?ida=5650&#038;idpb=336\" target=\"_blank\" rel=\"noopener\">\n\t\t\t\t<span class=\"wd-btn-text\" data-elementor-setting-key=\"text\">\n\t\t\t\t\tGo to the news\t\t\t\t<\/span>\n\n\t\t\t\t\t\t\t<\/a>\n\t\t<\/div>\n\t\t\t\t\t\t<\/div>\n\t\t\t\t<\/div>\n\t\t\t\t<\/div>\n\t\t<div data-particle_enable=\"false\" data-particle-mobile-disabled=\"false\" class=\"elementor-element elementor-element-5a4930d e-con-full e-flex e-con e-child\" data-id=\"5a4930d\" data-element_type=\"container\">\n\t\t\t\t<div class=\"elementor-element elementor-element-9213921 elementor-widget elementor-widget-heading\" data-id=\"9213921\" data-element_type=\"widget\" data-widget_type=\"heading.default\">\n\t\t\t\t<div class=\"elementor-widget-container\">\n\t\t\t\t\t<h2 class=\"elementor-heading-title elementor-size-default\"><a href=\"http:\/\/www.mercabarna.es\/sala-de-premsa\/noticies-es\/3008\/una-nueva-variedad-de-tomate-primer-premio-mercabarna-innova\" target=\"_blank\" rel=\"noopener\">Mercabarna<\/a><\/h2>\t\t\t\t<\/div>\n\t\t\t\t<\/div>\n\t\t\t\t<div class=\"elementor-element elementor-element-f7073e7 elementor-widget-divider--view-line elementor-widget elementor-widget-divider\" data-id=\"f7073e7\" data-element_type=\"widget\" data-widget_type=\"divider.default\">\n\t\t\t\t<div class=\"elementor-widget-container\">\n\t\t\t\t\t\t\t<div class=\"elementor-divider\">\n\t\t\t<span class=\"elementor-divider-separator\">\n\t\t\t\t\t\t<\/span>\n\t\t<\/div>\n\t\t\t\t\t\t<\/div>\n\t\t\t\t<\/div>\n\t\t\t\t<div class=\"elementor-element elementor-element-fe1be93 elementor-widget__width-initial elementor-widget elementor-widget-heading\" data-id=\"fe1be93\" data-element_type=\"widget\" data-widget_type=\"heading.default\">\n\t\t\t\t<div class=\"elementor-widget-container\">\n\t\t\t\t\t<h3 class=\"elementor-heading-title elementor-size-default\"><a href=\"http:\/\/www.mercabarna.es\/sala-de-premsa\/noticies-es\/3008\/una-nueva-variedad-de-tomate-primer-premio-mercabarna-innova\" target=\"_blank\" rel=\"noopener\">A new tomato brand, first prize at Mercabarna Innova (ESP)<\/a><\/h3>\t\t\t\t<\/div>\n\t\t\t\t<\/div>\n\t\t\t\t<div class=\"elementor-element elementor-element-e22a9fd elementor-widget-divider--view-line elementor-widget elementor-widget-divider\" data-id=\"e22a9fd\" data-element_type=\"widget\" data-widget_type=\"divider.default\">\n\t\t\t\t<div class=\"elementor-widget-container\">\n\t\t\t\t\t\t\t<div class=\"elementor-divider\">\n\t\t\t<span class=\"elementor-divider-separator\">\n\t\t\t\t\t\t<\/span>\n\t\t<\/div>\n\t\t\t\t\t\t<\/div>\n\t\t\t\t<\/div>\n\t\t\t\t<div class=\"elementor-element elementor-element-6901e0e elementor-widget__width-auto elementor-widget elementor-widget-heading\" data-id=\"6901e0e\" data-element_type=\"widget\" data-widget_type=\"heading.default\">\n\t\t\t\t<div class=\"elementor-widget-container\">\n\t\t\t\t\t<p class=\"elementor-heading-title elementor-size-default\"><a href=\"http:\/\/www.mercabarna.es\/sala-de-premsa\/noticies-es\/3008\/una-nueva-variedad-de-tomate-primer-premio-mercabarna-innova\" target=\"_blank\" rel=\"noopener\">30 Nov 2016<\/a><\/p>\t\t\t\t<\/div>\n\t\t\t\t<\/div>\n\t\t\t\t<div class=\"elementor-element elementor-element-a4f5fe5 elementor-widget__width-auto elementor-widget elementor-widget-wd_button\" data-id=\"a4f5fe5\" data-element_type=\"widget\" data-widget_type=\"wd_button.default\">\n\t\t\t\t<div class=\"elementor-widget-container\">\n\t\t\t\t\t\t\t<div class=\"wd-button-wrapper text-left\" >\n\t\t\t<a class=\"btn btn-style-link btn-shape- btn-size-extra-small btn-color-primary btn-icon-pos-right\" href=\"http:\/\/www.mercabarna.es\/sala-de-premsa\/noticies-es\/3008\/una-nueva-variedad-de-tomate-primer-premio-mercabarna-innova\" target=\"_blank\" rel=\"noopener\">\n\t\t\t\t<span class=\"wd-btn-text\" data-elementor-setting-key=\"text\">\n\t\t\t\t\tGo to the news\t\t\t\t<\/span>\n\n\t\t\t\t\t\t\t<\/a>\n\t\t<\/div>\n\t\t\t\t\t\t<\/div>\n\t\t\t\t<\/div>\n\t\t\t\t<\/div>\n\t\t<div data-particle_enable=\"false\" data-particle-mobile-disabled=\"false\" class=\"elementor-element elementor-element-a3fb82d e-con-full e-flex e-con e-child\" data-id=\"a3fb82d\" data-element_type=\"container\">\n\t\t\t\t<div class=\"elementor-element elementor-element-1bc8fa3 elementor-widget elementor-widget-heading\" data-id=\"1bc8fa3\" data-element_type=\"widget\" data-widget_type=\"heading.default\">\n\t\t\t\t<div class=\"elementor-widget-container\">\n\t\t\t\t\t<h2 class=\"elementor-heading-title elementor-size-default\"><a href=\"https:\/\/www.lavozdealmeria.com\/noticia\/20\/economia\/114784\/el-tomate-rosa-pasa-de-30-a-120-hectareas\" target=\"_blank\" rel=\"noopener\">La Voz de Almer\u00eda<\/a><\/h2>\t\t\t\t<\/div>\n\t\t\t\t<\/div>\n\t\t\t\t<div class=\"elementor-element elementor-element-ef133aa elementor-widget-divider--view-line elementor-widget elementor-widget-divider\" data-id=\"ef133aa\" data-element_type=\"widget\" data-widget_type=\"divider.default\">\n\t\t\t\t<div class=\"elementor-widget-container\">\n\t\t\t\t\t\t\t<div class=\"elementor-divider\">\n\t\t\t<span class=\"elementor-divider-separator\">\n\t\t\t\t\t\t<\/span>\n\t\t<\/div>\n\t\t\t\t\t\t<\/div>\n\t\t\t\t<\/div>\n\t\t\t\t<div class=\"elementor-element elementor-element-a4e8b6a elementor-widget__width-initial elementor-widget elementor-widget-heading\" data-id=\"a4e8b6a\" data-element_type=\"widget\" data-widget_type=\"heading.default\">\n\t\t\t\t<div class=\"elementor-widget-container\">\n\t\t\t\t\t<h3 class=\"elementor-heading-title elementor-size-default\"><a href=\"https:\/\/www.lavozdealmeria.com\/noticia\/20\/economia\/114784\/el-tomate-rosa-pasa-de-30-a-120-hectareas\" target=\"_blank\" rel=\"noopener\">Gav\u00e1 Group boosts cultivation in N\u00edjar (Almer\u00eda, Spain) and plans to sell 10 million kilos (ESP)<\/a><\/h3>\t\t\t\t<\/div>\n\t\t\t\t<\/div>\n\t\t\t\t<div class=\"elementor-element elementor-element-8f051b8 elementor-widget-divider--view-line elementor-widget elementor-widget-divider\" data-id=\"8f051b8\" data-element_type=\"widget\" data-widget_type=\"divider.default\">\n\t\t\t\t<div class=\"elementor-widget-container\">\n\t\t\t\t\t\t\t<div class=\"elementor-divider\">\n\t\t\t<span class=\"elementor-divider-separator\">\n\t\t\t\t\t\t<\/span>\n\t\t<\/div>\n\t\t\t\t\t\t<\/div>\n\t\t\t\t<\/div>\n\t\t\t\t<div class=\"elementor-element elementor-element-64ba5a9 elementor-widget__width-auto elementor-widget elementor-widget-heading\" data-id=\"64ba5a9\" data-element_type=\"widget\" data-widget_type=\"heading.default\">\n\t\t\t\t<div class=\"elementor-widget-container\">\n\t\t\t\t\t<p class=\"elementor-heading-title elementor-size-default\"><a href=\"https:\/\/www.lavozdealmeria.com\/noticia\/20\/economia\/114784\/el-tomate-rosa-pasa-de-30-a-120-hectareas\" target=\"_blank\" rel=\"noopener\">04 Oct 2016<\/a><\/p>\t\t\t\t<\/div>\n\t\t\t\t<\/div>\n\t\t\t\t<div class=\"elementor-element elementor-element-0ee31bc elementor-widget__width-auto elementor-widget elementor-widget-wd_button\" data-id=\"0ee31bc\" data-element_type=\"widget\" data-widget_type=\"wd_button.default\">\n\t\t\t\t<div class=\"elementor-widget-container\">\n\t\t\t\t\t\t\t<div class=\"wd-button-wrapper text-left\" >\n\t\t\t<a class=\"btn btn-style-link btn-shape- btn-size-extra-small btn-color-primary btn-icon-pos-right\" href=\"https:\/\/www.lavozdealmeria.com\/noticia\/20\/economia\/114784\/el-tomate-rosa-pasa-de-30-a-120-hectareas\" target=\"_blank\" rel=\"noopener\">\n\t\t\t\t<span class=\"wd-btn-text\" data-elementor-setting-key=\"text\">\n\t\t\t\t\tGo to the news\t\t\t\t<\/span>\n\n\t\t\t\t\t\t\t<\/a>\n\t\t<\/div>\n\t\t\t\t\t\t<\/div>\n\t\t\t\t<\/div>\n\t\t\t\t<\/div>\n\t\t\t\t\t<\/div>\n\t\t\t\t<\/div>\n\t\t<div data-particle_enable=\"false\" data-particle-mobile-disabled=\"false\" class=\"wd-negative-gap elementor-element elementor-element-d87f53d e-flex e-con-boxed e-con e-parent\" data-id=\"d87f53d\" data-element_type=\"container\">\n\t\t\t\t\t<div class=\"e-con-inner\">\n\t\t<div data-particle_enable=\"false\" data-particle-mobile-disabled=\"false\" class=\"elementor-element elementor-element-d87feb4 e-con-full e-flex e-con e-child\" data-id=\"d87feb4\" data-element_type=\"container\">\n\t\t\t\t<div class=\"elementor-element elementor-element-1599c42 elementor-widget elementor-widget-heading\" data-id=\"1599c42\" data-element_type=\"widget\" data-widget_type=\"heading.default\">\n\t\t\t\t<div class=\"elementor-widget-container\">\n\t\t\t\t\t<h2 class=\"elementor-heading-title elementor-size-default\"><a href=\"https:\/\/www.fhalmeria.com\/noticia-23109\/el-tomate-monterosa,-de-semillas-fito,-gana-el-premio-a-la-innovacion-hortofruticola-del-periodico-la-razon\" target=\"_blank\" rel=\"noopener\">FH Almer\u00eda<\/a><\/h2>\t\t\t\t<\/div>\n\t\t\t\t<\/div>\n\t\t\t\t<div class=\"elementor-element elementor-element-61b18b5 elementor-widget-divider--view-line elementor-widget elementor-widget-divider\" data-id=\"61b18b5\" data-element_type=\"widget\" data-widget_type=\"divider.default\">\n\t\t\t\t<div class=\"elementor-widget-container\">\n\t\t\t\t\t\t\t<div class=\"elementor-divider\">\n\t\t\t<span class=\"elementor-divider-separator\">\n\t\t\t\t\t\t<\/span>\n\t\t<\/div>\n\t\t\t\t\t\t<\/div>\n\t\t\t\t<\/div>\n\t\t\t\t<div class=\"elementor-element elementor-element-a137e5a elementor-widget__width-initial elementor-widget elementor-widget-heading\" data-id=\"a137e5a\" data-element_type=\"widget\" data-widget_type=\"heading.default\">\n\t\t\t\t<div class=\"elementor-widget-container\">\n\t\t\t\t\t<h3 class=\"elementor-heading-title elementor-size-default\"><a href=\"https:\/\/www.fhalmeria.com\/noticia-23109\/el-tomate-monterosa,-de-semillas-fito,-gana-el-premio-a-la-innovacion-hortofruticola-del-periodico-la-razon\" target=\"_blank\" rel=\"noopener\">The Monterosa tomato wins the La Raz\u00f3n newspaper Fruit and Vegetable Innovation Award (ESP)<\/a><\/h3>\t\t\t\t<\/div>\n\t\t\t\t<\/div>\n\t\t\t\t<div class=\"elementor-element elementor-element-e0bd864 elementor-widget-divider--view-line elementor-widget elementor-widget-divider\" data-id=\"e0bd864\" data-element_type=\"widget\" data-widget_type=\"divider.default\">\n\t\t\t\t<div class=\"elementor-widget-container\">\n\t\t\t\t\t\t\t<div class=\"elementor-divider\">\n\t\t\t<span class=\"elementor-divider-separator\">\n\t\t\t\t\t\t<\/span>\n\t\t<\/div>\n\t\t\t\t\t\t<\/div>\n\t\t\t\t<\/div>\n\t\t\t\t<div class=\"elementor-element elementor-element-40d9ee0 elementor-widget__width-auto elementor-widget elementor-widget-heading\" data-id=\"40d9ee0\" data-element_type=\"widget\" data-widget_type=\"heading.default\">\n\t\t\t\t<div class=\"elementor-widget-container\">\n\t\t\t\t\t<p class=\"elementor-heading-title elementor-size-default\"><a href=\"https:\/\/www.fhalmeria.com\/noticia-23109\/el-tomate-monterosa,-de-semillas-fito,-gana-el-premio-a-la-innovacion-hortofruticola-del-periodico-la-razon\" target=\"_blank\" rel=\"noopener\">21 Jun 2016<\/a><\/p>\t\t\t\t<\/div>\n\t\t\t\t<\/div>\n\t\t\t\t<div class=\"elementor-element elementor-element-8955385 elementor-widget__width-auto elementor-widget elementor-widget-wd_button\" data-id=\"8955385\" data-element_type=\"widget\" data-widget_type=\"wd_button.default\">\n\t\t\t\t<div class=\"elementor-widget-container\">\n\t\t\t\t\t\t\t<div class=\"wd-button-wrapper text-left\" >\n\t\t\t<a class=\"btn btn-style-link btn-shape- btn-size-extra-small btn-color-primary btn-icon-pos-right\" href=\"https:\/\/www.fhalmeria.com\/noticia-23109\/el-tomate-monterosa,-de-semillas-fito,-gana-el-premio-a-la-innovacion-hortofruticola-del-periodico-la-razon\" target=\"_blank\" rel=\"noopener\">\n\t\t\t\t<span class=\"wd-btn-text\" data-elementor-setting-key=\"text\">\n\t\t\t\t\tGo to the news\t\t\t\t<\/span>\n\n\t\t\t\t\t\t\t<\/a>\n\t\t<\/div>\n\t\t\t\t\t\t<\/div>\n\t\t\t\t<\/div>\n\t\t\t\t<\/div>\n\t\t<div data-particle_enable=\"false\" data-particle-mobile-disabled=\"false\" class=\"elementor-element elementor-element-1c5b15a e-con-full e-flex e-con e-child\" data-id=\"1c5b15a\" data-element_type=\"container\">\n\t\t\t\t<div class=\"elementor-element elementor-element-d8b97c9 elementor-widget elementor-widget-heading\" data-id=\"d8b97c9\" data-element_type=\"widget\" data-widget_type=\"heading.default\">\n\t\t\t\t<div class=\"elementor-widget-container\">\n\t\t\t\t\t<h2 class=\"elementor-heading-title elementor-size-default\"><a href=\"http:\/\/fruittoday.com\/articulos\/monterosa-el-tomate-de-antano\/\" target=\"_blank\" rel=\"noopener\">Fruit Today<\/a><\/h2>\t\t\t\t<\/div>\n\t\t\t\t<\/div>\n\t\t\t\t<div class=\"elementor-element elementor-element-350205e elementor-widget-divider--view-line elementor-widget elementor-widget-divider\" data-id=\"350205e\" data-element_type=\"widget\" data-widget_type=\"divider.default\">\n\t\t\t\t<div class=\"elementor-widget-container\">\n\t\t\t\t\t\t\t<div class=\"elementor-divider\">\n\t\t\t<span class=\"elementor-divider-separator\">\n\t\t\t\t\t\t<\/span>\n\t\t<\/div>\n\t\t\t\t\t\t<\/div>\n\t\t\t\t<\/div>\n\t\t\t\t<div class=\"elementor-element elementor-element-d1ca307 elementor-widget__width-initial elementor-widget elementor-widget-heading\" data-id=\"d1ca307\" data-element_type=\"widget\" data-widget_type=\"heading.default\">\n\t\t\t\t<div class=\"elementor-widget-container\">\n\t\t\t\t\t<h3 class=\"elementor-heading-title elementor-size-default\"><a href=\"http:\/\/fruittoday.com\/articulos\/monterosa-el-tomate-de-antano\/\" target=\"_blank\" rel=\"noopener\">Monterosa, the authentic tomato (ESP)<\/a><\/h3>\t\t\t\t<\/div>\n\t\t\t\t<\/div>\n\t\t\t\t<div class=\"elementor-element elementor-element-cace425 elementor-widget-divider--view-line elementor-widget elementor-widget-divider\" data-id=\"cace425\" data-element_type=\"widget\" data-widget_type=\"divider.default\">\n\t\t\t\t<div class=\"elementor-widget-container\">\n\t\t\t\t\t\t\t<div class=\"elementor-divider\">\n\t\t\t<span class=\"elementor-divider-separator\">\n\t\t\t\t\t\t<\/span>\n\t\t<\/div>\n\t\t\t\t\t\t<\/div>\n\t\t\t\t<\/div>\n\t\t\t\t<div class=\"elementor-element elementor-element-5b4a688 elementor-widget__width-auto elementor-widget elementor-widget-heading\" data-id=\"5b4a688\" data-element_type=\"widget\" data-widget_type=\"heading.default\">\n\t\t\t\t<div class=\"elementor-widget-container\">\n\t\t\t\t\t<p class=\"elementor-heading-title elementor-size-default\"><a href=\"http:\/\/fruittoday.com\/articulos\/monterosa-el-tomate-de-antano\/\" target=\"_blank\" rel=\"noopener\">19 May 2016<\/a><\/p>\t\t\t\t<\/div>\n\t\t\t\t<\/div>\n\t\t\t\t<div class=\"elementor-element elementor-element-5203bf8 elementor-widget__width-auto elementor-widget elementor-widget-wd_button\" data-id=\"5203bf8\" data-element_type=\"widget\" data-widget_type=\"wd_button.default\">\n\t\t\t\t<div class=\"elementor-widget-container\">\n\t\t\t\t\t\t\t<div class=\"wd-button-wrapper text-left\" >\n\t\t\t<a class=\"btn btn-style-link btn-shape- btn-size-extra-small btn-color-primary btn-icon-pos-right\" href=\"http:\/\/fruittoday.com\/articulos\/monterosa-el-tomate-de-antano\/\" target=\"_blank\" rel=\"noopener\">\n\t\t\t\t<span class=\"wd-btn-text\" data-elementor-setting-key=\"text\">\n\t\t\t\t\tGo to the news\t\t\t\t<\/span>\n\n\t\t\t\t\t\t\t<\/a>\n\t\t<\/div>\n\t\t\t\t\t\t<\/div>\n\t\t\t\t<\/div>\n\t\t\t\t<\/div>\n\t\t<div data-particle_enable=\"false\" data-particle-mobile-disabled=\"false\" class=\"elementor-element elementor-element-9851432 e-con-full e-flex e-con e-child\" data-id=\"9851432\" data-element_type=\"container\">\n\t\t\t\t<div class=\"elementor-element elementor-element-cb00ad5 elementor-widget elementor-widget-heading\" data-id=\"cb00ad5\" data-element_type=\"widget\" data-widget_type=\"heading.default\">\n\t\t\t\t<div class=\"elementor-widget-container\">\n\t\t\t\t\t<h2 class=\"elementor-heading-title elementor-size-default\"><a href=\"https:\/\/www.elperiodico.com\/es\/onbarcelona\/cocinas\/20160427\/alimentaria-tomate-monterosa-vermut-zarro-ecologico-premio-innoval-5090789\" target=\"_blank\" rel=\"noopener\">El Peri\u00f3dico<\/a><\/h2>\t\t\t\t<\/div>\n\t\t\t\t<\/div>\n\t\t\t\t<div class=\"elementor-element elementor-element-ea3d5c0 elementor-widget-divider--view-line elementor-widget elementor-widget-divider\" data-id=\"ea3d5c0\" data-element_type=\"widget\" data-widget_type=\"divider.default\">\n\t\t\t\t<div class=\"elementor-widget-container\">\n\t\t\t\t\t\t\t<div class=\"elementor-divider\">\n\t\t\t<span class=\"elementor-divider-separator\">\n\t\t\t\t\t\t<\/span>\n\t\t<\/div>\n\t\t\t\t\t\t<\/div>\n\t\t\t\t<\/div>\n\t\t\t\t<div class=\"elementor-element elementor-element-525816e elementor-widget__width-initial elementor-widget elementor-widget-heading\" data-id=\"525816e\" data-element_type=\"widget\" data-widget_type=\"heading.default\">\n\t\t\t\t<div class=\"elementor-widget-container\">\n\t\t\t\t\t<h3 class=\"elementor-heading-title elementor-size-default\"><a href=\"https:\/\/www.elperiodico.com\/es\/onbarcelona\/cocinas\/20160427\/alimentaria-tomate-monterosa-vermut-zarro-ecologico-premio-innoval-5090789\" target=\"_blank\" rel=\"noopener\">Alimentaria discovers a hybrid tomato that is grown in winter and presents an award for the world's first organic vermouth! (ESP)<\/a><\/h3>\t\t\t\t<\/div>\n\t\t\t\t<\/div>\n\t\t\t\t<div class=\"elementor-element elementor-element-92dc045 elementor-widget-divider--view-line elementor-widget elementor-widget-divider\" data-id=\"92dc045\" data-element_type=\"widget\" data-widget_type=\"divider.default\">\n\t\t\t\t<div class=\"elementor-widget-container\">\n\t\t\t\t\t\t\t<div class=\"elementor-divider\">\n\t\t\t<span class=\"elementor-divider-separator\">\n\t\t\t\t\t\t<\/span>\n\t\t<\/div>\n\t\t\t\t\t\t<\/div>\n\t\t\t\t<\/div>\n\t\t\t\t<div class=\"elementor-element elementor-element-8bc1229 elementor-widget__width-auto elementor-widget elementor-widget-heading\" data-id=\"8bc1229\" data-element_type=\"widget\" data-widget_type=\"heading.default\">\n\t\t\t\t<div class=\"elementor-widget-container\">\n\t\t\t\t\t<p class=\"elementor-heading-title elementor-size-default\"><a href=\"https:\/\/www.elperiodico.com\/es\/onbarcelona\/cocinas\/20160427\/alimentaria-tomate-monterosa-vermut-zarro-ecologico-premio-innoval-5090789\" target=\"_blank\" rel=\"noopener\">27 Apr 2016<\/a><\/p>\t\t\t\t<\/div>\n\t\t\t\t<\/div>\n\t\t\t\t<div class=\"elementor-element elementor-element-9a9a970 elementor-widget__width-auto elementor-widget elementor-widget-wd_button\" data-id=\"9a9a970\" data-element_type=\"widget\" data-widget_type=\"wd_button.default\">\n\t\t\t\t<div class=\"elementor-widget-container\">\n\t\t\t\t\t\t\t<div class=\"wd-button-wrapper text-left\" >\n\t\t\t<a class=\"btn btn-style-link btn-shape- btn-size-extra-small btn-color-primary btn-icon-pos-right\" href=\"https:\/\/www.elperiodico.com\/es\/onbarcelona\/cocinas\/20160427\/alimentaria-tomate-monterosa-vermut-zarro-ecologico-premio-innoval-5090789\" target=\"_blank\" rel=\"noopener\">\n\t\t\t\t<span class=\"wd-btn-text\" data-elementor-setting-key=\"text\">\n\t\t\t\t\tGo to the news\t\t\t\t<\/span>\n\n\t\t\t\t\t\t\t<\/a>\n\t\t<\/div>\n\t\t\t\t\t\t<\/div>\n\t\t\t\t<\/div>\n\t\t\t\t<\/div>\n\t\t\t\t\t<\/div>\n\t\t\t\t<\/div>\n\t\t<div data-particle_enable=\"false\" data-particle-mobile-disabled=\"false\" class=\"wd-negative-gap elementor-element elementor-element-eb8dcc5 e-flex e-con-boxed e-con e-parent\" data-id=\"eb8dcc5\" data-element_type=\"container\">\n\t\t\t\t\t<div class=\"e-con-inner\">\n\t\t<div data-particle_enable=\"false\" data-particle-mobile-disabled=\"false\" class=\"elementor-element elementor-element-913a0dd e-con-full e-flex e-con e-child\" data-id=\"913a0dd\" data-element_type=\"container\">\n\t\t\t\t<div class=\"elementor-element elementor-element-e73ec33 elementor-widget elementor-widget-heading\" data-id=\"e73ec33\" data-element_type=\"widget\" data-widget_type=\"heading.default\">\n\t\t\t\t<div class=\"elementor-widget-container\">\n\t\t\t\t\t<h2 class=\"elementor-heading-title elementor-size-default\"><a href=\"https:\/\/www.lavanguardia.com\/economia\/20160422\/401279533725\/nuevo-tomate-semillas-fito-grup-gava-monterosa.html\" target=\"_blank\" rel=\"noopener\">La Vanguardia<\/a><\/h2>\t\t\t\t<\/div>\n\t\t\t\t<\/div>\n\t\t\t\t<div class=\"elementor-element elementor-element-00d7c2e elementor-widget-divider--view-line elementor-widget elementor-widget-divider\" data-id=\"00d7c2e\" data-element_type=\"widget\" data-widget_type=\"divider.default\">\n\t\t\t\t<div class=\"elementor-widget-container\">\n\t\t\t\t\t\t\t<div class=\"elementor-divider\">\n\t\t\t<span class=\"elementor-divider-separator\">\n\t\t\t\t\t\t<\/span>\n\t\t<\/div>\n\t\t\t\t\t\t<\/div>\n\t\t\t\t<\/div>\n\t\t\t\t<div class=\"elementor-element elementor-element-e0508a0 elementor-widget__width-initial elementor-widget elementor-widget-heading\" data-id=\"e0508a0\" data-element_type=\"widget\" data-widget_type=\"heading.default\">\n\t\t\t\t<div class=\"elementor-widget-container\">\n\t\t\t\t\t<h3 class=\"elementor-heading-title elementor-size-default\"><a href=\"https:\/\/www.lavanguardia.com\/economia\/20160422\/401279533725\/nuevo-tomate-semillas-fito-grup-gava-monterosa.html\" target=\"_blank\" rel=\"noopener\">A new tomato is invading Europe (ESP)<\/a><\/h3>\t\t\t\t<\/div>\n\t\t\t\t<\/div>\n\t\t\t\t<div class=\"elementor-element elementor-element-adf9c09 elementor-widget-divider--view-line elementor-widget elementor-widget-divider\" data-id=\"adf9c09\" data-element_type=\"widget\" data-widget_type=\"divider.default\">\n\t\t\t\t<div class=\"elementor-widget-container\">\n\t\t\t\t\t\t\t<div class=\"elementor-divider\">\n\t\t\t<span class=\"elementor-divider-separator\">\n\t\t\t\t\t\t<\/span>\n\t\t<\/div>\n\t\t\t\t\t\t<\/div>\n\t\t\t\t<\/div>\n\t\t\t\t<div class=\"elementor-element elementor-element-2e988ec elementor-widget__width-auto elementor-widget elementor-widget-heading\" data-id=\"2e988ec\" data-element_type=\"widget\" data-widget_type=\"heading.default\">\n\t\t\t\t<div class=\"elementor-widget-container\">\n\t\t\t\t\t<p class=\"elementor-heading-title elementor-size-default\"><a href=\"https:\/\/www.lavanguardia.com\/economia\/20160422\/401279533725\/nuevo-tomate-semillas-fito-grup-gava-monterosa.html\" target=\"_blank\" rel=\"noopener\">22 Apr 2016<\/a><\/p>\t\t\t\t<\/div>\n\t\t\t\t<\/div>\n\t\t\t\t<div class=\"elementor-element elementor-element-3ce6bd7 elementor-widget__width-auto elementor-widget elementor-widget-wd_button\" data-id=\"3ce6bd7\" data-element_type=\"widget\" data-widget_type=\"wd_button.default\">\n\t\t\t\t<div class=\"elementor-widget-container\">\n\t\t\t\t\t\t\t<div class=\"wd-button-wrapper text-left\" >\n\t\t\t<a class=\"btn btn-style-link btn-shape- btn-size-extra-small btn-color-primary btn-icon-pos-right\" href=\"https:\/\/www.lavanguardia.com\/economia\/20160422\/401279533725\/nuevo-tomate-semillas-fito-grup-gava-monterosa.html\" target=\"_blank\" rel=\"noopener\">\n\t\t\t\t<span class=\"wd-btn-text\" data-elementor-setting-key=\"text\">\n\t\t\t\t\tGo to the news\t\t\t\t<\/span>\n\n\t\t\t\t\t\t\t<\/a>\n\t\t<\/div>\n\t\t\t\t\t\t<\/div>\n\t\t\t\t<\/div>\n\t\t\t\t<\/div>\n\t\t<div data-particle_enable=\"false\" data-particle-mobile-disabled=\"false\" class=\"elementor-element elementor-element-b2691f4 e-con-full e-flex e-con e-child\" data-id=\"b2691f4\" data-element_type=\"container\">\n\t\t\t\t<div class=\"elementor-element elementor-element-f17ac4f elementor-widget elementor-widget-heading\" data-id=\"f17ac4f\" data-element_type=\"widget\" data-widget_type=\"heading.default\">\n\t\t\t\t<div class=\"elementor-widget-container\">\n\t\t\t\t\t<h2 class=\"elementor-heading-title elementor-size-default\"><a href=\"https:\/\/www.freshplaza.es\/article\/95619\/El-mercado-carece-de-tomates-con-sabor\/\" target=\"_blank\" rel=\"noopener\">Freshplaza<\/a><\/h2>\t\t\t\t<\/div>\n\t\t\t\t<\/div>\n\t\t\t\t<div class=\"elementor-element elementor-element-744be46 elementor-widget-divider--view-line elementor-widget elementor-widget-divider\" data-id=\"744be46\" data-element_type=\"widget\" data-widget_type=\"divider.default\">\n\t\t\t\t<div class=\"elementor-widget-container\">\n\t\t\t\t\t\t\t<div class=\"elementor-divider\">\n\t\t\t<span class=\"elementor-divider-separator\">\n\t\t\t\t\t\t<\/span>\n\t\t<\/div>\n\t\t\t\t\t\t<\/div>\n\t\t\t\t<\/div>\n\t\t\t\t<div class=\"elementor-element elementor-element-b12d246 elementor-widget__width-initial elementor-widget elementor-widget-heading\" data-id=\"b12d246\" data-element_type=\"widget\" data-widget_type=\"heading.default\">\n\t\t\t\t<div class=\"elementor-widget-container\">\n\t\t\t\t\t<h3 class=\"elementor-heading-title elementor-size-default\"><a href=\"https:\/\/www.freshplaza.es\/article\/95619\/El-mercado-carece-de-tomates-con-sabor\/\" target=\"_blank\" rel=\"noopener\">A dearth of tasty tomatoes in the sector (ESP)<\/a><\/h3>\t\t\t\t<\/div>\n\t\t\t\t<\/div>\n\t\t\t\t<div class=\"elementor-element elementor-element-f171b86 elementor-widget-divider--view-line elementor-widget elementor-widget-divider\" data-id=\"f171b86\" data-element_type=\"widget\" data-widget_type=\"divider.default\">\n\t\t\t\t<div class=\"elementor-widget-container\">\n\t\t\t\t\t\t\t<div class=\"elementor-divider\">\n\t\t\t<span class=\"elementor-divider-separator\">\n\t\t\t\t\t\t<\/span>\n\t\t<\/div>\n\t\t\t\t\t\t<\/div>\n\t\t\t\t<\/div>\n\t\t\t\t<div class=\"elementor-element elementor-element-cbf1131 elementor-widget__width-auto elementor-widget elementor-widget-heading\" data-id=\"cbf1131\" data-element_type=\"widget\" data-widget_type=\"heading.default\">\n\t\t\t\t<div class=\"elementor-widget-container\">\n\t\t\t\t\t<p class=\"elementor-heading-title elementor-size-default\"><a href=\"https:\/\/www.freshplaza.es\/article\/95619\/El-mercado-carece-de-tomates-con-sabor\/\" target=\"_blank\" rel=\"noopener\">23 Feb 2016<\/a><\/p>\t\t\t\t<\/div>\n\t\t\t\t<\/div>\n\t\t\t\t<div class=\"elementor-element elementor-element-4d20a2e elementor-widget__width-auto elementor-widget elementor-widget-wd_button\" data-id=\"4d20a2e\" data-element_type=\"widget\" data-widget_type=\"wd_button.default\">\n\t\t\t\t<div class=\"elementor-widget-container\">\n\t\t\t\t\t\t\t<div class=\"wd-button-wrapper text-left\" >\n\t\t\t<a class=\"btn btn-style-link btn-shape- btn-size-extra-small btn-color-primary btn-icon-pos-right\" href=\"https:\/\/www.freshplaza.es\/article\/95619\/El-mercado-carece-de-tomates-con-sabor\/\" target=\"_blank\" rel=\"noopener\">\n\t\t\t\t<span class=\"wd-btn-text\" data-elementor-setting-key=\"text\">\n\t\t\t\t\tGo to the news\t\t\t\t<\/span>\n\n\t\t\t\t\t\t\t<\/a>\n\t\t<\/div>\n\t\t\t\t\t\t<\/div>\n\t\t\t\t<\/div>\n\t\t\t\t<\/div>\n\t\t<div data-particle_enable=\"false\" data-particle-mobile-disabled=\"false\" class=\"elementor-element elementor-element-813be8e e-con-full e-flex e-con e-child\" data-id=\"813be8e\" data-element_type=\"container\">\n\t\t\t\t<div class=\"elementor-element elementor-element-69cceed elementor-widget elementor-widget-heading\" data-id=\"69cceed\" data-element_type=\"widget\" data-widget_type=\"heading.default\">\n\t\t\t\t<div class=\"elementor-widget-container\">\n\t\t\t\t\t<h2 class=\"elementor-heading-title elementor-size-default\"><a href=\"https:\/\/www.iriacastro.com\/iria-castro-en-el-showcooking-de-tomate-monterosa\/\" target=\"_blank\" rel=\"noopener\">Iria Castro Catering<\/a><\/h2>\t\t\t\t<\/div>\n\t\t\t\t<\/div>\n\t\t\t\t<div class=\"elementor-element elementor-element-2706ef9 elementor-widget-divider--view-line elementor-widget elementor-widget-divider\" data-id=\"2706ef9\" data-element_type=\"widget\" data-widget_type=\"divider.default\">\n\t\t\t\t<div class=\"elementor-widget-container\">\n\t\t\t\t\t\t\t<div class=\"elementor-divider\">\n\t\t\t<span class=\"elementor-divider-separator\">\n\t\t\t\t\t\t<\/span>\n\t\t<\/div>\n\t\t\t\t\t\t<\/div>\n\t\t\t\t<\/div>\n\t\t\t\t<div class=\"elementor-element elementor-element-832ae34 elementor-widget__width-initial elementor-widget elementor-widget-heading\" data-id=\"832ae34\" data-element_type=\"widget\" data-widget_type=\"heading.default\">\n\t\t\t\t<div class=\"elementor-widget-container\">\n\t\t\t\t\t<h3 class=\"elementor-heading-title elementor-size-default\"><a href=\"https:\/\/www.iriacastro.com\/iria-castro-en-el-showcooking-de-tomate-monterosa\/\" target=\"_blank\" rel=\"noopener\">Iria Castro presents Monterosa<\/a><\/h3>\t\t\t\t<\/div>\n\t\t\t\t<\/div>\n\t\t\t\t<div class=\"elementor-element elementor-element-180e7cc elementor-widget__width-initial elementor-widget elementor-widget-heading\" data-id=\"180e7cc\" data-element_type=\"widget\" data-widget_type=\"heading.default\">\n\t\t\t\t<div class=\"elementor-widget-container\">\n\t\t\t\t\t<p class=\"elementor-heading-title elementor-size-default\"><a href=\"https:\/\/www.iriacastro.com\/iria-castro-en-el-showcooking-de-tomate-monterosa\/\" target=\"_blank\" rel=\"noopener\">It was a pleasure to work with the faboulous chef Iria Castro in the Monterosa showcooking we organized for the last Fruit Attraction event in Madrid! We loved her tips!<\/a><\/p>\t\t\t\t<\/div>\n\t\t\t\t<\/div>\n\t\t\t\t<div class=\"elementor-element elementor-element-86c6050 elementor-widget__width-auto elementor-widget elementor-widget-heading\" data-id=\"86c6050\" data-element_type=\"widget\" data-widget_type=\"heading.default\">\n\t\t\t\t<div class=\"elementor-widget-container\">\n\t\t\t\t\t<p class=\"elementor-heading-title elementor-size-default\"><a href=\"https:\/\/www.iriacastro.com\/iria-castro-en-el-showcooking-de-tomate-monterosa\/\" target=\"_blank\" rel=\"noopener\">29 sep 2016<\/a><\/p>\t\t\t\t<\/div>\n\t\t\t\t<\/div>\n\t\t\t\t<div class=\"elementor-element elementor-element-dcd64b2 elementor-widget__width-auto elementor-widget elementor-widget-wd_button\" data-id=\"dcd64b2\" data-element_type=\"widget\" data-widget_type=\"wd_button.default\">\n\t\t\t\t<div class=\"elementor-widget-container\">\n\t\t\t\t\t\t\t<div class=\"wd-button-wrapper text-left\" >\n\t\t\t<a class=\"btn btn-style-link btn-shape- btn-size-extra-small btn-color-primary btn-icon-pos-right\" href=\"https:\/\/www.iriacastro.com\/iria-castro-en-el-showcooking-de-tomate-monterosa\/\" target=\"_blank\" rel=\"noopener\">\n\t\t\t\t<span class=\"wd-btn-text\" data-elementor-setting-key=\"text\">\n\t\t\t\t\tGo to the news\t\t\t\t<\/span>\n\n\t\t\t\t\t\t\t<\/a>\n\t\t<\/div>\n\t\t\t\t\t\t<\/div>\n\t\t\t\t<\/div>\n\t\t\t\t<\/div>\n\t\t\t\t\t<\/div>\n\t\t\t\t<\/div>\n\t\t<div data-particle_enable=\"false\" data-particle-mobile-disabled=\"false\" class=\"wd-negative-gap elementor-element elementor-element-685cd17 e-flex e-con-boxed e-con e-parent\" data-id=\"685cd17\" data-element_type=\"container\">\n\t\t\t\t\t<div class=\"e-con-inner\">\n\t\t<div data-particle_enable=\"false\" data-particle-mobile-disabled=\"false\" class=\"elementor-element elementor-element-9c828f2 e-con-full e-flex e-con e-child\" data-id=\"9c828f2\" data-element_type=\"container\">\n\t\t\t\t<div class=\"elementor-element elementor-element-9b18102 elementor-widget elementor-widget-heading\" data-id=\"9b18102\" data-element_type=\"widget\" data-widget_type=\"heading.default\">\n\t\t\t\t<div class=\"elementor-widget-container\">\n\t\t\t\t\t<h2 class=\"elementor-heading-title elementor-size-default\"><a href=\"https:\/\/www.directoalpaladar.com\/recetas-de-ensaladas\/ensalada-de-burrata-italiana-tomate-monterosa-y-germinados-con-sal-de-aceitunas-negras-receta-facil-y-rapida\" rel=\"noopener\">Directo al Paladar<\/a><\/h2>\t\t\t\t<\/div>\n\t\t\t\t<\/div>\n\t\t\t\t<div class=\"elementor-element elementor-element-c0508d8 elementor-widget-divider--view-line elementor-widget elementor-widget-divider\" data-id=\"c0508d8\" data-element_type=\"widget\" data-widget_type=\"divider.default\">\n\t\t\t\t<div class=\"elementor-widget-container\">\n\t\t\t\t\t\t\t<div class=\"elementor-divider\">\n\t\t\t<span class=\"elementor-divider-separator\">\n\t\t\t\t\t\t<\/span>\n\t\t<\/div>\n\t\t\t\t\t\t<\/div>\n\t\t\t\t<\/div>\n\t\t\t\t<div class=\"elementor-element elementor-element-7649a65 elementor-widget__width-initial elementor-widget elementor-widget-heading\" data-id=\"7649a65\" data-element_type=\"widget\" data-widget_type=\"heading.default\">\n\t\t\t\t<div class=\"elementor-widget-container\">\n\t\t\t\t\t<h3 class=\"elementor-heading-title elementor-size-default\"><a href=\"https:\/\/www.directoalpaladar.com\/recetas-de-ensaladas\/ensalada-de-burrata-italiana-tomate-monterosa-y-germinados-con-sal-de-aceitunas-negras-receta-facil-y-rapida\" target=\"_blank\" rel=\"noopener\">Italian burrata salad with Monterosa, sprouts and salt of black olives.<\/a><\/h3>\t\t\t\t<\/div>\n\t\t\t\t<\/div>\n\t\t\t\t<div class=\"elementor-element elementor-element-bc790ed elementor-widget__width-initial elementor-widget elementor-widget-heading\" data-id=\"bc790ed\" data-element_type=\"widget\" data-widget_type=\"heading.default\">\n\t\t\t\t<div class=\"elementor-widget-container\">\n\t\t\t\t\t<p class=\"elementor-heading-title elementor-size-default\"><a href=\"https:\/\/www.directoalpaladar.com\/recetas-de-ensaladas\/ensalada-de-burrata-italiana-tomate-monterosa-y-germinados-con-sal-de-aceitunas-negras-receta-facil-y-rapida\" target=\"_blank\" rel=\"noopener\">The Spanish gastronomy blog Directo al Paladar would like to join our fan club with a quick and easy recipe for an Italian salad with our delicious Monterosa tomatoes as the star ingredient.<\/a><\/p>\t\t\t\t<\/div>\n\t\t\t\t<\/div>\n\t\t\t\t<div class=\"elementor-element elementor-element-b9426f4 elementor-widget__width-auto elementor-widget elementor-widget-heading\" data-id=\"b9426f4\" data-element_type=\"widget\" data-widget_type=\"heading.default\">\n\t\t\t\t<div class=\"elementor-widget-container\">\n\t\t\t\t\t<p class=\"elementor-heading-title elementor-size-default\"><a href=\"https:\/\/www.directoalpaladar.com\/recetas-de-ensaladas\/ensalada-de-burrata-italiana-tomate-monterosa-y-germinados-con-sal-de-aceitunas-negras-receta-facil-y-rapida\" target=\"_blank\" rel=\"noopener\">5 dic 2017<\/a><\/p>\t\t\t\t<\/div>\n\t\t\t\t<\/div>\n\t\t\t\t<div class=\"elementor-element elementor-element-df85c9b elementor-widget__width-auto elementor-widget elementor-widget-wd_button\" data-id=\"df85c9b\" data-element_type=\"widget\" data-widget_type=\"wd_button.default\">\n\t\t\t\t<div class=\"elementor-widget-container\">\n\t\t\t\t\t\t\t<div class=\"wd-button-wrapper text-left\" >\n\t\t\t<a class=\"btn btn-style-link btn-shape- btn-size-extra-small btn-color-primary btn-icon-pos-right\" href=\"https:\/\/www.directoalpaladar.com\/recetas-de-ensaladas\/ensalada-de-burrata-italiana-tomate-monterosa-y-germinados-con-sal-de-aceitunas-negras-receta-facil-y-rapida\" target=\"_blank\" rel=\"noopener\">\n\t\t\t\t<span class=\"wd-btn-text\" data-elementor-setting-key=\"text\">\n\t\t\t\t\tGo to the news\t\t\t\t<\/span>\n\n\t\t\t\t\t\t\t<\/a>\n\t\t<\/div>\n\t\t\t\t\t\t<\/div>\n\t\t\t\t<\/div>\n\t\t\t\t<\/div>\n\t\t\t\t\t<\/div>\n\t\t\t\t<\/div>\n\t\t<div data-particle_enable=\"false\" data-particle-mobile-disabled=\"false\" class=\"wd-negative-gap elementor-element elementor-element-773f575 e-flex e-con-boxed e-con e-parent\" data-id=\"773f575\" data-element_type=\"container\">\n\t\t\t\t\t<div class=\"e-con-inner\">\n\t\t\t\t<div class=\"elementor-element elementor-element-85aa4dd elementor-widget elementor-widget-video\" data-id=\"85aa4dd\" data-element_type=\"widget\" data-settings=\"{&quot;youtube_url&quot;:&quot;https:\\\/\\\/www.youtube.com\\\/watch?v=l_VqL-E_MIk&quot;,&quot;video_type&quot;:&quot;youtube&quot;,&quot;controls&quot;:&quot;yes&quot;}\" data-widget_type=\"video.default\">\n\t\t\t\t<div class=\"elementor-widget-container\">\n\t\t\t\t\t\t\t<div class=\"elementor-wrapper elementor-open-inline\">\n\t\t\t<div class=\"elementor-video\"><\/div>\t\t<\/div>\n\t\t\t\t\t\t<\/div>\n\t\t\t\t<\/div>\n\t\t\t\t\t<\/div>\n\t\t\t\t<\/div>\n\t\t\t\t<\/div>\n\t\t","protected":false},"excerpt":{"rendered":"<p>They talk about us Delicias Kitchen The perfect tomato for vegan recipes The Delicias Kitchen vegan blog is one of<\/p>\n","protected":false},"author":1,"featured_media":0,"parent":0,"menu_order":0,"comment_status":"closed","ping_status":"closed","template":"","meta":{"_acf_changed":false,"footnotes":""},"class_list":["post-22696","page","type-page","status-publish","hentry"],"acf":[],"_links":{"self":[{"href":"https:\/\/www.tomatomonterosa.com\/en\/wp-json\/wp\/v2\/pages\/22696","targetHints":{"allow":["GET"]}}],"collection":[{"href":"https:\/\/www.tomatomonterosa.com\/en\/wp-json\/wp\/v2\/pages"}],"about":[{"href":"https:\/\/www.tomatomonterosa.com\/en\/wp-json\/wp\/v2\/types\/page"}],"author":[{"embeddable":true,"href":"https:\/\/www.tomatomonterosa.com\/en\/wp-json\/wp\/v2\/users\/1"}],"replies":[{"embeddable":true,"href":"https:\/\/www.tomatomonterosa.com\/en\/wp-json\/wp\/v2\/comments?post=22696"}],"version-history":[{"count":0,"href":"https:\/\/www.tomatomonterosa.com\/en\/wp-json\/wp\/v2\/pages\/22696\/revisions"}],"wp:attachment":[{"href":"https:\/\/www.tomatomonterosa.com\/en\/wp-json\/wp\/v2\/media?parent=22696"}],"curies":[{"name":"wp","href":"https:\/\/api.w.org\/{rel}","templated":true}]}}