{"id":29781,"date":"2025-12-19T16:08:15","date_gmt":"2025-12-19T16:08:15","guid":{"rendered":"https:\/\/www.tomatomonterosa.com\/sandra-pareja\/"},"modified":"2025-12-19T16:44:56","modified_gmt":"2025-12-19T16:44:56","slug":"sandra-pareja","status":"publish","type":"page","link":"https:\/\/www.tomatomonterosa.com\/ca\/sandra-pareja\/","title":{"rendered":"Sandra Pareja"},"content":{"rendered":"\t\t<div data-elementor-type=\"wp-page\" data-elementor-id=\"29781\" class=\"elementor elementor-29781 elementor-29616\" data-elementor-post-type=\"page\">\n\t\t\t\t<div data-particle_enable=\"false\" data-particle-mobile-disabled=\"false\" class=\"elementor-element elementor-element-3582e6f e-con-full wd-section-stretch-content e-flex e-con e-parent\" data-id=\"3582e6f\" data-element_type=\"container\" data-settings=\"{&quot;background_background&quot;:&quot;classic&quot;}\">\n\t\t\t\t<\/div>\n\t\t<div data-particle_enable=\"false\" data-particle-mobile-disabled=\"false\" class=\"wd-negative-gap elementor-element elementor-element-00b1376 wd-section-stretch-content e-flex e-con-boxed e-con e-parent\" data-id=\"00b1376\" data-element_type=\"container\" data-settings=\"{&quot;background_background&quot;:&quot;classic&quot;}\">\n\t\t\t\t\t<div class=\"e-con-inner\">\n\t\t\t\t<div class=\"elementor-element elementor-element-0f7b7d6 elementor-widget__width-initial elementor-widget-mobile__width-inherit color-scheme-inherit text-left elementor-widget elementor-widget-text-editor\" data-id=\"0f7b7d6\" data-element_type=\"widget\" data-widget_type=\"text-editor.default\">\n\t\t\t\t<div class=\"elementor-widget-container\">\n\t\t\t\t\t\t\t\t\t<p data-start=\"94\" data-end=\"291\">A Monterosa celebrem 10 anys de sabor i ho fem acompanyats de @delisandrap, creadora de contingut gastron\u00f2mic que destaca per una cuina propera, senzilla i pensada per gaudir sense complicacions.<\/p>\n<p><\/p>\n<p data-start=\"298\" data-end=\"438\">La seva manera de cuinar encaixa a la perfecci\u00f3 amb la nostra filosofia: bon producte, combinacions equilibrades i receptes que funcionen.<\/p>\n<p><\/p>\n<p data-start=\"445\" data-end=\"644\">D\u2019aquesta col\u00b7laboraci\u00f3 neix una proposta f\u00e0cil i deliciosa, on el Tom\u00e0quet Monterosa \u00e9s l\u2019aut\u00e8ntic protagonista. Dues receptes que demostren que, quan el tom\u00e0quet \u00e9s bo, no cal res m\u00e9s per celebrar.<\/p>\n\t\t\t\t\t\t\t\t<\/div>\n\t\t\t\t<\/div>\n\t\t\t\t\t<\/div>\n\t\t\t\t<\/div>\n\t\t<div data-particle_enable=\"false\" data-particle-mobile-disabled=\"false\" class=\"wd-negative-gap elementor-element elementor-element-30a893f e-flex e-con-boxed e-con e-parent\" data-id=\"30a893f\" data-element_type=\"container\">\n\t\t\t\t\t<div class=\"e-con-inner\">\n\t\t<div data-particle_enable=\"false\" data-particle-mobile-disabled=\"false\" class=\"elementor-element elementor-element-2a82c1b e-con-full e-flex e-con e-child\" data-id=\"2a82c1b\" data-element_type=\"container\">\n\t\t\t\t<div class=\"elementor-element elementor-element-6bc18df elementor-widget__width-initial elementor-widget-mobile__width-inherit color-scheme-inherit text-left elementor-widget elementor-widget-text-editor\" data-id=\"6bc18df\" data-element_type=\"widget\" data-widget_type=\"text-editor.default\">\n\t\t\t\t<div class=\"elementor-widget-container\">\n\t\t\t\t\t\t\t\t\t<p data-start=\"94\" data-end=\"270\"><strong data-start=\"94\" data-end=\"131\">Recepta de carpaccio irresistible<\/strong>, preparada amb el tom\u00e0quet que sap a tom\u00e0quet. Una recepta senzilla, fresca i plena de sabor, on el producte \u00e9s l\u2019aut\u00e8ntic protagonista.<\/p>\n<p><\/p>\n<p data-start=\"277\" data-end=\"367\"><strong data-start=\"277\" data-end=\"293\">Ingredients:<\/strong> Tom\u00e0quets Monterosa, bacall\u00e0 fumat, AOVE, pebre vermell fumat i orenga.<\/p>\n<p><\/p>\n<p data-start=\"374\" data-end=\"391\"><strong data-start=\"374\" data-end=\"389\">Preparaci\u00f3:<\/strong><\/p>\n<p><\/p>\n<p data-start=\"398\" data-end=\"564\">Talla el Tom\u00e0quet Monterosa en l\u00e0mines fines. Afegeix al plat l\u2019AOVE, el pebre vermell i l\u2019orenga, col\u00b7loca el tom\u00e0quet i acaba amb la vinagreta i el bacall\u00e0 fumat.<\/p>\n<p><\/p>\n<p data-start=\"571\" data-end=\"592\">Tan f\u00e0cil com bona \ud83c\udf45<\/p>\n\t\t\t\t\t\t\t\t<\/div>\n\t\t\t\t<\/div>\n\t\t\t\t<\/div>\n\t\t<div data-particle_enable=\"false\" data-particle-mobile-disabled=\"false\" class=\"elementor-element elementor-element-4546d49 e-con-full e-flex e-con e-child\" data-id=\"4546d49\" data-element_type=\"container\" data-settings=\"{&quot;background_background&quot;:&quot;video&quot;}\">\n\t\t\t\t<div class=\"elementor-element elementor-element-067e7ec elementor-widget elementor-widget-html\" data-id=\"067e7ec\" data-element_type=\"widget\" data-widget_type=\"html.default\">\n\t\t\t\t<div class=\"elementor-widget-container\">\n\t\t\t\t\t<div class=\"video-vertical\">\r\n  <video autoplay muted loop playsinline controls>\r\n    <source src=\"https:\/\/www.tomatomonterosa.com\/wp-content\/uploads\/2025\/12\/Video-Receta-Sandra.mov\" type=\"video\/mp4\">\r\n  <\/video>\r\n<\/div>\r\n\t\t\t\t<\/div>\n\t\t\t\t<\/div>\n\t\t\t\t<\/div>\n\t\t\t\t\t<\/div>\n\t\t\t\t<\/div>\n\t\t<div data-particle_enable=\"false\" data-particle-mobile-disabled=\"false\" class=\"wd-negative-gap elementor-element elementor-element-5deb74f e-flex e-con-boxed e-con e-parent\" data-id=\"5deb74f\" data-element_type=\"container\">\n\t\t\t\t\t<div class=\"e-con-inner\">\n\t\t<div data-particle_enable=\"false\" data-particle-mobile-disabled=\"false\" class=\"elementor-element elementor-element-f33b1d2 e-con-full e-flex e-con e-child\" data-id=\"f33b1d2\" data-element_type=\"container\" data-settings=\"{&quot;background_background&quot;:&quot;video&quot;}\">\n\t\t\t\t<div class=\"elementor-element elementor-element-012a66d elementor-widget elementor-widget-html\" data-id=\"012a66d\" data-element_type=\"widget\" data-widget_type=\"html.default\">\n\t\t\t\t<div class=\"elementor-widget-container\">\n\t\t\t\t\t<div class=\"video-vertical\">\r\n  <video autoplay muted loop playsinline controls>\r\n    <source src=\"https:\/\/www.tomatomonterosa.com\/wp-content\/uploads\/2025\/12\/copy_123AFCE9-78DC-4C3F-A5F4-7FBF3FD7E56A.mp4\" type=\"video\/mp4\">\r\n  <\/video>\r\n<\/div>\r\n\t\t\t\t<\/div>\n\t\t\t\t<\/div>\n\t\t\t\t<\/div>\n\t\t<div data-particle_enable=\"false\" data-particle-mobile-disabled=\"false\" class=\"elementor-element elementor-element-f96126e e-con-full e-flex e-con e-child\" data-id=\"f96126e\" data-element_type=\"container\">\n\t\t\t\t<div class=\"elementor-element elementor-element-990c387 elementor-widget__width-initial elementor-widget-mobile__width-inherit color-scheme-inherit text-left elementor-widget elementor-widget-text-editor\" data-id=\"990c387\" data-element_type=\"widget\" data-widget_type=\"text-editor.default\">\n\t\t\t\t<div class=\"elementor-widget-container\">\n\t\t\t\t\t\t\t\t\t<p data-start=\"92\" data-end=\"230\">Tom\u00e0quets Monterosa, burrata cremosa, salsa de t\u00f2fona i una vinagreta casolana d\u2019oli d\u2019oliva, vinagre bals\u00e0mic, sal en escates i orenga.<\/p>\n<p><\/p>\n<p data-start=\"237\" data-end=\"320\">Un plat senzill, on el millor tom\u00e0quet \u00e9s el protagonista i cada ingredient suma.<\/p>\n<p><\/p>\n<p data-start=\"327\" data-end=\"353\" data-is-last-node=\"\">F\u00e0cil, r\u00e0pid i bon\u00edssim \u263a\ufe0f<\/p>\n\t\t\t\t\t\t\t\t<\/div>\n\t\t\t\t<\/div>\n\t\t\t\t<\/div>\n\t\t\t\t\t<\/div>\n\t\t\t\t<\/div>\n\t\t\t\t<\/div>\n\t\t","protected":false},"excerpt":{"rendered":"<p>A Monterosa celebrem 10 anys de sabor i ho fem acompanyats de @delisandrap, creadora de contingut gastron\u00f2mic que destaca per<\/p>\n","protected":false},"author":334,"featured_media":0,"parent":0,"menu_order":0,"comment_status":"closed","ping_status":"closed","template":"","meta":{"_acf_changed":false,"footnotes":""},"class_list":["post-29781","page","type-page","status-publish","hentry"],"acf":[],"_links":{"self":[{"href":"https:\/\/www.tomatomonterosa.com\/ca\/wp-json\/wp\/v2\/pages\/29781","targetHints":{"allow":["GET"]}}],"collection":[{"href":"https:\/\/www.tomatomonterosa.com\/ca\/wp-json\/wp\/v2\/pages"}],"about":[{"href":"https:\/\/www.tomatomonterosa.com\/ca\/wp-json\/wp\/v2\/types\/page"}],"author":[{"embeddable":true,"href":"https:\/\/www.tomatomonterosa.com\/ca\/wp-json\/wp\/v2\/users\/334"}],"replies":[{"embeddable":true,"href":"https:\/\/www.tomatomonterosa.com\/ca\/wp-json\/wp\/v2\/comments?post=29781"}],"version-history":[{"count":7,"href":"https:\/\/www.tomatomonterosa.com\/ca\/wp-json\/wp\/v2\/pages\/29781\/revisions"}],"predecessor-version":[{"id":29826,"href":"https:\/\/www.tomatomonterosa.com\/ca\/wp-json\/wp\/v2\/pages\/29781\/revisions\/29826"}],"wp:attachment":[{"href":"https:\/\/www.tomatomonterosa.com\/ca\/wp-json\/wp\/v2\/media?parent=29781"}],"curies":[{"name":"wp","href":"https:\/\/api.w.org\/{rel}","templated":true}]}}