{"id":29760,"date":"2025-12-19T15:56:48","date_gmt":"2025-12-19T15:56:48","guid":{"rendered":"https:\/\/www.tomatomonterosa.com\/silvia-theblondiekitchen\/"},"modified":"2025-12-19T16:48:11","modified_gmt":"2025-12-19T16:48:11","slug":"silvia-theblondiekitchen","status":"publish","type":"page","link":"https:\/\/www.tomatomonterosa.com\/ca\/silvia-theblondiekitchen\/","title":{"rendered":"Silvia, @theblondiekitchen"},"content":{"rendered":"\t\t<div data-elementor-type=\"wp-page\" data-elementor-id=\"29760\" class=\"elementor elementor-29760 elementor-29629\" data-elementor-post-type=\"page\">\n\t\t\t\t<div data-particle_enable=\"false\" data-particle-mobile-disabled=\"false\" class=\"elementor-element elementor-element-3582e6f e-con-full wd-section-stretch-content e-flex e-con e-parent\" data-id=\"3582e6f\" data-element_type=\"container\" data-settings=\"{&quot;background_background&quot;:&quot;classic&quot;}\">\n\t\t\t\t<\/div>\n\t\t<div data-particle_enable=\"false\" data-particle-mobile-disabled=\"false\" class=\"wd-negative-gap elementor-element elementor-element-00b1376 wd-section-stretch-content e-flex e-con-boxed e-con e-parent\" data-id=\"00b1376\" data-element_type=\"container\" data-settings=\"{&quot;background_background&quot;:&quot;classic&quot;}\">\n\t\t\t\t\t<div class=\"e-con-inner\">\n\t\t\t\t<div class=\"elementor-element elementor-element-0f7b7d6 elementor-widget__width-initial elementor-widget-mobile__width-inherit color-scheme-inherit text-left elementor-widget elementor-widget-text-editor\" data-id=\"0f7b7d6\" data-element_type=\"widget\" data-widget_type=\"text-editor.default\">\n\t\t\t\t<div class=\"elementor-widget-container\">\n\t\t\t\t\t\t\t\t\t<p data-start=\"94\" data-end=\"348\">A Monterosa estem encantats de col\u00b7laborar amb @theblondiekitchen, una creadora gastron\u00f2mica amb base a Barcelona que comparteix receptes casolanes, apetitoses i accessibles per al dia a dia, fetes amb ingredients de tota la vida i sense complicacions.<\/p>\n<p><\/p>\n<p data-start=\"355\" data-end=\"505\">El seu estil fresc i proper porta la cuina tradicional a propostes actuals que inspiren a cuinar amb entusiasme i a gaudir de bona cuina sense estr\u00e8s.<\/p>\n\t\t\t\t\t\t\t\t<\/div>\n\t\t\t\t<\/div>\n\t\t\t\t\t<\/div>\n\t\t\t\t<\/div>\n\t\t<div data-particle_enable=\"false\" data-particle-mobile-disabled=\"false\" class=\"wd-negative-gap elementor-element elementor-element-30a893f e-flex e-con-boxed e-con e-parent\" data-id=\"30a893f\" data-element_type=\"container\">\n\t\t\t\t\t<div class=\"e-con-inner\">\n\t\t<div data-particle_enable=\"false\" data-particle-mobile-disabled=\"false\" class=\"elementor-element elementor-element-2a82c1b e-con-full e-flex e-con e-child\" data-id=\"2a82c1b\" data-element_type=\"container\">\n\t\t\t\t<div class=\"elementor-element elementor-element-6bc18df elementor-widget__width-initial elementor-widget-mobile__width-inherit color-scheme-inherit text-left elementor-widget elementor-widget-text-editor\" data-id=\"6bc18df\" data-element_type=\"widget\" data-widget_type=\"text-editor.default\">\n\t\t\t\t<div class=\"elementor-widget-container\">\n\t\t\t\t\t\t\t\t\t<p>Una amanida fresca i plena de matisos on el Tom\u00e0quet Monterosa \u00e9s el gran protagonista. El seu sabor intens i equilibrat es combina amb la dol\u00e7or natural de l\u2019albercoc i es real\u00e7a amb una vinagreta suau que uneix tots els ingredients.<\/p>\n\t\t\t\t\t\t\t\t<\/div>\n\t\t\t\t<\/div>\n\t\t\t\t<\/div>\n\t\t<div data-particle_enable=\"false\" data-particle-mobile-disabled=\"false\" class=\"elementor-element elementor-element-4546d49 e-con-full e-flex e-con e-child\" data-id=\"4546d49\" data-element_type=\"container\" data-settings=\"{&quot;background_background&quot;:&quot;video&quot;}\">\n\t\t\t\t<div class=\"elementor-element elementor-element-067e7ec elementor-widget elementor-widget-html\" data-id=\"067e7ec\" data-element_type=\"widget\" data-widget_type=\"html.default\">\n\t\t\t\t<div class=\"elementor-widget-container\">\n\t\t\t\t\t<div class=\"video-vertical\">\r\n  <video autoplay muted loop playsinline controls>\r\n    <source src=\"https:\/\/www.tomatomonterosa.com\/wp-content\/uploads\/2025\/12\/Reel_Monterosa_1.mp4\"  type=\"video\/mp4\">\r\n  <\/video>\r\n<\/div>\r\n\t\t\t\t<\/div>\n\t\t\t\t<\/div>\n\t\t\t\t<\/div>\n\t\t\t\t\t<\/div>\n\t\t\t\t<\/div>\n\t\t\t\t<\/div>\n\t\t","protected":false},"excerpt":{"rendered":"<p>A Monterosa estem encantats de col\u00b7laborar amb @theblondiekitchen, una creadora gastron\u00f2mica amb base a Barcelona que comparteix receptes casolanes, apetitoses<\/p>\n","protected":false},"author":334,"featured_media":0,"parent":0,"menu_order":0,"comment_status":"closed","ping_status":"closed","template":"","meta":{"_acf_changed":false,"footnotes":""},"class_list":["post-29760","page","type-page","status-publish","hentry"],"acf":[],"_links":{"self":[{"href":"https:\/\/www.tomatomonterosa.com\/ca\/wp-json\/wp\/v2\/pages\/29760","targetHints":{"allow":["GET"]}}],"collection":[{"href":"https:\/\/www.tomatomonterosa.com\/ca\/wp-json\/wp\/v2\/pages"}],"about":[{"href":"https:\/\/www.tomatomonterosa.com\/ca\/wp-json\/wp\/v2\/types\/page"}],"author":[{"embeddable":true,"href":"https:\/\/www.tomatomonterosa.com\/ca\/wp-json\/wp\/v2\/users\/334"}],"replies":[{"embeddable":true,"href":"https:\/\/www.tomatomonterosa.com\/ca\/wp-json\/wp\/v2\/comments?post=29760"}],"version-history":[{"count":4,"href":"https:\/\/www.tomatomonterosa.com\/ca\/wp-json\/wp\/v2\/pages\/29760\/revisions"}],"predecessor-version":[{"id":29841,"href":"https:\/\/www.tomatomonterosa.com\/ca\/wp-json\/wp\/v2\/pages\/29760\/revisions\/29841"}],"wp:attachment":[{"href":"https:\/\/www.tomatomonterosa.com\/ca\/wp-json\/wp\/v2\/media?parent=29760"}],"curies":[{"name":"wp","href":"https:\/\/api.w.org\/{rel}","templated":true}]}}