{"id":27522,"date":"2024-10-04T14:50:12","date_gmt":"2024-10-04T14:50:12","guid":{"rendered":"https:\/\/www.tomatomonterosa.com\/conservas-dani\/"},"modified":"2024-10-04T15:08:50","modified_gmt":"2024-10-04T15:08:50","slug":"conservas-dani","status":"publish","type":"page","link":"https:\/\/www.tomatomonterosa.com\/ca\/conservas-dani\/","title":{"rendered":"Conservas Dani"},"content":{"rendered":"\t\t<div data-elementor-type=\"wp-page\" data-elementor-id=\"27522\" class=\"elementor elementor-27522 elementor-25239\" data-elementor-post-type=\"page\">\n\t\t\t\t<div data-particle_enable=\"false\" data-particle-mobile-disabled=\"false\" class=\"elementor-element elementor-element-3582e6f e-con-full wd-section-stretch-content e-flex e-con e-parent\" data-id=\"3582e6f\" data-element_type=\"container\" data-settings=\"{&quot;background_background&quot;:&quot;classic&quot;}\">\n\t\t\t\t<\/div>\n\t\t<div data-particle_enable=\"false\" data-particle-mobile-disabled=\"false\" class=\"wd-negative-gap elementor-element elementor-element-00b1376 wd-section-stretch-content e-flex e-con-boxed e-con e-parent\" data-id=\"00b1376\" data-element_type=\"container\" data-settings=\"{&quot;background_background&quot;:&quot;classic&quot;}\">\n\t\t\t\t\t<div class=\"e-con-inner\">\n\t\t\t\t<div class=\"elementor-element elementor-element-0f7b7d6 elementor-widget__width-initial elementor-widget-mobile__width-inherit color-scheme-inherit text-left elementor-widget elementor-widget-text-editor\" data-id=\"0f7b7d6\" data-element_type=\"widget\" data-widget_type=\"text-editor.default\">\n\t\t\t\t<div class=\"elementor-widget-container\">\n\t\t\t\t\t\t\t\t\t<p><b>Explora noves possibilitats culin\u00e0ries amb Conservas Dani i el tom\u00e0quet Monterosa<\/b><\/p>\n<p>Conservas Dani i el tom\u00e0quet Monterosa et conviden a descobrir un m\u00f3n ple de creativitat i de sabor. Des d&#8217;amanides fresques i plenes de vida, fins a aperitius irresistibles, aquests dos ingredients \u00fanics s&#8217;uneixen per transformar cada plat en una aut\u00e8ntica experi\u00e8ncia.<\/p>\n<p>Inspira&#8217;t i gaudeix de l&#8217;aut\u00e8ntic sabor mediterrani en cada mos.<br \/>\nDeixa&#8217;t sorprendre!<\/p>\n\t\t\t\t\t\t\t\t<\/div>\n\t\t\t\t<\/div>\n\t\t\t\t\t<\/div>\n\t\t\t\t<\/div>\n\t\t<div data-particle_enable=\"false\" data-particle-mobile-disabled=\"false\" class=\"elementor-element elementor-element-a7bec33 e-con-full wd-section-stretch-content e-flex e-con e-parent\" data-id=\"a7bec33\" data-element_type=\"container\">\n\t\t<div data-particle_enable=\"false\" data-particle-mobile-disabled=\"false\" class=\"elementor-element elementor-element-c9116f2 e-con-full e-flex e-con e-child\" data-id=\"c9116f2\" data-element_type=\"container\" data-settings=\"{&quot;background_background&quot;:&quot;classic&quot;}\">\n\t\t\t\t<\/div>\n\t\t<div data-particle_enable=\"false\" data-particle-mobile-disabled=\"false\" class=\"elementor-element elementor-element-b1b8106 e-con-full e-flex e-con e-child\" data-id=\"b1b8106\" data-element_type=\"container\">\n\t\t\t\t<div class=\"elementor-element elementor-element-a25e61f elementor-widget__width-initial elementor-widget-mobile__width-initial color-scheme-inherit text-left elementor-widget elementor-widget-text-editor\" data-id=\"a25e61f\" data-element_type=\"widget\" data-widget_type=\"text-editor.default\">\n\t\t\t\t<div class=\"elementor-widget-container\">\n\t\t\t\t\t\t\t\t\tApunta aquesta recepta per aquells dies que no\r\nsaps qu\u00e8 menjar per a sopar!\r\n\r\n1. Renta els tom\u00e0quets Monterosa i talla\u2019ls en rodanxes o en grills, com prefereixis.\r\n\r\n2. Col\u00b7loca-ho en un plat i afegeix filets de verat de Conservas Dani.\r\n\r\n3. Amaneix-ho amb oli i empolsa-ho amb una mica d&#8217;orenga i sal rosa de l&#8217;Him\u00e0laia al gust.\r\n\r\nI llestos! Et presentem una amanida f\u00e0cil, saludable i plena del sabor mediterrani en tan sols uns minuts.\t\t\t\t\t\t\t\t<\/div>\n\t\t\t\t<\/div>\n\t\t\t\t<\/div>\n\t\t\t\t<\/div>\n\t\t<div data-particle_enable=\"false\" data-particle-mobile-disabled=\"false\" class=\"elementor-element elementor-element-8129bb4 e-con-full wd-section-stretch-content e-flex e-con e-parent\" data-id=\"8129bb4\" data-element_type=\"container\">\n\t\t\t\t<div class=\"elementor-element elementor-element-f7e10de elementor-widget elementor-widget-image\" data-id=\"f7e10de\" data-element_type=\"widget\" data-widget_type=\"image.default\">\n\t\t\t\t<div class=\"elementor-widget-container\">\n\t\t\t\t\t\t\t\t\t\t\t\t\t\t\t<img decoding=\"async\" width=\"1366\" height=\"768\" src=\"https:\/\/www.tomatomonterosa.com\/wp-content\/uploads\/2024\/09\/conservas-dani3.jpg\" class=\"attachment-full size-full wp-image-25249\" alt=\"\" srcset=\"https:\/\/www.tomatomonterosa.com\/wp-content\/uploads\/2024\/09\/conservas-dani3.jpg 1366w, https:\/\/www.tomatomonterosa.com\/wp-content\/uploads\/2024\/09\/conservas-dani3-300x169.jpg 300w, https:\/\/www.tomatomonterosa.com\/wp-content\/uploads\/2024\/09\/conservas-dani3-1024x576.jpg 1024w, https:\/\/www.tomatomonterosa.com\/wp-content\/uploads\/2024\/09\/conservas-dani3-150x84.jpg 150w, https:\/\/www.tomatomonterosa.com\/wp-content\/uploads\/2024\/09\/conservas-dani3-768x432.jpg 768w\" sizes=\"(max-width: 1366px) 100vw, 1366px\" title=\"\">\t\t\t\t\t\t\t\t\t\t\t\t\t\t\t<\/div>\n\t\t\t\t<\/div>\n\t\t\t\t<\/div>\n\t\t\t\t<\/div>\n\t\t","protected":false},"excerpt":{"rendered":"<p>Explora noves possibilitats culin\u00e0ries amb Conservas Dani i el tom\u00e0quet Monterosa Conservas Dani i el tom\u00e0quet Monterosa et conviden a<\/p>\n","protected":false},"author":333,"featured_media":0,"parent":0,"menu_order":0,"comment_status":"closed","ping_status":"closed","template":"","meta":{"_acf_changed":false,"footnotes":""},"class_list":["post-27522","page","type-page","status-publish","hentry"],"acf":[],"_links":{"self":[{"href":"https:\/\/www.tomatomonterosa.com\/ca\/wp-json\/wp\/v2\/pages\/27522","targetHints":{"allow":["GET"]}}],"collection":[{"href":"https:\/\/www.tomatomonterosa.com\/ca\/wp-json\/wp\/v2\/pages"}],"about":[{"href":"https:\/\/www.tomatomonterosa.com\/ca\/wp-json\/wp\/v2\/types\/page"}],"author":[{"embeddable":true,"href":"https:\/\/www.tomatomonterosa.com\/ca\/wp-json\/wp\/v2\/users\/333"}],"replies":[{"embeddable":true,"href":"https:\/\/www.tomatomonterosa.com\/ca\/wp-json\/wp\/v2\/comments?post=27522"}],"version-history":[{"count":0,"href":"https:\/\/www.tomatomonterosa.com\/ca\/wp-json\/wp\/v2\/pages\/27522\/revisions"}],"wp:attachment":[{"href":"https:\/\/www.tomatomonterosa.com\/ca\/wp-json\/wp\/v2\/media?parent=27522"}],"curies":[{"name":"wp","href":"https:\/\/api.w.org\/{rel}","templated":true}]}}