{"id":24686,"date":"2024-04-18T08:36:20","date_gmt":"2024-04-18T08:36:20","guid":{"rendered":"https:\/\/www.tomatomonterosa.com\/premsa\/"},"modified":"2025-12-15T16:01:24","modified_gmt":"2025-12-15T16:01:24","slug":"premsa","status":"publish","type":"page","link":"https:\/\/www.tomatomonterosa.com\/ca\/premsa\/","title":{"rendered":"Premsa"},"content":{"rendered":"\t\t<div data-elementor-type=\"wp-page\" data-elementor-id=\"24686\" class=\"elementor elementor-24686 elementor-16566\" data-elementor-post-type=\"page\">\n\t\t\t\t<div data-particle_enable=\"false\" data-particle-mobile-disabled=\"false\" class=\"elementor-element elementor-element-29acbf7d wd-section-stretch-content e-flex e-con-boxed e-con e-parent\" data-id=\"29acbf7d\" data-element_type=\"container\" data-settings=\"{&quot;background_background&quot;:&quot;classic&quot;}\">\n\t\t\t\t\t<div class=\"e-con-inner\">\n\t\t\t\t<div class=\"elementor-element elementor-element-3c28c0ea elementor-widget__width-inherit elementor-absolute elementor-widget elementor-widget-heading\" data-id=\"3c28c0ea\" data-element_type=\"widget\" data-settings=\"{&quot;_position&quot;:&quot;absolute&quot;}\" data-widget_type=\"heading.default\">\n\t\t\t\t<div class=\"elementor-widget-container\">\n\t\t\t\t\t<h1 class=\"elementor-heading-title elementor-size-default\">Parlen de <br>nosaltres<\/h1>\t\t\t\t<\/div>\n\t\t\t\t<\/div>\n\t\t\t\t\t<\/div>\n\t\t\t\t<\/div>\n\t\t<div data-particle_enable=\"false\" data-particle-mobile-disabled=\"false\" class=\"wd-negative-gap elementor-element elementor-element-7765048 e-flex e-con-boxed e-con e-parent\" data-id=\"7765048\" data-element_type=\"container\">\n\t\t\t\t\t<div class=\"e-con-inner\">\n\t\t<div data-particle_enable=\"false\" data-particle-mobile-disabled=\"false\" class=\"elementor-element elementor-element-39213a2 e-con-full e-flex e-con e-child\" data-id=\"39213a2\" data-element_type=\"container\">\n\t\t\t\t<div class=\"elementor-element elementor-element-633a725 elementor-widget elementor-widget-heading\" data-id=\"633a725\" data-element_type=\"widget\" data-widget_type=\"heading.default\">\n\t\t\t\t<div class=\"elementor-widget-container\">\n\t\t\t\t\t<h2 class=\"elementor-heading-title elementor-size-default\"><a href=\"https:\/\/fyh.es\/monterosa-cumple-10-anos-y-da-el-salto-a-la-television\/\" target=\"_blank\" rel=\"noopener\">F&amp;H<\/a><\/h2>\t\t\t\t<\/div>\n\t\t\t\t<\/div>\n\t\t\t\t<div class=\"elementor-element elementor-element-3211b59 elementor-widget-divider--view-line elementor-widget elementor-widget-divider\" data-id=\"3211b59\" data-element_type=\"widget\" data-widget_type=\"divider.default\">\n\t\t\t\t<div class=\"elementor-widget-container\">\n\t\t\t\t\t\t\t<div class=\"elementor-divider\">\n\t\t\t<span class=\"elementor-divider-separator\">\n\t\t\t\t\t\t<\/span>\n\t\t<\/div>\n\t\t\t\t\t\t<\/div>\n\t\t\t\t<\/div>\n\t\t\t\t<div class=\"elementor-element elementor-element-8b89b5d elementor-widget__width-initial elementor-widget elementor-widget-heading\" data-id=\"8b89b5d\" data-element_type=\"widget\" data-widget_type=\"heading.default\">\n\t\t\t\t<div class=\"elementor-widget-container\">\n\t\t\t\t\t<h3 class=\"elementor-heading-title elementor-size-default\"><a href=\"https:\/\/fyh.es\/monterosa-cumple-10-anos-y-da-el-salto-a-la-television\/\" target=\"_blank\" rel=\"noopener\">Monterosa fa 10 anys i fa el salt a la televisi\u00f3<\/a><\/h3>\t\t\t\t<\/div>\n\t\t\t\t<\/div>\n\t\t\t\t<div class=\"elementor-element elementor-element-6b226ab elementor-widget__width-initial elementor-widget elementor-widget-heading\" data-id=\"6b226ab\" data-element_type=\"widget\" data-widget_type=\"heading.default\">\n\t\t\t\t<div class=\"elementor-widget-container\">\n\t\t\t\t\t<p class=\"elementor-heading-title elementor-size-default\"><a href=\"https:\/\/fyh.es\/monterosa-cumple-10-anos-y-da-el-salto-a-la-television\/\" target=\"_blank\" rel=\"noopener\">La marca de tom\u00e0quet desenvolupada per Semillas Fit\u00f3 commemora deu anys cultivant valor amb Granada La Palma, Saborum i Patricia Pilar, i presenta el seu primer espot per posar en valor tot el que hi ha darrere de l'etiqueta.<\/a><\/p>\t\t\t\t<\/div>\n\t\t\t\t<\/div>\n\t\t\t\t<div class=\"elementor-element elementor-element-fb6d205 elementor-widget__width-auto elementor-widget elementor-widget-heading\" data-id=\"fb6d205\" data-element_type=\"widget\" data-widget_type=\"heading.default\">\n\t\t\t\t<div class=\"elementor-widget-container\">\n\t\t\t\t\t<p class=\"elementor-heading-title elementor-size-default\"><a href=\"https:\/\/fyh.es\/monterosa-cumple-10-anos-y-da-el-salto-a-la-television\/\" target=\"_blank\" rel=\"noopener\">15 desembre 2025\n<\/a><\/p>\t\t\t\t<\/div>\n\t\t\t\t<\/div>\n\t\t\t\t<div class=\"elementor-element elementor-element-0f723d3 elementor-widget__width-auto elementor-widget elementor-widget-wd_button\" data-id=\"0f723d3\" data-element_type=\"widget\" data-widget_type=\"wd_button.default\">\n\t\t\t\t<div class=\"elementor-widget-container\">\n\t\t\t\t\t\t\t<div class=\"wd-button-wrapper text-left\" >\n\t\t\t<a class=\"btn btn-style-link btn-shape- btn-size-extra-small btn-color-primary btn-icon-pos-right\" href=\"https:\/\/fyh.es\/monterosa-cumple-10-anos-y-da-el-salto-a-la-television\/\" target=\"_blank\" rel=\"noopener\">\n\t\t\t\t<span class=\"wd-btn-text\" data-elementor-setting-key=\"text\">\n\t\t\t\t\tVisiteu la not\u00edcia\t\t\t\t<\/span>\n\n\t\t\t\t\t\t\t<\/a>\n\t\t<\/div>\n\t\t\t\t\t\t<\/div>\n\t\t\t\t<\/div>\n\t\t\t\t<\/div>\n\t\t<div data-particle_enable=\"false\" data-particle-mobile-disabled=\"false\" class=\"elementor-element elementor-element-903184c e-con-full e-flex e-con e-child\" data-id=\"903184c\" data-element_type=\"container\">\n\t\t\t\t<div class=\"elementor-element elementor-element-a0fe467 elementor-widget elementor-widget-heading\" data-id=\"a0fe467\" data-element_type=\"widget\" data-widget_type=\"heading.default\">\n\t\t\t\t<div class=\"elementor-widget-container\">\n\t\t\t\t\t<h2 class=\"elementor-heading-title elementor-size-default\"><a href=\"https:\/\/fruittoday.com\/semillas-fito-celebra-una-decada-de-monterosa-junto-a-sus-socios-productores\/\" target=\"_blank\" rel=\"noopener\">Fruit Today<\/a><\/h2>\t\t\t\t<\/div>\n\t\t\t\t<\/div>\n\t\t\t\t<div class=\"elementor-element elementor-element-e0263fa elementor-widget-divider--view-line elementor-widget elementor-widget-divider\" data-id=\"e0263fa\" data-element_type=\"widget\" data-widget_type=\"divider.default\">\n\t\t\t\t<div class=\"elementor-widget-container\">\n\t\t\t\t\t\t\t<div class=\"elementor-divider\">\n\t\t\t<span class=\"elementor-divider-separator\">\n\t\t\t\t\t\t<\/span>\n\t\t<\/div>\n\t\t\t\t\t\t<\/div>\n\t\t\t\t<\/div>\n\t\t\t\t<div class=\"elementor-element elementor-element-84f9a98 elementor-widget__width-initial elementor-widget elementor-widget-heading\" data-id=\"84f9a98\" data-element_type=\"widget\" data-widget_type=\"heading.default\">\n\t\t\t\t<div class=\"elementor-widget-container\">\n\t\t\t\t\t<h3 class=\"elementor-heading-title elementor-size-default\"><a href=\"https:\/\/fruittoday.com\/semillas-fito-celebra-una-decada-de-monterosa-junto-a-sus-socios-productores\/\" target=\"_blank\" rel=\"noopener\">Llavors Fit\u00f3 celebra una d\u00e8cada de Monterosa amb els seus socis productors<\/a><\/h3>\t\t\t\t<\/div>\n\t\t\t\t<\/div>\n\t\t\t\t<div class=\"elementor-element elementor-element-350fa87 elementor-widget__width-initial elementor-widget elementor-widget-heading\" data-id=\"350fa87\" data-element_type=\"widget\" data-widget_type=\"heading.default\">\n\t\t\t\t<div class=\"elementor-widget-container\">\n\t\t\t\t\t<p class=\"elementor-heading-title elementor-size-default\"><a href=\"https:\/\/fruittoday.com\/semillas-fito-celebra-una-decada-de-monterosa-junto-a-sus-socios-productores\/\" target=\"_blank\" rel=\"noopener\">La marca de tom\u00e0quet desenvolupada commemora deu anys cultivant valor amb Granada La Palma, Saborum i Patricia Pilar, i presenta el seu primer espot per posar en valor tot el que hi ha darrere de l'etiqueta<\/a><\/p>\t\t\t\t<\/div>\n\t\t\t\t<\/div>\n\t\t\t\t<div class=\"elementor-element elementor-element-a7cd063 elementor-widget__width-auto elementor-widget elementor-widget-heading\" data-id=\"a7cd063\" data-element_type=\"widget\" data-widget_type=\"heading.default\">\n\t\t\t\t<div class=\"elementor-widget-container\">\n\t\t\t\t\t<p class=\"elementor-heading-title elementor-size-default\"><a href=\"https:\/\/fruittoday.com\/semillas-fito-celebra-una-decada-de-monterosa-junto-a-sus-socios-productores\/\" rel=\"noopener\">12 desembre 2025<\/a><\/p>\t\t\t\t<\/div>\n\t\t\t\t<\/div>\n\t\t\t\t<div class=\"elementor-element elementor-element-1a80b31 elementor-widget__width-auto elementor-widget elementor-widget-wd_button\" data-id=\"1a80b31\" data-element_type=\"widget\" data-widget_type=\"wd_button.default\">\n\t\t\t\t<div class=\"elementor-widget-container\">\n\t\t\t\t\t\t\t<div class=\"wd-button-wrapper text-left\" >\n\t\t\t<a class=\"btn btn-style-link btn-shape- btn-size-extra-small btn-color-primary btn-icon-pos-right\" href=\"https:\/\/fruittoday.com\/semillas-fito-celebra-una-decada-de-monterosa-junto-a-sus-socios-productores\/\" rel=\"noopener\">\n\t\t\t\t<span class=\"wd-btn-text\" data-elementor-setting-key=\"text\">\n\t\t\t\t\tVisiteu la not\u00edcia\t\t\t\t<\/span>\n\n\t\t\t\t\t\t\t<\/a>\n\t\t<\/div>\n\t\t\t\t\t\t<\/div>\n\t\t\t\t<\/div>\n\t\t\t\t<\/div>\n\t\t<div data-particle_enable=\"false\" data-particle-mobile-disabled=\"false\" class=\"elementor-element elementor-element-61fa65b e-con-full e-flex e-con e-child\" data-id=\"61fa65b\" data-element_type=\"container\">\n\t\t\t\t<div class=\"elementor-element elementor-element-2e3d3ea elementor-widget elementor-widget-heading\" data-id=\"2e3d3ea\" data-element_type=\"widget\" data-widget_type=\"heading.default\">\n\t\t\t\t<div class=\"elementor-widget-container\">\n\t\t\t\t\t<h2 class=\"elementor-heading-title elementor-size-default\"><a href=\"https:\/\/agroautentico.com\/2025\/12\/fito-celebra-10-anos-de-tomate-monterosa-con-la-palma-saborum-y-patricia-pilar\/\" target=\"_blank\" rel=\"noopener\">El agro aut\u00e9ntico<\/a><\/h2>\t\t\t\t<\/div>\n\t\t\t\t<\/div>\n\t\t\t\t<div class=\"elementor-element elementor-element-6a02be4 elementor-widget-divider--view-line elementor-widget elementor-widget-divider\" data-id=\"6a02be4\" data-element_type=\"widget\" data-widget_type=\"divider.default\">\n\t\t\t\t<div class=\"elementor-widget-container\">\n\t\t\t\t\t\t\t<div class=\"elementor-divider\">\n\t\t\t<span class=\"elementor-divider-separator\">\n\t\t\t\t\t\t<\/span>\n\t\t<\/div>\n\t\t\t\t\t\t<\/div>\n\t\t\t\t<\/div>\n\t\t\t\t<div class=\"elementor-element elementor-element-d3091b2 elementor-widget__width-initial elementor-widget elementor-widget-heading\" data-id=\"d3091b2\" data-element_type=\"widget\" data-widget_type=\"heading.default\">\n\t\t\t\t<div class=\"elementor-widget-container\">\n\t\t\t\t\t<h3 class=\"elementor-heading-title elementor-size-default\"><a href=\"https:\/\/agroautentico.com\/2025\/12\/fito-celebra-10-anos-de-tomate-monterosa-con-la-palma-saborum-y-patricia-pilar\/\" target=\"_blank\" rel=\"noopener\">Semillas Fit\u00f3 celebra el des\u00e8 aniversari de Monterosa amb els seus socis productors i llan\u00e7a la seva primera campanya de televisi\u00f3<\/a><\/h3>\t\t\t\t<\/div>\n\t\t\t\t<\/div>\n\t\t\t\t<div class=\"elementor-element elementor-element-8b42dd3 elementor-widget__width-initial elementor-widget elementor-widget-heading\" data-id=\"8b42dd3\" data-element_type=\"widget\" data-widget_type=\"heading.default\">\n\t\t\t\t<div class=\"elementor-widget-container\">\n\t\t\t\t\t<p class=\"elementor-heading-title elementor-size-default\"><a href=\"https:\/\/agroautentico.com\/2025\/12\/fito-celebra-10-anos-de-tomate-monterosa-con-la-palma-saborum-y-patricia-pilar\/\" target=\"_blank\" rel=\"noopener\">El tom\u00e0quet Monterosa, una de les refer\u00e8ncies m\u00e9s singulars i ic\u00f2niques del cat\u00e0leg de Semillas Fit\u00f3, va celebrar el passat 11 de desembre a El Ejido el seu des\u00e8 aniversari amb un esdeveniment que va reunir empreses comercialitzadores, productors, mitjans de comunicaci\u00f3 i representants del sector sota el lema 'Una d\u00e8cada cultivant valor'.<\/a><\/p>\t\t\t\t<\/div>\n\t\t\t\t<\/div>\n\t\t\t\t<div class=\"elementor-element elementor-element-136a66b elementor-widget-divider--view-line elementor-widget elementor-widget-divider\" data-id=\"136a66b\" data-element_type=\"widget\" data-widget_type=\"divider.default\">\n\t\t\t\t<div class=\"elementor-widget-container\">\n\t\t\t\t\t\t\t<div class=\"elementor-divider\">\n\t\t\t<span class=\"elementor-divider-separator\">\n\t\t\t\t\t\t<\/span>\n\t\t<\/div>\n\t\t\t\t\t\t<\/div>\n\t\t\t\t<\/div>\n\t\t\t\t<div class=\"elementor-element elementor-element-e4d78ef elementor-widget__width-auto elementor-widget elementor-widget-heading\" data-id=\"e4d78ef\" data-element_type=\"widget\" data-widget_type=\"heading.default\">\n\t\t\t\t<div class=\"elementor-widget-container\">\n\t\t\t\t\t<p class=\"elementor-heading-title elementor-size-default\"><a href=\"https:\/\/agroautentico.com\/2025\/12\/fito-celebra-10-anos-de-tomate-monterosa-con-la-palma-saborum-y-patricia-pilar\/\" rel=\"noopener\">12 desembre 2025<\/a><\/p>\t\t\t\t<\/div>\n\t\t\t\t<\/div>\n\t\t\t\t<div class=\"elementor-element elementor-element-c9067a7 elementor-widget__width-auto elementor-widget elementor-widget-wd_button\" data-id=\"c9067a7\" data-element_type=\"widget\" data-widget_type=\"wd_button.default\">\n\t\t\t\t<div class=\"elementor-widget-container\">\n\t\t\t\t\t\t\t<div class=\"wd-button-wrapper text-left\" >\n\t\t\t<a class=\"btn btn-style-link btn-shape- btn-size-extra-small btn-color-primary btn-icon-pos-right\" href=\"https:\/\/agroautentico.com\/2025\/12\/fito-celebra-10-anos-de-tomate-monterosa-con-la-palma-saborum-y-patricia-pilar\/\" rel=\"noopener\">\n\t\t\t\t<span class=\"wd-btn-text\" data-elementor-setting-key=\"text\">\n\t\t\t\t\tVisiteu la not\u00edcia\t\t\t\t<\/span>\n\n\t\t\t\t\t\t\t<\/a>\n\t\t<\/div>\n\t\t\t\t\t\t<\/div>\n\t\t\t\t<\/div>\n\t\t\t\t<\/div>\n\t\t\t\t\t<\/div>\n\t\t\t\t<\/div>\n\t\t<div data-particle_enable=\"false\" data-particle-mobile-disabled=\"false\" class=\"wd-negative-gap elementor-element elementor-element-ff48cb2 e-flex e-con-boxed e-con e-parent\" data-id=\"ff48cb2\" data-element_type=\"container\">\n\t\t\t\t\t<div class=\"e-con-inner\">\n\t\t<div data-particle_enable=\"false\" data-particle-mobile-disabled=\"false\" class=\"elementor-element elementor-element-46c80e7 e-con-full e-flex e-con e-child\" data-id=\"46c80e7\" data-element_type=\"container\">\n\t\t\t\t<div class=\"elementor-element elementor-element-a33d3b0 elementor-widget elementor-widget-heading\" data-id=\"a33d3b0\" data-element_type=\"widget\" data-widget_type=\"heading.default\">\n\t\t\t\t<div class=\"elementor-widget-container\">\n\t\t\t\t\t<h2 class=\"elementor-heading-title elementor-size-default\"><a href=\"https:\/\/www.freshplaza.es\/article\/9794207\/semillas-fito-celebra-el-decimo-aniversario-del-tomate-monterosa\/es\/vida-sana\/recetas\/ensalada-burrata-italiana-tomate-monterosa-sal-aceitunas-negras\/\" target=\"_blank\" rel=\"noopener\">Fresh Plaza<\/a><\/h2>\t\t\t\t<\/div>\n\t\t\t\t<\/div>\n\t\t\t\t<div class=\"elementor-element elementor-element-e58e480 elementor-widget-divider--view-line elementor-widget elementor-widget-divider\" data-id=\"e58e480\" data-element_type=\"widget\" data-widget_type=\"divider.default\">\n\t\t\t\t<div class=\"elementor-widget-container\">\n\t\t\t\t\t\t\t<div class=\"elementor-divider\">\n\t\t\t<span class=\"elementor-divider-separator\">\n\t\t\t\t\t\t<\/span>\n\t\t<\/div>\n\t\t\t\t\t\t<\/div>\n\t\t\t\t<\/div>\n\t\t\t\t<div class=\"elementor-element elementor-element-1acdb8b elementor-widget__width-initial elementor-widget elementor-widget-heading\" data-id=\"1acdb8b\" data-element_type=\"widget\" data-widget_type=\"heading.default\">\n\t\t\t\t<div class=\"elementor-widget-container\">\n\t\t\t\t\t<h3 class=\"elementor-heading-title elementor-size-default\"><a href=\"https:\/\/www.freshplaza.es\/article\/9794207\/semillas-fito-celebra-el-decimo-aniversario-del-tomate-monterosa\/\" target=\"_blank\" rel=\"noopener\">Semillas Fit\u00f3 celebra el d\u00e9cimo aniversario del tomate Monterosa\n<\/a><\/h3>\t\t\t\t<\/div>\n\t\t\t\t<\/div>\n\t\t\t\t<div class=\"elementor-element elementor-element-5389cbc elementor-widget__width-initial elementor-widget elementor-widget-heading\" data-id=\"5389cbc\" data-element_type=\"widget\" data-widget_type=\"heading.default\">\n\t\t\t\t<div class=\"elementor-widget-container\">\n\t\t\t\t\t<p class=\"elementor-heading-title elementor-size-default\"><a href=\"https:\/\/www.freshplaza.es\/article\/9794207\/semillas-fito-celebra-el-decimo-aniversario-del-tomate-monterosa\/\" target=\"_blank\" rel=\"noopener\">Semillas Fit\u00f3 va celebrar el passat 11 de desembre a El Ejido el des\u00e8 aniversari del seu tom\u00e0quet Monterosa amb un esdeveniment que va reunir empreses comercialitzadores, productors, mitjans de comunicaci\u00f3 i representants del sector sota el lema \"Una d\u00e8cada cultivant valor\".<\/a><\/p>\t\t\t\t<\/div>\n\t\t\t\t<\/div>\n\t\t\t\t<div class=\"elementor-element elementor-element-bd2095b elementor-widget-divider--view-line elementor-widget elementor-widget-divider\" data-id=\"bd2095b\" data-element_type=\"widget\" data-widget_type=\"divider.default\">\n\t\t\t\t<div class=\"elementor-widget-container\">\n\t\t\t\t\t\t\t<div class=\"elementor-divider\">\n\t\t\t<span class=\"elementor-divider-separator\">\n\t\t\t\t\t\t<\/span>\n\t\t<\/div>\n\t\t\t\t\t\t<\/div>\n\t\t\t\t<\/div>\n\t\t\t\t<div class=\"elementor-element elementor-element-f297379 elementor-widget__width-auto elementor-widget elementor-widget-heading\" data-id=\"f297379\" data-element_type=\"widget\" data-widget_type=\"heading.default\">\n\t\t\t\t<div class=\"elementor-widget-container\">\n\t\t\t\t\t<p class=\"elementor-heading-title elementor-size-default\"><a href=\"https:\/\/www.freshplaza.es\/article\/9794207\/semillas-fito-celebra-el-decimo-aniversario-del-tomate-monterosa\/\" rel=\"noopener\">12 desembre 2025<\/a><\/p>\t\t\t\t<\/div>\n\t\t\t\t<\/div>\n\t\t\t\t<div class=\"elementor-element elementor-element-f29d197 elementor-widget__width-auto elementor-widget elementor-widget-wd_button\" data-id=\"f29d197\" data-element_type=\"widget\" data-widget_type=\"wd_button.default\">\n\t\t\t\t<div class=\"elementor-widget-container\">\n\t\t\t\t\t\t\t<div class=\"wd-button-wrapper text-left\" >\n\t\t\t<a class=\"btn btn-style-link btn-shape- btn-size-extra-small btn-color-primary btn-icon-pos-right\" href=\"https:\/\/www.freshplaza.es\/article\/9794207\/semillas-fito-celebra-el-decimo-aniversario-del-tomate-monterosa\/\" rel=\"noopener\">\n\t\t\t\t<span class=\"wd-btn-text\" data-elementor-setting-key=\"text\">\n\t\t\t\t\tVisita la not\u00edcia\t\t\t\t<\/span>\n\n\t\t\t\t\t\t\t<\/a>\n\t\t<\/div>\n\t\t\t\t\t\t<\/div>\n\t\t\t\t<\/div>\n\t\t\t\t<\/div>\n\t\t<div data-particle_enable=\"false\" data-particle-mobile-disabled=\"false\" class=\"elementor-element elementor-element-2dbdd38 e-con-full e-flex e-con e-child\" data-id=\"2dbdd38\" data-element_type=\"container\">\n\t\t\t\t<div class=\"elementor-element elementor-element-3198d9c elementor-widget elementor-widget-heading\" data-id=\"3198d9c\" data-element_type=\"widget\" data-widget_type=\"heading.default\">\n\t\t\t\t<div class=\"elementor-widget-container\">\n\t\t\t\t\t<h2 class=\"elementor-heading-title elementor-size-default\"><a href=\"https:\/\/deliciaskitchen.com\/ensalada-de-tomate\/\" target=\"_blank\" rel=\"noopener\">Del\u00edcies Kitchen<\/a><\/h2>\t\t\t\t<\/div>\n\t\t\t\t<\/div>\n\t\t\t\t<div class=\"elementor-element elementor-element-d73ef19 elementor-widget-divider--view-line elementor-widget elementor-widget-divider\" data-id=\"d73ef19\" data-element_type=\"widget\" data-widget_type=\"divider.default\">\n\t\t\t\t<div class=\"elementor-widget-container\">\n\t\t\t\t\t\t\t<div class=\"elementor-divider\">\n\t\t\t<span class=\"elementor-divider-separator\">\n\t\t\t\t\t\t<\/span>\n\t\t<\/div>\n\t\t\t\t\t\t<\/div>\n\t\t\t\t<\/div>\n\t\t\t\t<div class=\"elementor-element elementor-element-4990155 elementor-widget__width-initial elementor-widget elementor-widget-heading\" data-id=\"4990155\" data-element_type=\"widget\" data-widget_type=\"heading.default\">\n\t\t\t\t<div class=\"elementor-widget-container\">\n\t\t\t\t\t<h3 class=\"elementor-heading-title elementor-size-default\"><a href=\"https:\/\/deliciaskitchen.com\/ensalada-de-tomate\/\" target=\"_blank\" rel=\"noopener\">Un tom\u00e0quet perfecte per a receptes veganes<\/a><\/h3>\t\t\t\t<\/div>\n\t\t\t\t<\/div>\n\t\t\t\t<div class=\"elementor-element elementor-element-6f017ea elementor-widget__width-initial elementor-widget elementor-widget-heading\" data-id=\"6f017ea\" data-element_type=\"widget\" data-widget_type=\"heading.default\">\n\t\t\t\t<div class=\"elementor-widget-container\">\n\t\t\t\t\t<p class=\"elementor-heading-title elementor-size-default\"><a href=\"https:\/\/deliciaskitchen.com\/ensalada-de-tomate\/\" target=\"_blank\" rel=\"noopener\">El blog veg\u00e0 \u201cDelicias Kitchen\u201d \u00e9s un dels nostres favorits per les receptes originals i \u00faniques, alhora que fresques i apetibles a qualsevol hora del dia. Doneu una ullada a les seves recomanacions i especialment a aquesta Amanida Monterosa amb amaniment d\u2019alf\u00e0brega!<\/a><\/p>\t\t\t\t<\/div>\n\t\t\t\t<\/div>\n\t\t\t\t<div class=\"elementor-element elementor-element-26bae87 elementor-widget__width-auto elementor-widget elementor-widget-heading\" data-id=\"26bae87\" data-element_type=\"widget\" data-widget_type=\"heading.default\">\n\t\t\t\t<div class=\"elementor-widget-container\">\n\t\t\t\t\t<p class=\"elementor-heading-title elementor-size-default\"><a href=\"https:\/\/deliciaskitchen.com\/ensalada-de-tomate\/\" target=\"_blank\" rel=\"noopener\">11 juny 2021<\/a><\/p>\t\t\t\t<\/div>\n\t\t\t\t<\/div>\n\t\t\t\t<div class=\"elementor-element elementor-element-bfeb43e elementor-widget__width-auto elementor-widget elementor-widget-wd_button\" data-id=\"bfeb43e\" data-element_type=\"widget\" data-widget_type=\"wd_button.default\">\n\t\t\t\t<div class=\"elementor-widget-container\">\n\t\t\t\t\t\t\t<div class=\"wd-button-wrapper text-left\" >\n\t\t\t<a class=\"btn btn-style-link btn-shape- btn-size-extra-small btn-color-primary btn-icon-pos-right\" href=\"https:\/\/deliciaskitchen.com\/ensalada-de-tomate\/\" target=\"_blank\" rel=\"noopener\">\n\t\t\t\t<span class=\"wd-btn-text\" data-elementor-setting-key=\"text\">\n\t\t\t\t\tVisiteu la not\u00edcia\t\t\t\t<\/span>\n\n\t\t\t\t\t\t\t<\/a>\n\t\t<\/div>\n\t\t\t\t\t\t<\/div>\n\t\t\t\t<\/div>\n\t\t\t\t<\/div>\n\t\t<div data-particle_enable=\"false\" data-particle-mobile-disabled=\"false\" class=\"elementor-element elementor-element-8f7c502 e-con-full e-flex e-con e-child\" data-id=\"8f7c502\" data-element_type=\"container\">\n\t\t\t\t<div class=\"elementor-element elementor-element-9a01ad5 elementor-widget elementor-widget-heading\" data-id=\"9a01ad5\" data-element_type=\"widget\" data-widget_type=\"heading.default\">\n\t\t\t\t<div class=\"elementor-widget-container\">\n\t\t\t\t\t<h2 class=\"elementor-heading-title elementor-size-default\"><a href=\"https:\/\/www.tripadvisor.es\/LocationPhotoDirectLink-g187497-d1675109-i262387436-Ascent_Restaurant-Barcelona_Catalonia.html\" target=\"_blank\" rel=\"noopener\">TripAdvisor<\/a><\/h2>\t\t\t\t<\/div>\n\t\t\t\t<\/div>\n\t\t\t\t<div class=\"elementor-element elementor-element-f4932bc elementor-widget-divider--view-line elementor-widget elementor-widget-divider\" data-id=\"f4932bc\" data-element_type=\"widget\" data-widget_type=\"divider.default\">\n\t\t\t\t<div class=\"elementor-widget-container\">\n\t\t\t\t\t\t\t<div class=\"elementor-divider\">\n\t\t\t<span class=\"elementor-divider-separator\">\n\t\t\t\t\t\t<\/span>\n\t\t<\/div>\n\t\t\t\t\t\t<\/div>\n\t\t\t\t<\/div>\n\t\t\t\t<div class=\"elementor-element elementor-element-1dde56e elementor-widget__width-initial elementor-widget elementor-widget-heading\" data-id=\"1dde56e\" data-element_type=\"widget\" data-widget_type=\"heading.default\">\n\t\t\t\t<div class=\"elementor-widget-container\">\n\t\t\t\t\t<h3 class=\"elementor-heading-title elementor-size-default\"><a href=\"https:\/\/www.tripadvisor.es\/LocationPhotoDirectLink-g187497-d1675109-i262387436-Ascent_Restaurant-Barcelona_Catalonia.html\" target=\"_blank\" rel=\"noopener\">Tom\u00e0quet Monterosa amb formatge dels Pirineus, ra\u00efms, avellanes i oli d'oliva<\/a><\/h3>\t\t\t\t<\/div>\n\t\t\t\t<\/div>\n\t\t\t\t<div class=\"elementor-element elementor-element-7d29a84 elementor-widget__width-initial elementor-widget elementor-widget-heading\" data-id=\"7d29a84\" data-element_type=\"widget\" data-widget_type=\"heading.default\">\n\t\t\t\t<div class=\"elementor-widget-container\">\n\t\t\t\t\t<p class=\"elementor-heading-title elementor-size-default\"><a href=\"https:\/\/www.tripadvisor.es\/LocationPhotoDirectLink-g187497-d1675109-i262387436-Ascent_Restaurant-Barcelona_Catalonia.html\" target=\"_blank\" rel=\"noopener\">A l'equip de cuina del Restaurant Ascent a Barcelona li agrada treballar amb productes aut\u00e8ntics i de proximitat. Per aix\u00f2 ha escollit el nostre tom\u00e0quet per a aquest suculent plat\u2026 Qui es pot resistir a tastar-lo?<\/a><\/p>\t\t\t\t<\/div>\n\t\t\t\t<\/div>\n\t\t\t\t<div class=\"elementor-element elementor-element-1e3efa4 elementor-widget__width-auto elementor-widget elementor-widget-heading\" data-id=\"1e3efa4\" data-element_type=\"widget\" data-widget_type=\"heading.default\">\n\t\t\t\t<div class=\"elementor-widget-container\">\n\t\t\t\t\t<p class=\"elementor-heading-title elementor-size-default\"><a href=\"https:\/\/www.tripadvisor.es\/LocationPhotoDirectLink-g187497-d1675109-i262387436-Ascent_Restaurant-Barcelona_Catalonia.html\" rel=\"noopener\">29 maig 2021<\/a><\/p>\t\t\t\t<\/div>\n\t\t\t\t<\/div>\n\t\t\t\t<div class=\"elementor-element elementor-element-1796c2e elementor-widget__width-auto elementor-widget elementor-widget-wd_button\" data-id=\"1796c2e\" data-element_type=\"widget\" data-widget_type=\"wd_button.default\">\n\t\t\t\t<div class=\"elementor-widget-container\">\n\t\t\t\t\t\t\t<div class=\"wd-button-wrapper text-left\" >\n\t\t\t<a class=\"btn btn-style-link btn-shape- btn-size-extra-small btn-color-primary btn-icon-pos-right\" href=\"https:\/\/www.tripadvisor.es\/LocationPhotoDirectLink-g187497-d1675109-i262387436-Ascent_Restaurant-Barcelona_Catalonia.html\" rel=\"noopener\">\n\t\t\t\t<span class=\"wd-btn-text\" data-elementor-setting-key=\"text\">\n\t\t\t\t\tVisiteu la not\u00edcia\t\t\t\t<\/span>\n\n\t\t\t\t\t\t\t<\/a>\n\t\t<\/div>\n\t\t\t\t\t\t<\/div>\n\t\t\t\t<\/div>\n\t\t\t\t<\/div>\n\t\t\t\t\t<\/div>\n\t\t\t\t<\/div>\n\t\t<div data-particle_enable=\"false\" data-particle-mobile-disabled=\"false\" class=\"wd-negative-gap elementor-element elementor-element-5fa2c4d e-flex e-con-boxed e-con e-parent\" data-id=\"5fa2c4d\" data-element_type=\"container\">\n\t\t\t\t\t<div class=\"e-con-inner\">\n\t\t<div data-particle_enable=\"false\" data-particle-mobile-disabled=\"false\" class=\"elementor-element elementor-element-d9c6c4a e-con-full e-flex e-con e-child\" data-id=\"d9c6c4a\" data-element_type=\"container\">\n\t\t\t\t<div class=\"elementor-element elementor-element-a1038ed elementor-widget elementor-widget-heading\" data-id=\"a1038ed\" data-element_type=\"widget\" data-widget_type=\"heading.default\">\n\t\t\t\t<div class=\"elementor-widget-container\">\n\t\t\t\t\t<h2 class=\"elementor-heading-title elementor-size-default\"><a href=\"https:\/\/www.cobelen.es\/es\/vida-sana\/recetas\/ensalada-burrata-italiana-tomate-monterosa-sal-aceitunas-negras\/\" target=\"_blank\" rel=\"noopener\">Cobelen<\/a><\/h2>\t\t\t\t<\/div>\n\t\t\t\t<\/div>\n\t\t\t\t<div class=\"elementor-element elementor-element-320eb09 elementor-widget-divider--view-line elementor-widget elementor-widget-divider\" data-id=\"320eb09\" data-element_type=\"widget\" data-widget_type=\"divider.default\">\n\t\t\t\t<div class=\"elementor-widget-container\">\n\t\t\t\t\t\t\t<div class=\"elementor-divider\">\n\t\t\t<span class=\"elementor-divider-separator\">\n\t\t\t\t\t\t<\/span>\n\t\t<\/div>\n\t\t\t\t\t\t<\/div>\n\t\t\t\t<\/div>\n\t\t\t\t<div class=\"elementor-element elementor-element-cab39eb elementor-widget__width-initial elementor-widget elementor-widget-heading\" data-id=\"cab39eb\" data-element_type=\"widget\" data-widget_type=\"heading.default\">\n\t\t\t\t<div class=\"elementor-widget-container\">\n\t\t\t\t\t<h3 class=\"elementor-heading-title elementor-size-default\"><a href=\"https:\/\/www.cobelen.es\/es\/vida-sana\/recetas\/ensalada-burrata-italiana-tomate-monterosa-sal-aceitunas-negras\/\" target=\"_blank\" rel=\"noopener\">Olives i tom\u00e0quet<\/a><\/h3>\t\t\t\t<\/div>\n\t\t\t\t<\/div>\n\t\t\t\t<div class=\"elementor-element elementor-element-6213d05 elementor-widget__width-initial elementor-widget elementor-widget-heading\" data-id=\"6213d05\" data-element_type=\"widget\" data-widget_type=\"heading.default\">\n\t\t\t\t<div class=\"elementor-widget-container\">\n\t\t\t\t\t<p class=\"elementor-heading-title elementor-size-default\"><a href=\"https:\/\/www.cobelen.es\/es\/vida-sana\/recetas\/ensalada-burrata-italiana-tomate-monterosa-sal-aceitunas-negras\/\" target=\"_blank\" rel=\"noopener\">Olives i tom\u00e0quet, la combinaci\u00f3 perfecta des dels temps m\u00e9s antics\u2026 I la Cooperativa Virgen de Bel\u00e9n ho t\u00e9 clar\u00edssim. Aix\u00ed que t'aconsellem no perdre't la seva recepta recomanada\u2026 Et llepar\u00e0s els dits!<\/a><\/p>\t\t\t\t<\/div>\n\t\t\t\t<\/div>\n\t\t\t\t<div class=\"elementor-element elementor-element-3f1907b elementor-widget-divider--view-line elementor-widget elementor-widget-divider\" data-id=\"3f1907b\" data-element_type=\"widget\" data-widget_type=\"divider.default\">\n\t\t\t\t<div class=\"elementor-widget-container\">\n\t\t\t\t\t\t\t<div class=\"elementor-divider\">\n\t\t\t<span class=\"elementor-divider-separator\">\n\t\t\t\t\t\t<\/span>\n\t\t<\/div>\n\t\t\t\t\t\t<\/div>\n\t\t\t\t<\/div>\n\t\t\t\t<div class=\"elementor-element elementor-element-1fed8c8 elementor-widget__width-auto elementor-widget elementor-widget-heading\" data-id=\"1fed8c8\" data-element_type=\"widget\" data-widget_type=\"heading.default\">\n\t\t\t\t<div class=\"elementor-widget-container\">\n\t\t\t\t\t<p class=\"elementor-heading-title elementor-size-default\"><a href=\"https:\/\/www.cobelen.es\/es\/vida-sana\/recetas\/ensalada-burrata-italiana-tomate-monterosa-sal-aceitunas-negras\/\" rel=\"noopener\">15 juliol 2021<\/a><\/p>\t\t\t\t<\/div>\n\t\t\t\t<\/div>\n\t\t\t\t<div class=\"elementor-element elementor-element-f39fb5a elementor-widget__width-auto elementor-widget elementor-widget-wd_button\" data-id=\"f39fb5a\" data-element_type=\"widget\" data-widget_type=\"wd_button.default\">\n\t\t\t\t<div class=\"elementor-widget-container\">\n\t\t\t\t\t\t\t<div class=\"wd-button-wrapper text-left\" >\n\t\t\t<a class=\"btn btn-style-link btn-shape- btn-size-extra-small btn-color-primary btn-icon-pos-right\" href=\"https:\/\/www.cobelen.es\/es\/vida-sana\/recetas\/ensalada-burrata-italiana-tomate-monterosa-sal-aceitunas-negras\/\" rel=\"noopener\">\n\t\t\t\t<span class=\"wd-btn-text\" data-elementor-setting-key=\"text\">\n\t\t\t\t\tVisiteu la not\u00edcia\t\t\t\t<\/span>\n\n\t\t\t\t\t\t\t<\/a>\n\t\t<\/div>\n\t\t\t\t\t\t<\/div>\n\t\t\t\t<\/div>\n\t\t\t\t<\/div>\n\t\t<div data-particle_enable=\"false\" data-particle-mobile-disabled=\"false\" class=\"elementor-element elementor-element-15d225c e-con-full e-flex e-con e-child\" data-id=\"15d225c\" data-element_type=\"container\">\n\t\t\t\t<div class=\"elementor-element elementor-element-03a2449 elementor-widget elementor-widget-heading\" data-id=\"03a2449\" data-element_type=\"widget\" data-widget_type=\"heading.default\">\n\t\t\t\t<div class=\"elementor-widget-container\">\n\t\t\t\t\t<h2 class=\"elementor-heading-title elementor-size-default\"><a href=\"https:\/\/deliciaskitchen.com\/ensalada-de-tomate\/\" target=\"_blank\" rel=\"noopener\">Del\u00edcies Kitchen<\/a><\/h2>\t\t\t\t<\/div>\n\t\t\t\t<\/div>\n\t\t\t\t<div class=\"elementor-element elementor-element-84f9892 elementor-widget-divider--view-line elementor-widget elementor-widget-divider\" data-id=\"84f9892\" data-element_type=\"widget\" data-widget_type=\"divider.default\">\n\t\t\t\t<div class=\"elementor-widget-container\">\n\t\t\t\t\t\t\t<div class=\"elementor-divider\">\n\t\t\t<span class=\"elementor-divider-separator\">\n\t\t\t\t\t\t<\/span>\n\t\t<\/div>\n\t\t\t\t\t\t<\/div>\n\t\t\t\t<\/div>\n\t\t\t\t<div class=\"elementor-element elementor-element-bc2c927 elementor-widget__width-initial elementor-widget elementor-widget-heading\" data-id=\"bc2c927\" data-element_type=\"widget\" data-widget_type=\"heading.default\">\n\t\t\t\t<div class=\"elementor-widget-container\">\n\t\t\t\t\t<h3 class=\"elementor-heading-title elementor-size-default\"><a href=\"https:\/\/deliciaskitchen.com\/ensalada-de-tomate\/\" target=\"_blank\" rel=\"noopener\">Un tom\u00e0quet perfecte per a receptes veganes<\/a><\/h3>\t\t\t\t<\/div>\n\t\t\t\t<\/div>\n\t\t\t\t<div class=\"elementor-element elementor-element-a5f7ab8 elementor-widget__width-initial elementor-widget elementor-widget-heading\" data-id=\"a5f7ab8\" data-element_type=\"widget\" data-widget_type=\"heading.default\">\n\t\t\t\t<div class=\"elementor-widget-container\">\n\t\t\t\t\t<p class=\"elementor-heading-title elementor-size-default\"><a href=\"https:\/\/deliciaskitchen.com\/ensalada-de-tomate\/\" target=\"_blank\" rel=\"noopener\">El blog veg\u00e0 \u201cDelicias Kitchen\u201d \u00e9s un dels nostres favorits per les receptes originals i \u00faniques, alhora que fresques i apetibles a qualsevol hora del dia. Doneu una ullada a les seves recomanacions i especialment a aquesta Amanida Monterosa amb amaniment d\u2019alf\u00e0brega!<\/a><\/p>\t\t\t\t<\/div>\n\t\t\t\t<\/div>\n\t\t\t\t<div class=\"elementor-element elementor-element-9b8c57c elementor-widget__width-auto elementor-widget elementor-widget-heading\" data-id=\"9b8c57c\" data-element_type=\"widget\" data-widget_type=\"heading.default\">\n\t\t\t\t<div class=\"elementor-widget-container\">\n\t\t\t\t\t<p class=\"elementor-heading-title elementor-size-default\"><a href=\"https:\/\/deliciaskitchen.com\/ensalada-de-tomate\/\" target=\"_blank\" rel=\"noopener\">11 juny 2021<\/a><\/p>\t\t\t\t<\/div>\n\t\t\t\t<\/div>\n\t\t\t\t<div class=\"elementor-element elementor-element-c101f5f elementor-widget__width-auto elementor-widget elementor-widget-wd_button\" data-id=\"c101f5f\" data-element_type=\"widget\" data-widget_type=\"wd_button.default\">\n\t\t\t\t<div class=\"elementor-widget-container\">\n\t\t\t\t\t\t\t<div class=\"wd-button-wrapper text-left\" >\n\t\t\t<a class=\"btn btn-style-link btn-shape- btn-size-extra-small btn-color-primary btn-icon-pos-right\" href=\"https:\/\/deliciaskitchen.com\/ensalada-de-tomate\/\" target=\"_blank\" rel=\"noopener\">\n\t\t\t\t<span class=\"wd-btn-text\" data-elementor-setting-key=\"text\">\n\t\t\t\t\tVisiteu la not\u00edcia\t\t\t\t<\/span>\n\n\t\t\t\t\t\t\t<\/a>\n\t\t<\/div>\n\t\t\t\t\t\t<\/div>\n\t\t\t\t<\/div>\n\t\t\t\t<\/div>\n\t\t<div data-particle_enable=\"false\" data-particle-mobile-disabled=\"false\" class=\"elementor-element elementor-element-ccd31b2 e-con-full e-flex e-con e-child\" data-id=\"ccd31b2\" data-element_type=\"container\">\n\t\t\t\t<div class=\"elementor-element elementor-element-dcec0ba elementor-widget elementor-widget-heading\" data-id=\"dcec0ba\" data-element_type=\"widget\" data-widget_type=\"heading.default\">\n\t\t\t\t<div class=\"elementor-widget-container\">\n\t\t\t\t\t<h2 class=\"elementor-heading-title elementor-size-default\"><a href=\"https:\/\/www.tripadvisor.es\/LocationPhotoDirectLink-g187497-d1675109-i262387436-Ascent_Restaurant-Barcelona_Catalonia.html\" target=\"_blank\" rel=\"noopener\">TripAdvisor<\/a><\/h2>\t\t\t\t<\/div>\n\t\t\t\t<\/div>\n\t\t\t\t<div class=\"elementor-element elementor-element-d174478 elementor-widget-divider--view-line elementor-widget elementor-widget-divider\" data-id=\"d174478\" data-element_type=\"widget\" data-widget_type=\"divider.default\">\n\t\t\t\t<div class=\"elementor-widget-container\">\n\t\t\t\t\t\t\t<div class=\"elementor-divider\">\n\t\t\t<span class=\"elementor-divider-separator\">\n\t\t\t\t\t\t<\/span>\n\t\t<\/div>\n\t\t\t\t\t\t<\/div>\n\t\t\t\t<\/div>\n\t\t\t\t<div class=\"elementor-element elementor-element-4cd2888 elementor-widget__width-initial elementor-widget elementor-widget-heading\" data-id=\"4cd2888\" data-element_type=\"widget\" data-widget_type=\"heading.default\">\n\t\t\t\t<div class=\"elementor-widget-container\">\n\t\t\t\t\t<h3 class=\"elementor-heading-title elementor-size-default\"><a href=\"https:\/\/www.tripadvisor.es\/LocationPhotoDirectLink-g187497-d1675109-i262387436-Ascent_Restaurant-Barcelona_Catalonia.html\" target=\"_blank\" rel=\"noopener\">Tom\u00e0quet Monterosa amb formatge dels Pirineus, ra\u00efms, avellanes i oli d'oliva<\/a><\/h3>\t\t\t\t<\/div>\n\t\t\t\t<\/div>\n\t\t\t\t<div class=\"elementor-element elementor-element-dadf0fa elementor-widget__width-initial elementor-widget elementor-widget-heading\" data-id=\"dadf0fa\" data-element_type=\"widget\" data-widget_type=\"heading.default\">\n\t\t\t\t<div class=\"elementor-widget-container\">\n\t\t\t\t\t<p class=\"elementor-heading-title elementor-size-default\"><a href=\"https:\/\/www.tripadvisor.es\/LocationPhotoDirectLink-g187497-d1675109-i262387436-Ascent_Restaurant-Barcelona_Catalonia.html\" target=\"_blank\" rel=\"noopener\">A l'equip de cuina del Restaurant Ascent a Barcelona li agrada treballar amb productes aut\u00e8ntics i de proximitat. Per aix\u00f2 ha escollit el nostre tom\u00e0quet per a aquest suculent plat\u2026 Qui es pot resistir a tastar-lo?<\/a><\/p>\t\t\t\t<\/div>\n\t\t\t\t<\/div>\n\t\t\t\t<div class=\"elementor-element elementor-element-cf0c88a elementor-widget__width-auto elementor-widget elementor-widget-heading\" data-id=\"cf0c88a\" data-element_type=\"widget\" data-widget_type=\"heading.default\">\n\t\t\t\t<div class=\"elementor-widget-container\">\n\t\t\t\t\t<p class=\"elementor-heading-title elementor-size-default\"><a href=\"https:\/\/www.tripadvisor.es\/LocationPhotoDirectLink-g187497-d1675109-i262387436-Ascent_Restaurant-Barcelona_Catalonia.html\" rel=\"noopener\">29 maig 2021<\/a><\/p>\t\t\t\t<\/div>\n\t\t\t\t<\/div>\n\t\t\t\t<div class=\"elementor-element elementor-element-460760a elementor-widget__width-auto elementor-widget elementor-widget-wd_button\" data-id=\"460760a\" data-element_type=\"widget\" data-widget_type=\"wd_button.default\">\n\t\t\t\t<div class=\"elementor-widget-container\">\n\t\t\t\t\t\t\t<div class=\"wd-button-wrapper text-left\" >\n\t\t\t<a class=\"btn btn-style-link btn-shape- btn-size-extra-small btn-color-primary btn-icon-pos-right\" href=\"https:\/\/www.tripadvisor.es\/LocationPhotoDirectLink-g187497-d1675109-i262387436-Ascent_Restaurant-Barcelona_Catalonia.html\" rel=\"noopener\">\n\t\t\t\t<span class=\"wd-btn-text\" data-elementor-setting-key=\"text\">\n\t\t\t\t\tVisiteu la not\u00edcia\t\t\t\t<\/span>\n\n\t\t\t\t\t\t\t<\/a>\n\t\t<\/div>\n\t\t\t\t\t\t<\/div>\n\t\t\t\t<\/div>\n\t\t\t\t<\/div>\n\t\t\t\t\t<\/div>\n\t\t\t\t<\/div>\n\t\t<div data-particle_enable=\"false\" data-particle-mobile-disabled=\"false\" class=\"wd-negative-gap elementor-element elementor-element-a9a66af e-flex e-con-boxed e-con e-parent\" data-id=\"a9a66af\" data-element_type=\"container\">\n\t\t\t\t\t<div class=\"e-con-inner\">\n\t\t<div data-particle_enable=\"false\" data-particle-mobile-disabled=\"false\" class=\"elementor-element elementor-element-6a1c66d e-con-full e-flex e-con e-child\" data-id=\"6a1c66d\" data-element_type=\"container\">\n\t\t\t\t<div class=\"elementor-element elementor-element-b3b8d4f elementor-widget elementor-widget-heading\" data-id=\"b3b8d4f\" data-element_type=\"widget\" data-widget_type=\"heading.default\">\n\t\t\t\t<div class=\"elementor-widget-container\">\n\t\t\t\t\t<h2 class=\"elementor-heading-title elementor-size-default\"><a href=\"https:\/\/www.cobelen.es\/es\/vida-sana\/recetas\/ensalada-burrata-italiana-tomate-monterosa-sal-aceitunas-negras\/\" target=\"_blank\" rel=\"noopener\">Cobelen<\/a><\/h2>\t\t\t\t<\/div>\n\t\t\t\t<\/div>\n\t\t\t\t<div class=\"elementor-element elementor-element-9999048 elementor-widget-divider--view-line elementor-widget elementor-widget-divider\" data-id=\"9999048\" data-element_type=\"widget\" data-widget_type=\"divider.default\">\n\t\t\t\t<div class=\"elementor-widget-container\">\n\t\t\t\t\t\t\t<div class=\"elementor-divider\">\n\t\t\t<span class=\"elementor-divider-separator\">\n\t\t\t\t\t\t<\/span>\n\t\t<\/div>\n\t\t\t\t\t\t<\/div>\n\t\t\t\t<\/div>\n\t\t\t\t<div class=\"elementor-element elementor-element-9ae9016 elementor-widget__width-initial elementor-widget elementor-widget-heading\" data-id=\"9ae9016\" data-element_type=\"widget\" data-widget_type=\"heading.default\">\n\t\t\t\t<div class=\"elementor-widget-container\">\n\t\t\t\t\t<h3 class=\"elementor-heading-title elementor-size-default\"><a href=\"https:\/\/www.cobelen.es\/es\/vida-sana\/recetas\/ensalada-burrata-italiana-tomate-monterosa-sal-aceitunas-negras\/\" target=\"_blank\" rel=\"noopener\">Olives i tom\u00e0quet<\/a><\/h3>\t\t\t\t<\/div>\n\t\t\t\t<\/div>\n\t\t\t\t<div class=\"elementor-element elementor-element-1fd8def elementor-widget__width-initial elementor-widget elementor-widget-heading\" data-id=\"1fd8def\" data-element_type=\"widget\" data-widget_type=\"heading.default\">\n\t\t\t\t<div class=\"elementor-widget-container\">\n\t\t\t\t\t<p class=\"elementor-heading-title elementor-size-default\"><a href=\"https:\/\/www.cobelen.es\/es\/vida-sana\/recetas\/ensalada-burrata-italiana-tomate-monterosa-sal-aceitunas-negras\/\" target=\"_blank\" rel=\"noopener\">Olives i tom\u00e0quet, la combinaci\u00f3 perfecta des dels temps m\u00e9s antics\u2026 I la Cooperativa Virgen de Bel\u00e9n ho t\u00e9 clar\u00edssim. Aix\u00ed que t'aconsellem no perdre't la seva recepta recomanada\u2026 Et llepar\u00e0s els dits!<\/a><\/p>\t\t\t\t<\/div>\n\t\t\t\t<\/div>\n\t\t\t\t<div class=\"elementor-element elementor-element-6ac65d1 elementor-widget-divider--view-line elementor-widget elementor-widget-divider\" data-id=\"6ac65d1\" data-element_type=\"widget\" data-widget_type=\"divider.default\">\n\t\t\t\t<div class=\"elementor-widget-container\">\n\t\t\t\t\t\t\t<div class=\"elementor-divider\">\n\t\t\t<span class=\"elementor-divider-separator\">\n\t\t\t\t\t\t<\/span>\n\t\t<\/div>\n\t\t\t\t\t\t<\/div>\n\t\t\t\t<\/div>\n\t\t\t\t<div class=\"elementor-element elementor-element-c5a6b16 elementor-widget__width-auto elementor-widget elementor-widget-heading\" data-id=\"c5a6b16\" data-element_type=\"widget\" data-widget_type=\"heading.default\">\n\t\t\t\t<div class=\"elementor-widget-container\">\n\t\t\t\t\t<p class=\"elementor-heading-title elementor-size-default\"><a href=\"https:\/\/www.cobelen.es\/es\/vida-sana\/recetas\/ensalada-burrata-italiana-tomate-monterosa-sal-aceitunas-negras\/\" rel=\"noopener\">15 juliol 2021<\/a><\/p>\t\t\t\t<\/div>\n\t\t\t\t<\/div>\n\t\t\t\t<div class=\"elementor-element elementor-element-ff918ea elementor-widget__width-auto elementor-widget elementor-widget-wd_button\" data-id=\"ff918ea\" data-element_type=\"widget\" data-widget_type=\"wd_button.default\">\n\t\t\t\t<div class=\"elementor-widget-container\">\n\t\t\t\t\t\t\t<div class=\"wd-button-wrapper text-left\" >\n\t\t\t<a class=\"btn btn-style-link btn-shape- btn-size-extra-small btn-color-primary btn-icon-pos-right\" href=\"https:\/\/www.cobelen.es\/es\/vida-sana\/recetas\/ensalada-burrata-italiana-tomate-monterosa-sal-aceitunas-negras\/\" rel=\"noopener\">\n\t\t\t\t<span class=\"wd-btn-text\" data-elementor-setting-key=\"text\">\n\t\t\t\t\tVisiteu la not\u00edcia\t\t\t\t<\/span>\n\n\t\t\t\t\t\t\t<\/a>\n\t\t<\/div>\n\t\t\t\t\t\t<\/div>\n\t\t\t\t<\/div>\n\t\t\t\t<\/div>\n\t\t<div data-particle_enable=\"false\" data-particle-mobile-disabled=\"false\" class=\"elementor-element elementor-element-381a02e e-con-full e-flex e-con e-child\" data-id=\"381a02e\" data-element_type=\"container\">\n\t\t\t\t<div class=\"elementor-element elementor-element-31e9cd4 elementor-widget elementor-widget-heading\" data-id=\"31e9cd4\" data-element_type=\"widget\" data-widget_type=\"heading.default\">\n\t\t\t\t<div class=\"elementor-widget-container\">\n\t\t\t\t\t<h2 class=\"elementor-heading-title elementor-size-default\"><a href=\"https:\/\/www.fruitbookmagazine.it\/fito-foodture-a-marca-fresh-2020-come-innovare-lungo-la-filiera-delle-orticole\/\" target=\"_blank\" rel=\"noopener\">Fruitbook Magazine<\/a><\/h2>\t\t\t\t<\/div>\n\t\t\t\t<\/div>\n\t\t\t\t<div class=\"elementor-element elementor-element-426e6e9 elementor-widget-divider--view-line elementor-widget elementor-widget-divider\" data-id=\"426e6e9\" data-element_type=\"widget\" data-widget_type=\"divider.default\">\n\t\t\t\t<div class=\"elementor-widget-container\">\n\t\t\t\t\t\t\t<div class=\"elementor-divider\">\n\t\t\t<span class=\"elementor-divider-separator\">\n\t\t\t\t\t\t<\/span>\n\t\t<\/div>\n\t\t\t\t\t\t<\/div>\n\t\t\t\t<\/div>\n\t\t\t\t<div class=\"elementor-element elementor-element-215fdea elementor-widget__width-initial elementor-widget elementor-widget-heading\" data-id=\"215fdea\" data-element_type=\"widget\" data-widget_type=\"heading.default\">\n\t\t\t\t<div class=\"elementor-widget-container\">\n\t\t\t\t\t<h3 class=\"elementor-heading-title elementor-size-default\"><a href=\"https:\/\/www.fruitbookmagazine.it\/fito-foodture-a-marca-fresh-2020-come-innovare-lungo-la-filiera-delle-orticole\/\" target=\"_blank\" rel=\"noopener\">Fit\u00f3 Foodture a Marca Fresh 2020:<\/a><\/h3>\t\t\t\t<\/div>\n\t\t\t\t<\/div>\n\t\t\t\t<div class=\"elementor-element elementor-element-a9e5f39 elementor-widget__width-initial elementor-widget elementor-widget-heading\" data-id=\"a9e5f39\" data-element_type=\"widget\" data-widget_type=\"heading.default\">\n\t\t\t\t<div class=\"elementor-widget-container\">\n\t\t\t\t\t<p class=\"elementor-heading-title elementor-size-default\"><a href=\"https:\/\/www.fruitbookmagazine.it\/fito-foodture-a-marca-fresh-2020-come-innovare-lungo-la-filiera-delle-orticole\/\" target=\"_blank\" rel=\"noopener\">com innovar al llarg de la cadena de producci\u00f3 hortofruct\u00edcola? (IT)<\/a><\/p>\t\t\t\t<\/div>\n\t\t\t\t<\/div>\n\t\t\t\t<div class=\"elementor-element elementor-element-b39d307 elementor-widget__width-auto elementor-widget elementor-widget-heading\" data-id=\"b39d307\" data-element_type=\"widget\" data-widget_type=\"heading.default\">\n\t\t\t\t<div class=\"elementor-widget-container\">\n\t\t\t\t\t<p class=\"elementor-heading-title elementor-size-default\"><a href=\"https:\/\/www.fruitbookmagazine.it\/fito-foodture-a-marca-fresh-2020-come-innovare-lungo-la-filiera-delle-orticole\/\" target=\"_blank\" rel=\"noopener\">21 gener 2020<\/a><\/p>\t\t\t\t<\/div>\n\t\t\t\t<\/div>\n\t\t\t\t<div class=\"elementor-element elementor-element-8b34ff2 elementor-widget__width-auto elementor-widget elementor-widget-wd_button\" data-id=\"8b34ff2\" data-element_type=\"widget\" data-widget_type=\"wd_button.default\">\n\t\t\t\t<div class=\"elementor-widget-container\">\n\t\t\t\t\t\t\t<div class=\"wd-button-wrapper text-left\" >\n\t\t\t<a class=\"btn btn-style-link btn-shape- btn-size-extra-small btn-color-primary btn-icon-pos-right\" href=\"https:\/\/www.fruitbookmagazine.it\/fito-foodture-a-marca-fresh-2020-come-innovare-lungo-la-filiera-delle-orticole\/\" target=\"_blank\" rel=\"noopener\">\n\t\t\t\t<span class=\"wd-btn-text\" data-elementor-setting-key=\"text\">\n\t\t\t\t\tVisiteu la not\u00edcia\t\t\t\t<\/span>\n\n\t\t\t\t\t\t\t<\/a>\n\t\t<\/div>\n\t\t\t\t\t\t<\/div>\n\t\t\t\t<\/div>\n\t\t\t\t<\/div>\n\t\t<div data-particle_enable=\"false\" data-particle-mobile-disabled=\"false\" class=\"elementor-element elementor-element-75c42c9 e-con-full e-flex e-con e-child\" data-id=\"75c42c9\" data-element_type=\"container\">\n\t\t\t\t<div class=\"elementor-element elementor-element-c19b907 elementor-widget elementor-widget-heading\" data-id=\"c19b907\" data-element_type=\"widget\" data-widget_type=\"heading.default\">\n\t\t\t\t<div class=\"elementor-widget-container\">\n\t\t\t\t\t<h2 class=\"elementor-heading-title elementor-size-default\"><a href=\"https:\/\/www.fruitbookmagazine.it\/il-pomodoro-monterosa-va-alla-conquista-del-mercato-italiano\/\" target=\"_blank\" rel=\"noopener\">Fruitbook Magazine<\/a><\/h2>\t\t\t\t<\/div>\n\t\t\t\t<\/div>\n\t\t\t\t<div class=\"elementor-element elementor-element-30b0e90 elementor-widget-divider--view-line elementor-widget elementor-widget-divider\" data-id=\"30b0e90\" data-element_type=\"widget\" data-widget_type=\"divider.default\">\n\t\t\t\t<div class=\"elementor-widget-container\">\n\t\t\t\t\t\t\t<div class=\"elementor-divider\">\n\t\t\t<span class=\"elementor-divider-separator\">\n\t\t\t\t\t\t<\/span>\n\t\t<\/div>\n\t\t\t\t\t\t<\/div>\n\t\t\t\t<\/div>\n\t\t\t\t<div class=\"elementor-element elementor-element-ea8b943 elementor-widget__width-initial elementor-widget elementor-widget-heading\" data-id=\"ea8b943\" data-element_type=\"widget\" data-widget_type=\"heading.default\">\n\t\t\t\t<div class=\"elementor-widget-container\">\n\t\t\t\t\t<h3 class=\"elementor-heading-title elementor-size-default\"><a href=\"https:\/\/www.fruitbookmagazine.it\/il-pomodoro-monterosa-va-alla-conquista-del-mercato-italiano\/\" target=\"_blank\" rel=\"noopener\">El tom\u00e0quet Monterosa tamb\u00e9 arriba a It\u00e0lia: atractiu per fora, sabor\u00f3s per dins (IT)<\/a><\/h3>\t\t\t\t<\/div>\n\t\t\t\t<\/div>\n\t\t\t\t<div class=\"elementor-element elementor-element-c113b09 elementor-widget-divider--view-line elementor-widget elementor-widget-divider\" data-id=\"c113b09\" data-element_type=\"widget\" data-widget_type=\"divider.default\">\n\t\t\t\t<div class=\"elementor-widget-container\">\n\t\t\t\t\t\t\t<div class=\"elementor-divider\">\n\t\t\t<span class=\"elementor-divider-separator\">\n\t\t\t\t\t\t<\/span>\n\t\t<\/div>\n\t\t\t\t\t\t<\/div>\n\t\t\t\t<\/div>\n\t\t\t\t<div class=\"elementor-element elementor-element-b3bf20d elementor-widget__width-auto elementor-widget elementor-widget-heading\" data-id=\"b3bf20d\" data-element_type=\"widget\" data-widget_type=\"heading.default\">\n\t\t\t\t<div class=\"elementor-widget-container\">\n\t\t\t\t\t<p class=\"elementor-heading-title elementor-size-default\"><a href=\"https:\/\/www.fruitbookmagazine.it\/il-pomodoro-monterosa-va-alla-conquista-del-mercato-italiano\/\" rel=\"noopener\">21 nov 2019<\/a><\/p>\t\t\t\t<\/div>\n\t\t\t\t<\/div>\n\t\t\t\t<div class=\"elementor-element elementor-element-fa055a4 elementor-widget__width-auto elementor-widget elementor-widget-wd_button\" data-id=\"fa055a4\" data-element_type=\"widget\" data-widget_type=\"wd_button.default\">\n\t\t\t\t<div class=\"elementor-widget-container\">\n\t\t\t\t\t\t\t<div class=\"wd-button-wrapper text-left\" >\n\t\t\t<a class=\"btn btn-style-link btn-shape- btn-size-extra-small btn-color-primary btn-icon-pos-right\" href=\"https:\/\/www.fruitbookmagazine.it\/il-pomodoro-monterosa-va-alla-conquista-del-mercato-italiano\/\" rel=\"noopener\">\n\t\t\t\t<span class=\"wd-btn-text\" data-elementor-setting-key=\"text\">\n\t\t\t\t\tVisiteu la not\u00edcia\t\t\t\t<\/span>\n\n\t\t\t\t\t\t\t<\/a>\n\t\t<\/div>\n\t\t\t\t\t\t<\/div>\n\t\t\t\t<\/div>\n\t\t\t\t<\/div>\n\t\t\t\t\t<\/div>\n\t\t\t\t<\/div>\n\t\t<div data-particle_enable=\"false\" data-particle-mobile-disabled=\"false\" class=\"wd-negative-gap elementor-element elementor-element-abcc5e7 e-flex e-con-boxed e-con e-parent\" data-id=\"abcc5e7\" data-element_type=\"container\">\n\t\t\t\t\t<div class=\"e-con-inner\">\n\t\t<div data-particle_enable=\"false\" data-particle-mobile-disabled=\"false\" class=\"elementor-element elementor-element-718470d e-con-full e-flex e-con e-child\" data-id=\"718470d\" data-element_type=\"container\">\n\t\t\t\t<div class=\"elementor-element elementor-element-16fcaab elementor-widget elementor-widget-heading\" data-id=\"16fcaab\" data-element_type=\"widget\" data-widget_type=\"heading.default\">\n\t\t\t\t<div class=\"elementor-widget-container\">\n\t\t\t\t\t<h2 class=\"elementor-heading-title elementor-size-default\"><a href=\"https:\/\/www.freshplaza.it\/article\/4092759\/arriva-anche-in-italia-il-pomodoro-monterosa-attrattivo-fuori-gustoso-dentro\/\" target=\"_blank\" rel=\"noopener\">Fresh Plaza<\/a><\/h2>\t\t\t\t<\/div>\n\t\t\t\t<\/div>\n\t\t\t\t<div class=\"elementor-element elementor-element-a09b318 elementor-widget-divider--view-line elementor-widget elementor-widget-divider\" data-id=\"a09b318\" data-element_type=\"widget\" data-widget_type=\"divider.default\">\n\t\t\t\t<div class=\"elementor-widget-container\">\n\t\t\t\t\t\t\t<div class=\"elementor-divider\">\n\t\t\t<span class=\"elementor-divider-separator\">\n\t\t\t\t\t\t<\/span>\n\t\t<\/div>\n\t\t\t\t\t\t<\/div>\n\t\t\t\t<\/div>\n\t\t\t\t<div class=\"elementor-element elementor-element-1c2d395 elementor-widget__width-initial elementor-widget elementor-widget-heading\" data-id=\"1c2d395\" data-element_type=\"widget\" data-widget_type=\"heading.default\">\n\t\t\t\t<div class=\"elementor-widget-container\">\n\t\t\t\t\t<h3 class=\"elementor-heading-title elementor-size-default\"><a href=\"https:\/\/www.freshplaza.it\/article\/4092759\/arriva-anche-in-italia-il-pomodoro-monterosa-attrattivo-fuori-gustoso-dentro\/\" target=\"_blank\" rel=\"noopener\">El tom\u00e0quet Monterosa tamb\u00e9 arriba a It\u00e0lia: atractiu per fora, sabor\u00f3s per dins (IT)<\/a><\/h3>\t\t\t\t<\/div>\n\t\t\t\t<\/div>\n\t\t\t\t<div class=\"elementor-element elementor-element-1174715 elementor-widget-divider--view-line elementor-widget elementor-widget-divider\" data-id=\"1174715\" data-element_type=\"widget\" data-widget_type=\"divider.default\">\n\t\t\t\t<div class=\"elementor-widget-container\">\n\t\t\t\t\t\t\t<div class=\"elementor-divider\">\n\t\t\t<span class=\"elementor-divider-separator\">\n\t\t\t\t\t\t<\/span>\n\t\t<\/div>\n\t\t\t\t\t\t<\/div>\n\t\t\t\t<\/div>\n\t\t\t\t<div class=\"elementor-element elementor-element-e2fd77d elementor-widget__width-auto elementor-widget elementor-widget-heading\" data-id=\"e2fd77d\" data-element_type=\"widget\" data-widget_type=\"heading.default\">\n\t\t\t\t<div class=\"elementor-widget-container\">\n\t\t\t\t\t<p class=\"elementor-heading-title elementor-size-default\"><a href=\"https:\/\/www.freshplaza.it\/article\/4092759\/arriva-anche-in-italia-il-pomodoro-monterosa-attrattivo-fuori-gustoso-dentro\/\" target=\"_blank\" rel=\"noopener\">21 nov 2019<\/a><\/p>\t\t\t\t<\/div>\n\t\t\t\t<\/div>\n\t\t\t\t<div class=\"elementor-element elementor-element-79aad11 elementor-widget__width-auto elementor-widget elementor-widget-wd_button\" data-id=\"79aad11\" data-element_type=\"widget\" data-widget_type=\"wd_button.default\">\n\t\t\t\t<div class=\"elementor-widget-container\">\n\t\t\t\t\t\t\t<div class=\"wd-button-wrapper text-left\" >\n\t\t\t<a class=\"btn btn-style-link btn-shape- btn-size-extra-small btn-color-primary btn-icon-pos-right\" href=\"https:\/\/www.freshplaza.it\/article\/4092759\/arriva-anche-in-italia-il-pomodoro-monterosa-attrattivo-fuori-gustoso-dentro\/\" target=\"_blank\" rel=\"noopener\">\n\t\t\t\t<span class=\"wd-btn-text\" data-elementor-setting-key=\"text\">\n\t\t\t\t\tVisiteu la not\u00edcia\t\t\t\t<\/span>\n\n\t\t\t\t\t\t\t<\/a>\n\t\t<\/div>\n\t\t\t\t\t\t<\/div>\n\t\t\t\t<\/div>\n\t\t\t\t<\/div>\n\t\t<div data-particle_enable=\"false\" data-particle-mobile-disabled=\"false\" class=\"elementor-element elementor-element-060422b e-con-full e-flex e-con e-child\" data-id=\"060422b\" data-element_type=\"container\">\n\t\t\t\t<div class=\"elementor-element elementor-element-7bd0733 elementor-widget elementor-widget-heading\" data-id=\"7bd0733\" data-element_type=\"widget\" data-widget_type=\"heading.default\">\n\t\t\t\t<div class=\"elementor-widget-container\">\n\t\t\t\t\t<h2 class=\"elementor-heading-title elementor-size-default\"><a href=\"https:\/\/www.myfruit.it\/aziende\/2019\/05\/gusto-identita-la-filosofia-foodture-semillas-fito.html\" target=\"_blank\" rel=\"noopener\">My Fruit<\/a><\/h2>\t\t\t\t<\/div>\n\t\t\t\t<\/div>\n\t\t\t\t<div class=\"elementor-element elementor-element-da4e2f4 elementor-widget-divider--view-line elementor-widget elementor-widget-divider\" data-id=\"da4e2f4\" data-element_type=\"widget\" data-widget_type=\"divider.default\">\n\t\t\t\t<div class=\"elementor-widget-container\">\n\t\t\t\t\t\t\t<div class=\"elementor-divider\">\n\t\t\t<span class=\"elementor-divider-separator\">\n\t\t\t\t\t\t<\/span>\n\t\t<\/div>\n\t\t\t\t\t\t<\/div>\n\t\t\t\t<\/div>\n\t\t\t\t<div class=\"elementor-element elementor-element-58b381f elementor-widget__width-initial elementor-widget elementor-widget-heading\" data-id=\"58b381f\" data-element_type=\"widget\" data-widget_type=\"heading.default\">\n\t\t\t\t<div class=\"elementor-widget-container\">\n\t\t\t\t\t<h3 class=\"elementor-heading-title elementor-size-default\"><a href=\"https:\/\/www.myfruit.it\/aziende\/2019\/05\/gusto-identita-la-filosofia-foodture-semillas-fito.html\" target=\"_blank\" rel=\"noopener\">Sabor i identitat: la filosofia \u201cFoodture\u201d de SEMILLAS FIT\u00d3 (IT)<\/a><\/h3>\t\t\t\t<\/div>\n\t\t\t\t<\/div>\n\t\t\t\t<div class=\"elementor-element elementor-element-661967c elementor-widget-divider--view-line elementor-widget elementor-widget-divider\" data-id=\"661967c\" data-element_type=\"widget\" data-widget_type=\"divider.default\">\n\t\t\t\t<div class=\"elementor-widget-container\">\n\t\t\t\t\t\t\t<div class=\"elementor-divider\">\n\t\t\t<span class=\"elementor-divider-separator\">\n\t\t\t\t\t\t<\/span>\n\t\t<\/div>\n\t\t\t\t\t\t<\/div>\n\t\t\t\t<\/div>\n\t\t\t\t<div class=\"elementor-element elementor-element-a5e7cd3 elementor-widget__width-auto elementor-widget elementor-widget-heading\" data-id=\"a5e7cd3\" data-element_type=\"widget\" data-widget_type=\"heading.default\">\n\t\t\t\t<div class=\"elementor-widget-container\">\n\t\t\t\t\t<p class=\"elementor-heading-title elementor-size-default\"><a href=\"https:\/\/www.myfruit.it\/aziende\/2019\/05\/gusto-identita-la-filosofia-foodture-semillas-fito.html\" target=\"_blank\" rel=\"noopener\">21 nov 2019<\/a><\/p>\t\t\t\t<\/div>\n\t\t\t\t<\/div>\n\t\t\t\t<div class=\"elementor-element elementor-element-8314848 elementor-widget__width-auto elementor-widget elementor-widget-wd_button\" data-id=\"8314848\" data-element_type=\"widget\" data-widget_type=\"wd_button.default\">\n\t\t\t\t<div class=\"elementor-widget-container\">\n\t\t\t\t\t\t\t<div class=\"wd-button-wrapper text-left\" >\n\t\t\t<a class=\"btn btn-style-link btn-shape- btn-size-extra-small btn-color-primary btn-icon-pos-right\" href=\"https:\/\/www.myfruit.it\/aziende\/2019\/05\/gusto-identita-la-filosofia-foodture-semillas-fito.html\" target=\"_blank\" rel=\"noopener\">\n\t\t\t\t<span class=\"wd-btn-text\" data-elementor-setting-key=\"text\">\n\t\t\t\t\tVisiteu la not\u00edcia\t\t\t\t<\/span>\n\n\t\t\t\t\t\t\t<\/a>\n\t\t<\/div>\n\t\t\t\t\t\t<\/div>\n\t\t\t\t<\/div>\n\t\t\t\t<\/div>\n\t\t<div data-particle_enable=\"false\" data-particle-mobile-disabled=\"false\" class=\"elementor-element elementor-element-dfe4909 e-con-full e-flex e-con e-child\" data-id=\"dfe4909\" data-element_type=\"container\">\n\t\t\t\t<div class=\"elementor-element elementor-element-88bf4ac elementor-widget elementor-widget-heading\" data-id=\"88bf4ac\" data-element_type=\"widget\" data-widget_type=\"heading.default\">\n\t\t\t\t<div class=\"elementor-widget-container\">\n\t\t\t\t\t<h2 class=\"elementor-heading-title elementor-size-default\"><a href=\"http:\/\/www.corriereortofrutticolo.it\/2019\/11\/28\/semillas-fito-insiste-sullitalia-con-sito-web-dedicato-al-pomodoro-monterosa\/\" rel=\"noopener\">Corriereortofutticolo<\/a><\/h2>\t\t\t\t<\/div>\n\t\t\t\t<\/div>\n\t\t\t\t<div class=\"elementor-element elementor-element-cba8ff3 elementor-widget-divider--view-line elementor-widget elementor-widget-divider\" data-id=\"cba8ff3\" data-element_type=\"widget\" data-widget_type=\"divider.default\">\n\t\t\t\t<div class=\"elementor-widget-container\">\n\t\t\t\t\t\t\t<div class=\"elementor-divider\">\n\t\t\t<span class=\"elementor-divider-separator\">\n\t\t\t\t\t\t<\/span>\n\t\t<\/div>\n\t\t\t\t\t\t<\/div>\n\t\t\t\t<\/div>\n\t\t\t\t<div class=\"elementor-element elementor-element-45503a0 elementor-widget__width-initial elementor-widget elementor-widget-heading\" data-id=\"45503a0\" data-element_type=\"widget\" data-widget_type=\"heading.default\">\n\t\t\t\t<div class=\"elementor-widget-container\">\n\t\t\t\t\t<h3 class=\"elementor-heading-title elementor-size-default\"><a href=\"http:\/\/www.corriereortofrutticolo.it\/2019\/11\/28\/semillas-fito-insiste-sullitalia-con-sito-web-dedicato-al-pomodoro-monterosa\/\" target=\"_blank\" rel=\"noopener\">Semillas Fit\u00f3 demostra el seu inter\u00e8s a It\u00e0lia amb una p\u00e0gina web dedicada al tom\u00e0quet Monterosa (IT)<\/a><\/h3>\t\t\t\t<\/div>\n\t\t\t\t<\/div>\n\t\t\t\t<div class=\"elementor-element elementor-element-5df133a elementor-widget__width-auto elementor-widget elementor-widget-heading\" data-id=\"5df133a\" data-element_type=\"widget\" data-widget_type=\"heading.default\">\n\t\t\t\t<div class=\"elementor-widget-container\">\n\t\t\t\t\t<p class=\"elementor-heading-title elementor-size-default\"><a href=\"http:\/\/www.corriereortofrutticolo.it\/2019\/11\/28\/semillas-fito-insiste-sullitalia-con-sito-web-dedicato-al-pomodoro-monterosa\/\" target=\"_blank\" rel=\"noopener\">28 nov 2019<\/a><\/p>\t\t\t\t<\/div>\n\t\t\t\t<\/div>\n\t\t\t\t<div class=\"elementor-element elementor-element-a404077 elementor-widget__width-auto elementor-widget elementor-widget-wd_button\" data-id=\"a404077\" data-element_type=\"widget\" data-widget_type=\"wd_button.default\">\n\t\t\t\t<div class=\"elementor-widget-container\">\n\t\t\t\t\t\t\t<div class=\"wd-button-wrapper text-left\" >\n\t\t\t<a class=\"btn btn-style-link btn-shape- btn-size-extra-small btn-color-primary btn-icon-pos-right\" href=\"http:\/\/www.corriereortofrutticolo.it\/2019\/11\/28\/semillas-fito-insiste-sullitalia-con-sito-web-dedicato-al-pomodoro-monterosa\/\" target=\"_blank\" rel=\"noopener\">\n\t\t\t\t<span class=\"wd-btn-text\" data-elementor-setting-key=\"text\">\n\t\t\t\t\tVisiteu la not\u00edcia\t\t\t\t<\/span>\n\n\t\t\t\t\t\t\t<\/a>\n\t\t<\/div>\n\t\t\t\t\t\t<\/div>\n\t\t\t\t<\/div>\n\t\t\t\t<\/div>\n\t\t\t\t\t<\/div>\n\t\t\t\t<\/div>\n\t\t<div data-particle_enable=\"false\" data-particle-mobile-disabled=\"false\" class=\"wd-negative-gap elementor-element elementor-element-781cde0 e-flex e-con-boxed e-con e-parent\" data-id=\"781cde0\" data-element_type=\"container\">\n\t\t\t\t\t<div class=\"e-con-inner\">\n\t\t<div data-particle_enable=\"false\" data-particle-mobile-disabled=\"false\" class=\"elementor-element elementor-element-2ac5b00 e-con-full e-flex e-con e-child\" data-id=\"2ac5b00\" data-element_type=\"container\">\n\t\t\t\t<div class=\"elementor-element elementor-element-4fbd95f elementor-widget elementor-widget-heading\" data-id=\"4fbd95f\" data-element_type=\"widget\" data-widget_type=\"heading.default\">\n\t\t\t\t<div class=\"elementor-widget-container\">\n\t\t\t\t\t<h2 class=\"elementor-heading-title elementor-size-default\"><a href=\"https:\/\/www.fruitgourmet.it\/2019\/10\/pomodori-premium-monterosa\/\" target=\"_blank\" rel=\"noopener\">FruitGourmet<\/a><\/h2>\t\t\t\t<\/div>\n\t\t\t\t<\/div>\n\t\t\t\t<div class=\"elementor-element elementor-element-c705a74 elementor-widget-divider--view-line elementor-widget elementor-widget-divider\" data-id=\"c705a74\" data-element_type=\"widget\" data-widget_type=\"divider.default\">\n\t\t\t\t<div class=\"elementor-widget-container\">\n\t\t\t\t\t\t\t<div class=\"elementor-divider\">\n\t\t\t<span class=\"elementor-divider-separator\">\n\t\t\t\t\t\t<\/span>\n\t\t<\/div>\n\t\t\t\t\t\t<\/div>\n\t\t\t\t<\/div>\n\t\t\t\t<div class=\"elementor-element elementor-element-7d6023e elementor-widget__width-initial elementor-widget elementor-widget-heading\" data-id=\"7d6023e\" data-element_type=\"widget\" data-widget_type=\"heading.default\">\n\t\t\t\t<div class=\"elementor-widget-container\">\n\t\t\t\t\t<h3 class=\"elementor-heading-title elementor-size-default\"><a href=\"https:\/\/www.fruitgourmet.it\/2019\/10\/pomodori-premium-monterosa\/\" target=\"_blank\" rel=\"noopener\">Bonics per fora i deliciosos per dins: els 4 tom\u00e0quets pr\u00e8mium Monterosa (IT)<\/a><\/h3>\t\t\t\t<\/div>\n\t\t\t\t<\/div>\n\t\t\t\t<div class=\"elementor-element elementor-element-8c90586 elementor-widget-divider--view-line elementor-widget elementor-widget-divider\" data-id=\"8c90586\" data-element_type=\"widget\" data-widget_type=\"divider.default\">\n\t\t\t\t<div class=\"elementor-widget-container\">\n\t\t\t\t\t\t\t<div class=\"elementor-divider\">\n\t\t\t<span class=\"elementor-divider-separator\">\n\t\t\t\t\t\t<\/span>\n\t\t<\/div>\n\t\t\t\t\t\t<\/div>\n\t\t\t\t<\/div>\n\t\t\t\t<div class=\"elementor-element elementor-element-1e460bd elementor-widget__width-auto elementor-widget elementor-widget-heading\" data-id=\"1e460bd\" data-element_type=\"widget\" data-widget_type=\"heading.default\">\n\t\t\t\t<div class=\"elementor-widget-container\">\n\t\t\t\t\t<p class=\"elementor-heading-title elementor-size-default\"><a href=\"https:\/\/www.fruitgourmet.it\/2019\/10\/pomodori-premium-monterosa\/\" target=\"_blank\" rel=\"noopener\">20 nov 2019<\/a><\/p>\t\t\t\t<\/div>\n\t\t\t\t<\/div>\n\t\t\t\t<div class=\"elementor-element elementor-element-35d1e54 elementor-widget__width-auto elementor-widget elementor-widget-wd_button\" data-id=\"35d1e54\" data-element_type=\"widget\" data-widget_type=\"wd_button.default\">\n\t\t\t\t<div class=\"elementor-widget-container\">\n\t\t\t\t\t\t\t<div class=\"wd-button-wrapper text-left\" >\n\t\t\t<a class=\"btn btn-style-link btn-shape- btn-size-extra-small btn-color-primary btn-icon-pos-right\" href=\"https:\/\/www.fruitgourmet.it\/2019\/10\/pomodori-premium-monterosa\/\" target=\"_blank\" rel=\"noopener\">\n\t\t\t\t<span class=\"wd-btn-text\" data-elementor-setting-key=\"text\">\n\t\t\t\t\tVisiteu la not\u00edcia\t\t\t\t<\/span>\n\n\t\t\t\t\t\t\t<\/a>\n\t\t<\/div>\n\t\t\t\t\t\t<\/div>\n\t\t\t\t<\/div>\n\t\t\t\t<\/div>\n\t\t<div data-particle_enable=\"false\" data-particle-mobile-disabled=\"false\" class=\"elementor-element elementor-element-586c52d e-con-full e-flex e-con e-child\" data-id=\"586c52d\" data-element_type=\"container\">\n\t\t\t\t<div class=\"elementor-element elementor-element-86f1bf4 elementor-widget elementor-widget-heading\" data-id=\"86f1bf4\" data-element_type=\"widget\" data-widget_type=\"heading.default\">\n\t\t\t\t<div class=\"elementor-widget-container\">\n\t\t\t\t\t<h2 class=\"elementor-heading-title elementor-size-default\"><a href=\"https:\/\/www.fruitbookmagazine.it\/fruit-attraction-2019-ecco-tutte-le-novita-dellinnovation-hub-sei-sono-italiane\/\" target=\"_blank\" rel=\"noopener\">Fruitbook Magazine<\/a><\/h2>\t\t\t\t<\/div>\n\t\t\t\t<\/div>\n\t\t\t\t<div class=\"elementor-element elementor-element-70451d5 elementor-widget-divider--view-line elementor-widget elementor-widget-divider\" data-id=\"70451d5\" data-element_type=\"widget\" data-widget_type=\"divider.default\">\n\t\t\t\t<div class=\"elementor-widget-container\">\n\t\t\t\t\t\t\t<div class=\"elementor-divider\">\n\t\t\t<span class=\"elementor-divider-separator\">\n\t\t\t\t\t\t<\/span>\n\t\t<\/div>\n\t\t\t\t\t\t<\/div>\n\t\t\t\t<\/div>\n\t\t\t\t<div class=\"elementor-element elementor-element-59f3935 elementor-widget__width-initial elementor-widget elementor-widget-heading\" data-id=\"59f3935\" data-element_type=\"widget\" data-widget_type=\"heading.default\">\n\t\t\t\t<div class=\"elementor-widget-container\">\n\t\t\t\t\t<h3 class=\"elementor-heading-title elementor-size-default\"><a href=\"https:\/\/www.fruitbookmagazine.it\/fruit-attraction-2019-ecco-tutte-le-novita-dellinnovation-hub-sei-sono-italiane\/\" target=\"_blank\" rel=\"noopener\">Fruit Attraction 2019 o totes les novetats de l'Innovation Hub: sis s\u00f3n italianes (IT)<\/a><\/h3>\t\t\t\t<\/div>\n\t\t\t\t<\/div>\n\t\t\t\t<div class=\"elementor-element elementor-element-6ccf8e8 elementor-widget-divider--view-line elementor-widget elementor-widget-divider\" data-id=\"6ccf8e8\" data-element_type=\"widget\" data-widget_type=\"divider.default\">\n\t\t\t\t<div class=\"elementor-widget-container\">\n\t\t\t\t\t\t\t<div class=\"elementor-divider\">\n\t\t\t<span class=\"elementor-divider-separator\">\n\t\t\t\t\t\t<\/span>\n\t\t<\/div>\n\t\t\t\t\t\t<\/div>\n\t\t\t\t<\/div>\n\t\t\t\t<div class=\"elementor-element elementor-element-7af5bc9 elementor-widget__width-auto elementor-widget elementor-widget-heading\" data-id=\"7af5bc9\" data-element_type=\"widget\" data-widget_type=\"heading.default\">\n\t\t\t\t<div class=\"elementor-widget-container\">\n\t\t\t\t\t<p class=\"elementor-heading-title elementor-size-default\"><a href=\"https:\/\/www.fruitbookmagazine.it\/fruit-attraction-2019-ecco-tutte-le-novita-dellinnovation-hub-sei-sono-italiane\/\" target=\"_blank\" rel=\"noopener\">30 oct 2019<\/a><\/p>\t\t\t\t<\/div>\n\t\t\t\t<\/div>\n\t\t\t\t<div class=\"elementor-element elementor-element-49a5e4b elementor-widget__width-auto elementor-widget elementor-widget-wd_button\" data-id=\"49a5e4b\" data-element_type=\"widget\" data-widget_type=\"wd_button.default\">\n\t\t\t\t<div class=\"elementor-widget-container\">\n\t\t\t\t\t\t\t<div class=\"wd-button-wrapper text-left\" >\n\t\t\t<a class=\"btn btn-style-link btn-shape- btn-size-extra-small btn-color-primary btn-icon-pos-right\" href=\"https:\/\/www.fruitbookmagazine.it\/fruit-attraction-2019-ecco-tutte-le-novita-dellinnovation-hub-sei-sono-italiane\/\" target=\"_blank\" rel=\"noopener\">\n\t\t\t\t<span class=\"wd-btn-text\" data-elementor-setting-key=\"text\">\n\t\t\t\t\tVisiteu la not\u00edcia\t\t\t\t<\/span>\n\n\t\t\t\t\t\t\t<\/a>\n\t\t<\/div>\n\t\t\t\t\t\t<\/div>\n\t\t\t\t<\/div>\n\t\t\t\t<\/div>\n\t\t<div data-particle_enable=\"false\" data-particle-mobile-disabled=\"false\" class=\"elementor-element elementor-element-daee7dd e-con-full e-flex e-con e-child\" data-id=\"daee7dd\" data-element_type=\"container\">\n\t\t\t\t<div class=\"elementor-element elementor-element-23c3416 elementor-widget elementor-widget-heading\" data-id=\"23c3416\" data-element_type=\"widget\" data-widget_type=\"heading.default\">\n\t\t\t\t<div class=\"elementor-widget-container\">\n\t\t\t\t\t<h2 class=\"elementor-heading-title elementor-size-default\"><a href=\"https:\/\/www.italiafruit.net\/semillas-fito-e-il-pomodoro-del-futuro\" target=\"_blank\" rel=\"noopener\">It\u00e0lia Fruit<\/a><\/h2>\t\t\t\t<\/div>\n\t\t\t\t<\/div>\n\t\t\t\t<div class=\"elementor-element elementor-element-955d0ed elementor-widget-divider--view-line elementor-widget elementor-widget-divider\" data-id=\"955d0ed\" data-element_type=\"widget\" data-widget_type=\"divider.default\">\n\t\t\t\t<div class=\"elementor-widget-container\">\n\t\t\t\t\t\t\t<div class=\"elementor-divider\">\n\t\t\t<span class=\"elementor-divider-separator\">\n\t\t\t\t\t\t<\/span>\n\t\t<\/div>\n\t\t\t\t\t\t<\/div>\n\t\t\t\t<\/div>\n\t\t\t\t<div class=\"elementor-element elementor-element-f23ade8 elementor-widget__width-initial elementor-widget elementor-widget-heading\" data-id=\"f23ade8\" data-element_type=\"widget\" data-widget_type=\"heading.default\">\n\t\t\t\t<div class=\"elementor-widget-container\">\n\t\t\t\t\t<h3 class=\"elementor-heading-title elementor-size-default\"><a href=\"https:\/\/www.italiafruit.net\/semillas-fito-e-il-pomodoro-del-futuro\" target=\"_blank\" rel=\"noopener\">SEMILLAS FIT\u00d3 i el tom\u00e0quet del futur (IT)<\/a><\/h3>\t\t\t\t<\/div>\n\t\t\t\t<\/div>\n\t\t\t\t<div class=\"elementor-element elementor-element-ed4e4b1 elementor-widget-divider--view-line elementor-widget elementor-widget-divider\" data-id=\"ed4e4b1\" data-element_type=\"widget\" data-widget_type=\"divider.default\">\n\t\t\t\t<div class=\"elementor-widget-container\">\n\t\t\t\t\t\t\t<div class=\"elementor-divider\">\n\t\t\t<span class=\"elementor-divider-separator\">\n\t\t\t\t\t\t<\/span>\n\t\t<\/div>\n\t\t\t\t\t\t<\/div>\n\t\t\t\t<\/div>\n\t\t\t\t<div class=\"elementor-element elementor-element-6888b6e elementor-widget__width-auto elementor-widget elementor-widget-heading\" data-id=\"6888b6e\" data-element_type=\"widget\" data-widget_type=\"heading.default\">\n\t\t\t\t<div class=\"elementor-widget-container\">\n\t\t\t\t\t<p class=\"elementor-heading-title elementor-size-default\"><a href=\"https:\/\/www.italiafruit.net\/semillas-fito-e-il-pomodoro-del-futuro\" target=\"_blank\" rel=\"noopener\">05 abril 2019<\/a><\/p>\t\t\t\t<\/div>\n\t\t\t\t<\/div>\n\t\t\t\t<div class=\"elementor-element elementor-element-2c3a6d5 elementor-widget__width-auto elementor-widget elementor-widget-wd_button\" data-id=\"2c3a6d5\" data-element_type=\"widget\" data-widget_type=\"wd_button.default\">\n\t\t\t\t<div class=\"elementor-widget-container\">\n\t\t\t\t\t\t\t<div class=\"wd-button-wrapper text-left\" >\n\t\t\t<a class=\"btn btn-style-link btn-shape- btn-size-extra-small btn-color-primary btn-icon-pos-right\" href=\"https:\/\/www.italiafruit.net\/semillas-fito-e-il-pomodoro-del-futuro\" target=\"_blank\" rel=\"noopener\">\n\t\t\t\t<span class=\"wd-btn-text\" data-elementor-setting-key=\"text\">\n\t\t\t\t\tVisiteu la not\u00edcia\t\t\t\t<\/span>\n\n\t\t\t\t\t\t\t<\/a>\n\t\t<\/div>\n\t\t\t\t\t\t<\/div>\n\t\t\t\t<\/div>\n\t\t\t\t<\/div>\n\t\t\t\t\t<\/div>\n\t\t\t\t<\/div>\n\t\t<div data-particle_enable=\"false\" data-particle-mobile-disabled=\"false\" class=\"wd-negative-gap elementor-element elementor-element-7beb5e8 e-flex e-con-boxed e-con e-parent\" data-id=\"7beb5e8\" data-element_type=\"container\">\n\t\t\t\t\t<div class=\"e-con-inner\">\n\t\t<div data-particle_enable=\"false\" data-particle-mobile-disabled=\"false\" class=\"elementor-element elementor-element-ff71157 e-con-full e-flex e-con e-child\" data-id=\"ff71157\" data-element_type=\"container\">\n\t\t\t\t<div class=\"elementor-element elementor-element-d4a2640 elementor-widget elementor-widget-heading\" data-id=\"d4a2640\" data-element_type=\"widget\" data-widget_type=\"heading.default\">\n\t\t\t\t<div class=\"elementor-widget-container\">\n\t\t\t\t\t<h2 class=\"elementor-heading-title elementor-size-default\"><a href=\"https:\/\/www.italiafruit.net\/cedior-il-pomodoro-monterosa-parla-italiano\" target=\"_blank\" rel=\"noopener\">It\u00e0lia Fruit<\/a><\/h2>\t\t\t\t<\/div>\n\t\t\t\t<\/div>\n\t\t\t\t<div class=\"elementor-element elementor-element-47d1a41 elementor-widget-divider--view-line elementor-widget elementor-widget-divider\" data-id=\"47d1a41\" data-element_type=\"widget\" data-widget_type=\"divider.default\">\n\t\t\t\t<div class=\"elementor-widget-container\">\n\t\t\t\t\t\t\t<div class=\"elementor-divider\">\n\t\t\t<span class=\"elementor-divider-separator\">\n\t\t\t\t\t\t<\/span>\n\t\t<\/div>\n\t\t\t\t\t\t<\/div>\n\t\t\t\t<\/div>\n\t\t\t\t<div class=\"elementor-element elementor-element-5006cd8 elementor-widget__width-initial elementor-widget elementor-widget-heading\" data-id=\"5006cd8\" data-element_type=\"widget\" data-widget_type=\"heading.default\">\n\t\t\t\t<div class=\"elementor-widget-container\">\n\t\t\t\t\t<h3 class=\"elementor-heading-title elementor-size-default\"><a href=\"https:\/\/www.italiafruit.net\/cedior-il-pomodoro-monterosa-parla-italiano\" target=\"_blank\" rel=\"noopener\">El tom\u00e0quet Monterosa parla itali\u00e0 (IT)<\/a><\/h3>\t\t\t\t<\/div>\n\t\t\t\t<\/div>\n\t\t\t\t<div class=\"elementor-element elementor-element-7c3122d elementor-widget-divider--view-line elementor-widget elementor-widget-divider\" data-id=\"7c3122d\" data-element_type=\"widget\" data-widget_type=\"divider.default\">\n\t\t\t\t<div class=\"elementor-widget-container\">\n\t\t\t\t\t\t\t<div class=\"elementor-divider\">\n\t\t\t<span class=\"elementor-divider-separator\">\n\t\t\t\t\t\t<\/span>\n\t\t<\/div>\n\t\t\t\t\t\t<\/div>\n\t\t\t\t<\/div>\n\t\t\t\t<div class=\"elementor-element elementor-element-531f8cf elementor-widget__width-auto elementor-widget elementor-widget-heading\" data-id=\"531f8cf\" data-element_type=\"widget\" data-widget_type=\"heading.default\">\n\t\t\t\t<div class=\"elementor-widget-container\">\n\t\t\t\t\t<p class=\"elementor-heading-title elementor-size-default\"><a href=\"https:\/\/www.italiafruit.net\/cedior-il-pomodoro-monterosa-parla-italiano\" target=\"_blank\" rel=\"noopener\">30 agost 2017<\/a><\/p>\t\t\t\t<\/div>\n\t\t\t\t<\/div>\n\t\t\t\t<div class=\"elementor-element elementor-element-fc8d97a elementor-widget__width-auto elementor-widget elementor-widget-wd_button\" data-id=\"fc8d97a\" data-element_type=\"widget\" data-widget_type=\"wd_button.default\">\n\t\t\t\t<div class=\"elementor-widget-container\">\n\t\t\t\t\t\t\t<div class=\"wd-button-wrapper text-left\" >\n\t\t\t<a class=\"btn btn-style-link btn-shape- btn-size-extra-small btn-color-primary btn-icon-pos-right\" href=\"https:\/\/www.italiafruit.net\/cedior-il-pomodoro-monterosa-parla-italiano\" target=\"_blank\" rel=\"noopener\">\n\t\t\t\t<span class=\"wd-btn-text\" data-elementor-setting-key=\"text\">\n\t\t\t\t\tVisiteu la not\u00edcia\t\t\t\t<\/span>\n\n\t\t\t\t\t\t\t<\/a>\n\t\t<\/div>\n\t\t\t\t\t\t<\/div>\n\t\t\t\t<\/div>\n\t\t\t\t<\/div>\n\t\t<div data-particle_enable=\"false\" data-particle-mobile-disabled=\"false\" class=\"elementor-element elementor-element-a5786a6 e-con-full e-flex e-con e-child\" data-id=\"a5786a6\" data-element_type=\"container\">\n\t\t\t\t<div class=\"elementor-element elementor-element-b8b2c0c elementor-widget elementor-widget-heading\" data-id=\"b8b2c0c\" data-element_type=\"widget\" data-widget_type=\"heading.default\">\n\t\t\t\t<div class=\"elementor-widget-container\">\n\t\t\t\t\t<h2 class=\"elementor-heading-title elementor-size-default\"><a href=\"https:\/\/agroautentico.com\/2017\/06\/saliplant-tomate-monterosa-semillas-fito\/\" target=\"_blank\" rel=\"noopener\">Jose Antonio Arcos<\/a><\/h2>\t\t\t\t<\/div>\n\t\t\t\t<\/div>\n\t\t\t\t<div class=\"elementor-element elementor-element-7046f6d elementor-widget-divider--view-line elementor-widget elementor-widget-divider\" data-id=\"7046f6d\" data-element_type=\"widget\" data-widget_type=\"divider.default\">\n\t\t\t\t<div class=\"elementor-widget-container\">\n\t\t\t\t\t\t\t<div class=\"elementor-divider\">\n\t\t\t<span class=\"elementor-divider-separator\">\n\t\t\t\t\t\t<\/span>\n\t\t<\/div>\n\t\t\t\t\t\t<\/div>\n\t\t\t\t<\/div>\n\t\t\t\t<div class=\"elementor-element elementor-element-4875190 elementor-widget__width-initial elementor-widget elementor-widget-heading\" data-id=\"4875190\" data-element_type=\"widget\" data-widget_type=\"heading.default\">\n\t\t\t\t<div class=\"elementor-widget-container\">\n\t\t\t\t\t<h3 class=\"elementor-heading-title elementor-size-default\"><a href=\"https:\/\/agroautentico.com\/2017\/06\/saliplant-tomate-monterosa-semillas-fito\/\" target=\"_blank\" rel=\"noopener\">El tom\u00e0quet Monterosa conquereix Instagram<\/a><\/h3>\t\t\t\t<\/div>\n\t\t\t\t<\/div>\n\t\t\t\t<div class=\"elementor-element elementor-element-9c48bd4 elementor-widget-divider--view-line elementor-widget elementor-widget-divider\" data-id=\"9c48bd4\" data-element_type=\"widget\" data-widget_type=\"divider.default\">\n\t\t\t\t<div class=\"elementor-widget-container\">\n\t\t\t\t\t\t\t<div class=\"elementor-divider\">\n\t\t\t<span class=\"elementor-divider-separator\">\n\t\t\t\t\t\t<\/span>\n\t\t<\/div>\n\t\t\t\t\t\t<\/div>\n\t\t\t\t<\/div>\n\t\t\t\t<div class=\"elementor-element elementor-element-cc25403 elementor-widget__width-auto elementor-widget elementor-widget-heading\" data-id=\"cc25403\" data-element_type=\"widget\" data-widget_type=\"heading.default\">\n\t\t\t\t<div class=\"elementor-widget-container\">\n\t\t\t\t\t<p class=\"elementor-heading-title elementor-size-default\"><a href=\"https:\/\/agroautentico.com\/2017\/06\/saliplant-tomate-monterosa-semillas-fito\/\" target=\"_blank\" rel=\"noopener\">15 jun 2017<\/a><\/p>\t\t\t\t<\/div>\n\t\t\t\t<\/div>\n\t\t\t\t<div class=\"elementor-element elementor-element-25ed22e elementor-widget__width-auto elementor-widget elementor-widget-wd_button\" data-id=\"25ed22e\" data-element_type=\"widget\" data-widget_type=\"wd_button.default\">\n\t\t\t\t<div class=\"elementor-widget-container\">\n\t\t\t\t\t\t\t<div class=\"wd-button-wrapper text-left\" >\n\t\t\t<a class=\"btn btn-style-link btn-shape- btn-size-extra-small btn-color-primary btn-icon-pos-right\" href=\"https:\/\/agroautentico.com\/2017\/06\/saliplant-tomate-monterosa-semillas-fito\/\" target=\"_blank\" rel=\"noopener\">\n\t\t\t\t<span class=\"wd-btn-text\" data-elementor-setting-key=\"text\">\n\t\t\t\t\tVisiteu la not\u00edcia\t\t\t\t<\/span>\n\n\t\t\t\t\t\t\t<\/a>\n\t\t<\/div>\n\t\t\t\t\t\t<\/div>\n\t\t\t\t<\/div>\n\t\t\t\t<\/div>\n\t\t<div data-particle_enable=\"false\" data-particle-mobile-disabled=\"false\" class=\"elementor-element elementor-element-ff46862 e-con-full e-flex e-con e-child\" data-id=\"ff46862\" data-element_type=\"container\">\n\t\t\t\t<div class=\"elementor-element elementor-element-2de5d5e elementor-widget elementor-widget-heading\" data-id=\"2de5d5e\" data-element_type=\"widget\" data-widget_type=\"heading.default\">\n\t\t\t\t<div class=\"elementor-widget-container\">\n\t\t\t\t\t<h2 class=\"elementor-heading-title elementor-size-default\"><a href=\"http:\/\/fruittoday.com\/si-tienes-marca-juegas-en-la-champions\/\" target=\"_blank\" rel=\"noopener\">Fruit Today<\/a><\/h2>\t\t\t\t<\/div>\n\t\t\t\t<\/div>\n\t\t\t\t<div class=\"elementor-element elementor-element-c0a86a2 elementor-widget-divider--view-line elementor-widget elementor-widget-divider\" data-id=\"c0a86a2\" data-element_type=\"widget\" data-widget_type=\"divider.default\">\n\t\t\t\t<div class=\"elementor-widget-container\">\n\t\t\t\t\t\t\t<div class=\"elementor-divider\">\n\t\t\t<span class=\"elementor-divider-separator\">\n\t\t\t\t\t\t<\/span>\n\t\t<\/div>\n\t\t\t\t\t\t<\/div>\n\t\t\t\t<\/div>\n\t\t\t\t<div class=\"elementor-element elementor-element-16481ff elementor-widget__width-initial elementor-widget elementor-widget-heading\" data-id=\"16481ff\" data-element_type=\"widget\" data-widget_type=\"heading.default\">\n\t\t\t\t<div class=\"elementor-widget-container\">\n\t\t\t\t\t<h3 class=\"elementor-heading-title elementor-size-default\"><a href=\"http:\/\/fruittoday.com\/si-tienes-marca-juegas-en-la-champions\/\" target=\"_blank\" rel=\"noopener\">Si tens marca, jugues <br>a la Champions<\/a><\/h3>\t\t\t\t<\/div>\n\t\t\t\t<\/div>\n\t\t\t\t<div class=\"elementor-element elementor-element-81d5b2a elementor-widget-divider--view-line elementor-widget elementor-widget-divider\" data-id=\"81d5b2a\" data-element_type=\"widget\" data-widget_type=\"divider.default\">\n\t\t\t\t<div class=\"elementor-widget-container\">\n\t\t\t\t\t\t\t<div class=\"elementor-divider\">\n\t\t\t<span class=\"elementor-divider-separator\">\n\t\t\t\t\t\t<\/span>\n\t\t<\/div>\n\t\t\t\t\t\t<\/div>\n\t\t\t\t<\/div>\n\t\t\t\t<div class=\"elementor-element elementor-element-6b0207f elementor-widget__width-auto elementor-widget elementor-widget-heading\" data-id=\"6b0207f\" data-element_type=\"widget\" data-widget_type=\"heading.default\">\n\t\t\t\t<div class=\"elementor-widget-container\">\n\t\t\t\t\t<p class=\"elementor-heading-title elementor-size-default\"><a href=\"http:\/\/fruittoday.com\/si-tienes-marca-juegas-en-la-champions\/\" target=\"_blank\" rel=\"noopener\">12 jun 2017<\/a><\/p>\t\t\t\t<\/div>\n\t\t\t\t<\/div>\n\t\t\t\t<div class=\"elementor-element elementor-element-ebe6040 elementor-widget__width-auto elementor-widget elementor-widget-wd_button\" data-id=\"ebe6040\" data-element_type=\"widget\" data-widget_type=\"wd_button.default\">\n\t\t\t\t<div class=\"elementor-widget-container\">\n\t\t\t\t\t\t\t<div class=\"wd-button-wrapper text-left\" >\n\t\t\t<a class=\"btn btn-style-link btn-shape- btn-size-extra-small btn-color-primary btn-icon-pos-right\" href=\"http:\/\/fruittoday.com\/si-tienes-marca-juegas-en-la-champions\/\" target=\"_blank\" rel=\"noopener\">\n\t\t\t\t<span class=\"wd-btn-text\" data-elementor-setting-key=\"text\">\n\t\t\t\t\tVisiteu la not\u00edcia\t\t\t\t<\/span>\n\n\t\t\t\t\t\t\t<\/a>\n\t\t<\/div>\n\t\t\t\t\t\t<\/div>\n\t\t\t\t<\/div>\n\t\t\t\t<\/div>\n\t\t\t\t\t<\/div>\n\t\t\t\t<\/div>\n\t\t<div data-particle_enable=\"false\" data-particle-mobile-disabled=\"false\" class=\"wd-negative-gap elementor-element elementor-element-a9b187e e-flex e-con-boxed e-con e-parent\" data-id=\"a9b187e\" data-element_type=\"container\">\n\t\t\t\t\t<div class=\"e-con-inner\">\n\t\t<div data-particle_enable=\"false\" data-particle-mobile-disabled=\"false\" class=\"elementor-element elementor-element-aa75f8e e-con-full e-flex e-con e-child\" data-id=\"aa75f8e\" data-element_type=\"container\">\n\t\t\t\t<div class=\"elementor-element elementor-element-ac75fa6 elementor-widget elementor-widget-heading\" data-id=\"ac75fa6\" data-element_type=\"widget\" data-widget_type=\"heading.default\">\n\t\t\t\t<div class=\"elementor-widget-container\">\n\t\t\t\t\t<h2 class=\"elementor-heading-title elementor-size-default\"><a href=\"https:\/\/www.lavanguardia.com\/edicion-impresa\/20170408\/421532177389\/el-negocio-de-las-semillas.html\" target=\"_blank\" rel=\"noopener\">La Vanguardia<\/a><\/h2>\t\t\t\t<\/div>\n\t\t\t\t<\/div>\n\t\t\t\t<div class=\"elementor-element elementor-element-d5a619a elementor-widget-divider--view-line elementor-widget elementor-widget-divider\" data-id=\"d5a619a\" data-element_type=\"widget\" data-widget_type=\"divider.default\">\n\t\t\t\t<div class=\"elementor-widget-container\">\n\t\t\t\t\t\t\t<div class=\"elementor-divider\">\n\t\t\t<span class=\"elementor-divider-separator\">\n\t\t\t\t\t\t<\/span>\n\t\t<\/div>\n\t\t\t\t\t\t<\/div>\n\t\t\t\t<\/div>\n\t\t\t\t<div class=\"elementor-element elementor-element-2e9a08a elementor-widget__width-initial elementor-widget elementor-widget-heading\" data-id=\"2e9a08a\" data-element_type=\"widget\" data-widget_type=\"heading.default\">\n\t\t\t\t<div class=\"elementor-widget-container\">\n\t\t\t\t\t<h3 class=\"elementor-heading-title elementor-size-default\"><a href=\"https:\/\/www.lavanguardia.com\/edicion-impresa\/20170408\/421532177389\/el-negocio-de-las-semillas.html\" target=\"_blank\" rel=\"noopener\">El negoci de les llavors<\/a><\/h3>\t\t\t\t<\/div>\n\t\t\t\t<\/div>\n\t\t\t\t<div class=\"elementor-element elementor-element-6c7e852 elementor-widget-divider--view-line elementor-widget elementor-widget-divider\" data-id=\"6c7e852\" data-element_type=\"widget\" data-widget_type=\"divider.default\">\n\t\t\t\t<div class=\"elementor-widget-container\">\n\t\t\t\t\t\t\t<div class=\"elementor-divider\">\n\t\t\t<span class=\"elementor-divider-separator\">\n\t\t\t\t\t\t<\/span>\n\t\t<\/div>\n\t\t\t\t\t\t<\/div>\n\t\t\t\t<\/div>\n\t\t\t\t<div class=\"elementor-element elementor-element-4e14781 elementor-widget__width-auto elementor-widget elementor-widget-heading\" data-id=\"4e14781\" data-element_type=\"widget\" data-widget_type=\"heading.default\">\n\t\t\t\t<div class=\"elementor-widget-container\">\n\t\t\t\t\t<p class=\"elementor-heading-title elementor-size-default\"><a href=\"https:\/\/www.lavanguardia.com\/edicion-impresa\/20170408\/421532177389\/el-negocio-de-las-semillas.html\" target=\"_blank\" rel=\"noopener\">08 abril 2017<\/a><\/p>\t\t\t\t<\/div>\n\t\t\t\t<\/div>\n\t\t\t\t<div class=\"elementor-element elementor-element-38e89a3 elementor-widget__width-auto elementor-widget elementor-widget-wd_button\" data-id=\"38e89a3\" data-element_type=\"widget\" data-widget_type=\"wd_button.default\">\n\t\t\t\t<div class=\"elementor-widget-container\">\n\t\t\t\t\t\t\t<div class=\"wd-button-wrapper text-left\" >\n\t\t\t<a class=\"btn btn-style-link btn-shape- btn-size-extra-small btn-color-primary btn-icon-pos-right\" href=\"https:\/\/www.lavanguardia.com\/edicion-impresa\/20170408\/421532177389\/el-negocio-de-las-semillas.html\" target=\"_blank\" rel=\"noopener\">\n\t\t\t\t<span class=\"wd-btn-text\" data-elementor-setting-key=\"text\">\n\t\t\t\t\tVisiteu la not\u00edcia\t\t\t\t<\/span>\n\n\t\t\t\t\t\t\t<\/a>\n\t\t<\/div>\n\t\t\t\t\t\t<\/div>\n\t\t\t\t<\/div>\n\t\t\t\t<\/div>\n\t\t<div data-particle_enable=\"false\" data-particle-mobile-disabled=\"false\" class=\"elementor-element elementor-element-2ff78a6 e-con-full e-flex e-con e-child\" data-id=\"2ff78a6\" data-element_type=\"container\">\n\t\t\t\t<div class=\"elementor-element elementor-element-795325f elementor-widget elementor-widget-heading\" data-id=\"795325f\" data-element_type=\"widget\" data-widget_type=\"heading.default\">\n\t\t\t\t<div class=\"elementor-widget-container\">\n\t\t\t\t\t<h2 class=\"elementor-heading-title elementor-size-default\"><a href=\"https:\/\/comunicacionempresarial.net\/mono_articulo.php?ida=5650&#038;idpb=336\" target=\"_blank\" rel=\"noopener\">El Peri\u00f3dico<\/a><\/h2>\t\t\t\t<\/div>\n\t\t\t\t<\/div>\n\t\t\t\t<div class=\"elementor-element elementor-element-eaba6d7 elementor-widget-divider--view-line elementor-widget elementor-widget-divider\" data-id=\"eaba6d7\" data-element_type=\"widget\" data-widget_type=\"divider.default\">\n\t\t\t\t<div class=\"elementor-widget-container\">\n\t\t\t\t\t\t\t<div class=\"elementor-divider\">\n\t\t\t<span class=\"elementor-divider-separator\">\n\t\t\t\t\t\t<\/span>\n\t\t<\/div>\n\t\t\t\t\t\t<\/div>\n\t\t\t\t<\/div>\n\t\t\t\t<div class=\"elementor-element elementor-element-99439c1 elementor-widget__width-initial elementor-widget elementor-widget-heading\" data-id=\"99439c1\" data-element_type=\"widget\" data-widget_type=\"heading.default\">\n\t\t\t\t<div class=\"elementor-widget-container\">\n\t\t\t\t\t<h3 class=\"elementor-heading-title elementor-size-default\"><a href=\"https:\/\/comunicacionempresarial.net\/mono_articulo.php?ida=5650&#038;idpb=336\" target=\"_blank\" rel=\"noopener\">Monterosa, el plaer de tornar a menjar un bon tom\u00e0quet<\/a><\/h3>\t\t\t\t<\/div>\n\t\t\t\t<\/div>\n\t\t\t\t<div class=\"elementor-element elementor-element-6a2ae23 elementor-widget-divider--view-line elementor-widget elementor-widget-divider\" data-id=\"6a2ae23\" data-element_type=\"widget\" data-widget_type=\"divider.default\">\n\t\t\t\t<div class=\"elementor-widget-container\">\n\t\t\t\t\t\t\t<div class=\"elementor-divider\">\n\t\t\t<span class=\"elementor-divider-separator\">\n\t\t\t\t\t\t<\/span>\n\t\t<\/div>\n\t\t\t\t\t\t<\/div>\n\t\t\t\t<\/div>\n\t\t\t\t<div class=\"elementor-element elementor-element-e7e70e2 elementor-widget__width-auto elementor-widget elementor-widget-heading\" data-id=\"e7e70e2\" data-element_type=\"widget\" data-widget_type=\"heading.default\">\n\t\t\t\t<div class=\"elementor-widget-container\">\n\t\t\t\t\t<p class=\"elementor-heading-title elementor-size-default\"><a href=\"https:\/\/comunicacionempresarial.net\/mono_articulo.php?ida=5650&#038;idpb=336\" target=\"_blank\" rel=\"noopener\">03 des 2016<\/a><\/p>\t\t\t\t<\/div>\n\t\t\t\t<\/div>\n\t\t\t\t<div class=\"elementor-element elementor-element-2d85d94 elementor-widget__width-auto elementor-widget elementor-widget-wd_button\" data-id=\"2d85d94\" data-element_type=\"widget\" data-widget_type=\"wd_button.default\">\n\t\t\t\t<div class=\"elementor-widget-container\">\n\t\t\t\t\t\t\t<div class=\"wd-button-wrapper text-left\" >\n\t\t\t<a class=\"btn btn-style-link btn-shape- btn-size-extra-small btn-color-primary btn-icon-pos-right\" href=\"https:\/\/comunicacionempresarial.net\/mono_articulo.php?ida=5650&#038;idpb=336\" target=\"_blank\" rel=\"noopener\">\n\t\t\t\t<span class=\"wd-btn-text\" data-elementor-setting-key=\"text\">\n\t\t\t\t\tVisiteu la not\u00edcia\t\t\t\t<\/span>\n\n\t\t\t\t\t\t\t<\/a>\n\t\t<\/div>\n\t\t\t\t\t\t<\/div>\n\t\t\t\t<\/div>\n\t\t\t\t<\/div>\n\t\t<div data-particle_enable=\"false\" data-particle-mobile-disabled=\"false\" class=\"elementor-element elementor-element-5a4930d e-con-full e-flex e-con e-child\" data-id=\"5a4930d\" data-element_type=\"container\">\n\t\t\t\t<div class=\"elementor-element elementor-element-9213921 elementor-widget elementor-widget-heading\" data-id=\"9213921\" data-element_type=\"widget\" data-widget_type=\"heading.default\">\n\t\t\t\t<div class=\"elementor-widget-container\">\n\t\t\t\t\t<h2 class=\"elementor-heading-title elementor-size-default\"><a href=\"http:\/\/www.mercabarna.es\/sala-de-premsa\/noticies-es\/3008\/una-nueva-variedad-de-tomate-primer-premio-mercabarna-innova\" target=\"_blank\" rel=\"noopener\">Mercabarna<\/a><\/h2>\t\t\t\t<\/div>\n\t\t\t\t<\/div>\n\t\t\t\t<div class=\"elementor-element elementor-element-f7073e7 elementor-widget-divider--view-line elementor-widget elementor-widget-divider\" data-id=\"f7073e7\" data-element_type=\"widget\" data-widget_type=\"divider.default\">\n\t\t\t\t<div class=\"elementor-widget-container\">\n\t\t\t\t\t\t\t<div class=\"elementor-divider\">\n\t\t\t<span class=\"elementor-divider-separator\">\n\t\t\t\t\t\t<\/span>\n\t\t<\/div>\n\t\t\t\t\t\t<\/div>\n\t\t\t\t<\/div>\n\t\t\t\t<div class=\"elementor-element elementor-element-fe1be93 elementor-widget__width-initial elementor-widget elementor-widget-heading\" data-id=\"fe1be93\" data-element_type=\"widget\" data-widget_type=\"heading.default\">\n\t\t\t\t<div class=\"elementor-widget-container\">\n\t\t\t\t\t<h3 class=\"elementor-heading-title elementor-size-default\"><a href=\"http:\/\/www.mercabarna.es\/sala-de-premsa\/noticies-es\/3008\/una-nueva-variedad-de-tomate-primer-premio-mercabarna-innova\" target=\"_blank\" rel=\"noopener\">Una nova marca de tom\u00e0quet, primer premi Mercabarna Innova<\/a><\/h3>\t\t\t\t<\/div>\n\t\t\t\t<\/div>\n\t\t\t\t<div class=\"elementor-element elementor-element-e22a9fd elementor-widget-divider--view-line elementor-widget elementor-widget-divider\" data-id=\"e22a9fd\" data-element_type=\"widget\" data-widget_type=\"divider.default\">\n\t\t\t\t<div class=\"elementor-widget-container\">\n\t\t\t\t\t\t\t<div class=\"elementor-divider\">\n\t\t\t<span class=\"elementor-divider-separator\">\n\t\t\t\t\t\t<\/span>\n\t\t<\/div>\n\t\t\t\t\t\t<\/div>\n\t\t\t\t<\/div>\n\t\t\t\t<div class=\"elementor-element elementor-element-6901e0e elementor-widget__width-auto elementor-widget elementor-widget-heading\" data-id=\"6901e0e\" data-element_type=\"widget\" data-widget_type=\"heading.default\">\n\t\t\t\t<div class=\"elementor-widget-container\">\n\t\t\t\t\t<p class=\"elementor-heading-title elementor-size-default\"><a href=\"http:\/\/www.mercabarna.es\/sala-de-premsa\/noticies-es\/3008\/una-nueva-variedad-de-tomate-primer-premio-mercabarna-innova\" target=\"_blank\" rel=\"noopener\">30 nov 2016<\/a><\/p>\t\t\t\t<\/div>\n\t\t\t\t<\/div>\n\t\t\t\t<div class=\"elementor-element elementor-element-a4f5fe5 elementor-widget__width-auto elementor-widget elementor-widget-wd_button\" data-id=\"a4f5fe5\" data-element_type=\"widget\" data-widget_type=\"wd_button.default\">\n\t\t\t\t<div class=\"elementor-widget-container\">\n\t\t\t\t\t\t\t<div class=\"wd-button-wrapper text-left\" >\n\t\t\t<a class=\"btn btn-style-link btn-shape- btn-size-extra-small btn-color-primary btn-icon-pos-right\" href=\"http:\/\/www.mercabarna.es\/sala-de-premsa\/noticies-es\/3008\/una-nueva-variedad-de-tomate-primer-premio-mercabarna-innova\" target=\"_blank\" rel=\"noopener\">\n\t\t\t\t<span class=\"wd-btn-text\" data-elementor-setting-key=\"text\">\n\t\t\t\t\tVisiteu la not\u00edcia\t\t\t\t<\/span>\n\n\t\t\t\t\t\t\t<\/a>\n\t\t<\/div>\n\t\t\t\t\t\t<\/div>\n\t\t\t\t<\/div>\n\t\t\t\t<\/div>\n\t\t\t\t\t<\/div>\n\t\t\t\t<\/div>\n\t\t<div data-particle_enable=\"false\" data-particle-mobile-disabled=\"false\" class=\"wd-negative-gap elementor-element elementor-element-d87f53d e-flex e-con-boxed e-con e-parent\" data-id=\"d87f53d\" data-element_type=\"container\">\n\t\t\t\t\t<div class=\"e-con-inner\">\n\t\t<div data-particle_enable=\"false\" data-particle-mobile-disabled=\"false\" class=\"elementor-element elementor-element-e5cc87e e-con-full e-flex e-con e-child\" data-id=\"e5cc87e\" data-element_type=\"container\">\n\t\t\t\t<div class=\"elementor-element elementor-element-b144dfa elementor-widget elementor-widget-heading\" data-id=\"b144dfa\" data-element_type=\"widget\" data-widget_type=\"heading.default\">\n\t\t\t\t<div class=\"elementor-widget-container\">\n\t\t\t\t\t<h2 class=\"elementor-heading-title elementor-size-default\"><a href=\"https:\/\/www.lavozdealmeria.com\/noticia\/20\/economia\/114784\/el-tomate-rosa-pasa-de-30-a-120-hectareas\" target=\"_blank\" rel=\"noopener\">La Voz de Almer\u00eda<\/a><\/h2>\t\t\t\t<\/div>\n\t\t\t\t<\/div>\n\t\t\t\t<div class=\"elementor-element elementor-element-f403b74 elementor-widget-divider--view-line elementor-widget elementor-widget-divider\" data-id=\"f403b74\" data-element_type=\"widget\" data-widget_type=\"divider.default\">\n\t\t\t\t<div class=\"elementor-widget-container\">\n\t\t\t\t\t\t\t<div class=\"elementor-divider\">\n\t\t\t<span class=\"elementor-divider-separator\">\n\t\t\t\t\t\t<\/span>\n\t\t<\/div>\n\t\t\t\t\t\t<\/div>\n\t\t\t\t<\/div>\n\t\t\t\t<div class=\"elementor-element elementor-element-7527fc6 elementor-widget__width-initial elementor-widget elementor-widget-heading\" data-id=\"7527fc6\" data-element_type=\"widget\" data-widget_type=\"heading.default\">\n\t\t\t\t<div class=\"elementor-widget-container\">\n\t\t\t\t\t<h3 class=\"elementor-heading-title elementor-size-default\"><a href=\"https:\/\/www.lavozdealmeria.com\/noticia\/20\/economia\/114784\/el-tomate-rosa-pasa-de-30-a-120-hectareas\" target=\"_blank\" rel=\"noopener\">Visiteu la not\u00edcia<\/a><\/h3>\t\t\t\t<\/div>\n\t\t\t\t<\/div>\n\t\t\t\t<div class=\"elementor-element elementor-element-f9c3ecf elementor-widget-divider--view-line elementor-widget elementor-widget-divider\" data-id=\"f9c3ecf\" data-element_type=\"widget\" data-widget_type=\"divider.default\">\n\t\t\t\t<div class=\"elementor-widget-container\">\n\t\t\t\t\t\t\t<div class=\"elementor-divider\">\n\t\t\t<span class=\"elementor-divider-separator\">\n\t\t\t\t\t\t<\/span>\n\t\t<\/div>\n\t\t\t\t\t\t<\/div>\n\t\t\t\t<\/div>\n\t\t\t\t<div class=\"elementor-element elementor-element-2776cd5 elementor-widget__width-auto elementor-widget elementor-widget-heading\" data-id=\"2776cd5\" data-element_type=\"widget\" data-widget_type=\"heading.default\">\n\t\t\t\t<div class=\"elementor-widget-container\">\n\t\t\t\t\t<p class=\"elementor-heading-title elementor-size-default\"><a href=\"https:\/\/www.lavozdealmeria.com\/noticia\/20\/economia\/114784\/el-tomate-rosa-pasa-de-30-a-120-hectareas\" target=\"_blank\" rel=\"noopener\">04 oct 2016<\/a><\/p>\t\t\t\t<\/div>\n\t\t\t\t<\/div>\n\t\t\t\t<div class=\"elementor-element elementor-element-a99b96e elementor-widget__width-auto elementor-widget elementor-widget-wd_button\" data-id=\"a99b96e\" data-element_type=\"widget\" data-widget_type=\"wd_button.default\">\n\t\t\t\t<div class=\"elementor-widget-container\">\n\t\t\t\t\t\t\t<div class=\"wd-button-wrapper text-left\" >\n\t\t\t<a class=\"btn btn-style-link btn-shape- btn-size-extra-small btn-color-primary btn-icon-pos-right\" href=\"https:\/\/www.lavozdealmeria.com\/noticia\/20\/economia\/114784\/el-tomate-rosa-pasa-de-30-a-120-hectareas\" target=\"_blank\" rel=\"noopener\">\n\t\t\t\t<span class=\"wd-btn-text\" data-elementor-setting-key=\"text\">\n\t\t\t\t\tVisiteu la not\u00edcia\t\t\t\t<\/span>\n\n\t\t\t\t\t\t\t<\/a>\n\t\t<\/div>\n\t\t\t\t\t\t<\/div>\n\t\t\t\t<\/div>\n\t\t\t\t<\/div>\n\t\t<div data-particle_enable=\"false\" data-particle-mobile-disabled=\"false\" class=\"elementor-element elementor-element-d87feb4 e-con-full e-flex e-con e-child\" data-id=\"d87feb4\" data-element_type=\"container\">\n\t\t\t\t<div class=\"elementor-element elementor-element-1599c42 elementor-widget elementor-widget-heading\" data-id=\"1599c42\" data-element_type=\"widget\" data-widget_type=\"heading.default\">\n\t\t\t\t<div class=\"elementor-widget-container\">\n\t\t\t\t\t<h2 class=\"elementor-heading-title elementor-size-default\"><a href=\"https:\/\/www.fhalmeria.com\/noticia-23109\/el-tomate-monterosa,-de-semillas-fito,-gana-el-premio-a-la-innovacion-hortofruticola-del-periodico-la-razon\" target=\"_blank\" rel=\"noopener\">FH Almer\u00eda<\/a><\/h2>\t\t\t\t<\/div>\n\t\t\t\t<\/div>\n\t\t\t\t<div class=\"elementor-element elementor-element-61b18b5 elementor-widget-divider--view-line elementor-widget elementor-widget-divider\" data-id=\"61b18b5\" data-element_type=\"widget\" data-widget_type=\"divider.default\">\n\t\t\t\t<div class=\"elementor-widget-container\">\n\t\t\t\t\t\t\t<div class=\"elementor-divider\">\n\t\t\t<span class=\"elementor-divider-separator\">\n\t\t\t\t\t\t<\/span>\n\t\t<\/div>\n\t\t\t\t\t\t<\/div>\n\t\t\t\t<\/div>\n\t\t\t\t<div class=\"elementor-element elementor-element-a137e5a elementor-widget__width-initial elementor-widget elementor-widget-heading\" data-id=\"a137e5a\" data-element_type=\"widget\" data-widget_type=\"heading.default\">\n\t\t\t\t<div class=\"elementor-widget-container\">\n\t\t\t\t\t<h3 class=\"elementor-heading-title elementor-size-default\"><a href=\"https:\/\/www.fhalmeria.com\/noticia-23109\/el-tomate-monterosa,-de-semillas-fito,-gana-el-premio-a-la-innovacion-hortofruticola-del-periodico-la-razon\" target=\"_blank\" rel=\"noopener\">El tom\u00e0quet Monterosa guanya el Premi a la Innovaci\u00f3 Hortofruct\u00edcola del diari La Raz\u00f3n<\/a><\/h3>\t\t\t\t<\/div>\n\t\t\t\t<\/div>\n\t\t\t\t<div class=\"elementor-element elementor-element-e0bd864 elementor-widget-divider--view-line elementor-widget elementor-widget-divider\" data-id=\"e0bd864\" data-element_type=\"widget\" data-widget_type=\"divider.default\">\n\t\t\t\t<div class=\"elementor-widget-container\">\n\t\t\t\t\t\t\t<div class=\"elementor-divider\">\n\t\t\t<span class=\"elementor-divider-separator\">\n\t\t\t\t\t\t<\/span>\n\t\t<\/div>\n\t\t\t\t\t\t<\/div>\n\t\t\t\t<\/div>\n\t\t\t\t<div class=\"elementor-element elementor-element-40d9ee0 elementor-widget__width-auto elementor-widget elementor-widget-heading\" data-id=\"40d9ee0\" data-element_type=\"widget\" data-widget_type=\"heading.default\">\n\t\t\t\t<div class=\"elementor-widget-container\">\n\t\t\t\t\t<p class=\"elementor-heading-title elementor-size-default\"><a href=\"https:\/\/www.fhalmeria.com\/noticia-23109\/el-tomate-monterosa,-de-semillas-fito,-gana-el-premio-a-la-innovacion-hortofruticola-del-periodico-la-razon\" target=\"_blank\" rel=\"noopener\">21 jun 2016<\/a><\/p>\t\t\t\t<\/div>\n\t\t\t\t<\/div>\n\t\t\t\t<div class=\"elementor-element elementor-element-8955385 elementor-widget__width-auto elementor-widget elementor-widget-wd_button\" data-id=\"8955385\" data-element_type=\"widget\" data-widget_type=\"wd_button.default\">\n\t\t\t\t<div class=\"elementor-widget-container\">\n\t\t\t\t\t\t\t<div class=\"wd-button-wrapper text-left\" >\n\t\t\t<a class=\"btn btn-style-link btn-shape- btn-size-extra-small btn-color-primary btn-icon-pos-right\" href=\"https:\/\/www.fhalmeria.com\/noticia-23109\/el-tomate-monterosa,-de-semillas-fito,-gana-el-premio-a-la-innovacion-hortofruticola-del-periodico-la-razon\" target=\"_blank\" rel=\"noopener\">\n\t\t\t\t<span class=\"wd-btn-text\" data-elementor-setting-key=\"text\">\n\t\t\t\t\tVisiteu la not\u00edcia\t\t\t\t<\/span>\n\n\t\t\t\t\t\t\t<\/a>\n\t\t<\/div>\n\t\t\t\t\t\t<\/div>\n\t\t\t\t<\/div>\n\t\t\t\t<\/div>\n\t\t<div data-particle_enable=\"false\" data-particle-mobile-disabled=\"false\" class=\"elementor-element elementor-element-1c5b15a e-con-full e-flex e-con e-child\" data-id=\"1c5b15a\" data-element_type=\"container\">\n\t\t\t\t<div class=\"elementor-element elementor-element-d8b97c9 elementor-widget elementor-widget-heading\" data-id=\"d8b97c9\" data-element_type=\"widget\" data-widget_type=\"heading.default\">\n\t\t\t\t<div class=\"elementor-widget-container\">\n\t\t\t\t\t<h2 class=\"elementor-heading-title elementor-size-default\"><a href=\"http:\/\/fruittoday.com\/articulos\/monterosa-el-tomate-de-antano\/\" target=\"_blank\" rel=\"noopener\">Fruit Today<\/a><\/h2>\t\t\t\t<\/div>\n\t\t\t\t<\/div>\n\t\t\t\t<div class=\"elementor-element elementor-element-350205e elementor-widget-divider--view-line elementor-widget elementor-widget-divider\" data-id=\"350205e\" data-element_type=\"widget\" data-widget_type=\"divider.default\">\n\t\t\t\t<div class=\"elementor-widget-container\">\n\t\t\t\t\t\t\t<div class=\"elementor-divider\">\n\t\t\t<span class=\"elementor-divider-separator\">\n\t\t\t\t\t\t<\/span>\n\t\t<\/div>\n\t\t\t\t\t\t<\/div>\n\t\t\t\t<\/div>\n\t\t\t\t<div class=\"elementor-element elementor-element-d1ca307 elementor-widget__width-initial elementor-widget elementor-widget-heading\" data-id=\"d1ca307\" data-element_type=\"widget\" data-widget_type=\"heading.default\">\n\t\t\t\t<div class=\"elementor-widget-container\">\n\t\t\t\t\t<h3 class=\"elementor-heading-title elementor-size-default\"><a href=\"http:\/\/fruittoday.com\/articulos\/monterosa-el-tomate-de-antano\/\" target=\"_blank\" rel=\"noopener\">Monterosa, el tom\u00e0quet d'antany<\/a><\/h3>\t\t\t\t<\/div>\n\t\t\t\t<\/div>\n\t\t\t\t<div class=\"elementor-element elementor-element-cace425 elementor-widget-divider--view-line elementor-widget elementor-widget-divider\" data-id=\"cace425\" data-element_type=\"widget\" data-widget_type=\"divider.default\">\n\t\t\t\t<div class=\"elementor-widget-container\">\n\t\t\t\t\t\t\t<div class=\"elementor-divider\">\n\t\t\t<span class=\"elementor-divider-separator\">\n\t\t\t\t\t\t<\/span>\n\t\t<\/div>\n\t\t\t\t\t\t<\/div>\n\t\t\t\t<\/div>\n\t\t\t\t<div class=\"elementor-element elementor-element-5b4a688 elementor-widget__width-auto elementor-widget elementor-widget-heading\" data-id=\"5b4a688\" data-element_type=\"widget\" data-widget_type=\"heading.default\">\n\t\t\t\t<div class=\"elementor-widget-container\">\n\t\t\t\t\t<p class=\"elementor-heading-title elementor-size-default\"><a href=\"http:\/\/fruittoday.com\/articulos\/monterosa-el-tomate-de-antano\/\" target=\"_blank\" rel=\"noopener\">19 maig 2016<\/a><\/p>\t\t\t\t<\/div>\n\t\t\t\t<\/div>\n\t\t\t\t<div class=\"elementor-element elementor-element-5203bf8 elementor-widget__width-auto elementor-widget elementor-widget-wd_button\" data-id=\"5203bf8\" data-element_type=\"widget\" data-widget_type=\"wd_button.default\">\n\t\t\t\t<div class=\"elementor-widget-container\">\n\t\t\t\t\t\t\t<div class=\"wd-button-wrapper text-left\" >\n\t\t\t<a class=\"btn btn-style-link btn-shape- btn-size-extra-small btn-color-primary btn-icon-pos-right\" href=\"http:\/\/fruittoday.com\/articulos\/monterosa-el-tomate-de-antano\/\" target=\"_blank\" rel=\"noopener\">\n\t\t\t\t<span class=\"wd-btn-text\" data-elementor-setting-key=\"text\">\n\t\t\t\t\tVisiteu la not\u00edcia\t\t\t\t<\/span>\n\n\t\t\t\t\t\t\t<\/a>\n\t\t<\/div>\n\t\t\t\t\t\t<\/div>\n\t\t\t\t<\/div>\n\t\t\t\t<\/div>\n\t\t\t\t\t<\/div>\n\t\t\t\t<\/div>\n\t\t<div data-particle_enable=\"false\" data-particle-mobile-disabled=\"false\" class=\"wd-negative-gap elementor-element elementor-element-eb8dcc5 e-flex e-con-boxed e-con e-parent\" data-id=\"eb8dcc5\" data-element_type=\"container\">\n\t\t\t\t\t<div class=\"e-con-inner\">\n\t\t<div data-particle_enable=\"false\" data-particle-mobile-disabled=\"false\" class=\"elementor-element elementor-element-c573a1c e-con-full e-flex e-con e-child\" data-id=\"c573a1c\" data-element_type=\"container\">\n\t\t\t\t<div class=\"elementor-element elementor-element-7ee7779 elementor-widget elementor-widget-heading\" data-id=\"7ee7779\" data-element_type=\"widget\" data-widget_type=\"heading.default\">\n\t\t\t\t<div class=\"elementor-widget-container\">\n\t\t\t\t\t<h2 class=\"elementor-heading-title elementor-size-default\"><a href=\"https:\/\/www.elperiodico.com\/es\/onbarcelona\/cocinas\/20160427\/alimentaria-tomate-monterosa-vermut-zarro-ecologico-premio-innoval-5090789\" target=\"_blank\" rel=\"noopener\">El Peri\u00f3dico<\/a><\/h2>\t\t\t\t<\/div>\n\t\t\t\t<\/div>\n\t\t\t\t<div class=\"elementor-element elementor-element-9b2c304 elementor-widget-divider--view-line elementor-widget elementor-widget-divider\" data-id=\"9b2c304\" data-element_type=\"widget\" data-widget_type=\"divider.default\">\n\t\t\t\t<div class=\"elementor-widget-container\">\n\t\t\t\t\t\t\t<div class=\"elementor-divider\">\n\t\t\t<span class=\"elementor-divider-separator\">\n\t\t\t\t\t\t<\/span>\n\t\t<\/div>\n\t\t\t\t\t\t<\/div>\n\t\t\t\t<\/div>\n\t\t\t\t<div class=\"elementor-element elementor-element-c347b84 elementor-widget__width-initial elementor-widget elementor-widget-heading\" data-id=\"c347b84\" data-element_type=\"widget\" data-widget_type=\"heading.default\">\n\t\t\t\t<div class=\"elementor-widget-container\">\n\t\t\t\t\t<h3 class=\"elementor-heading-title elementor-size-default\"><a href=\"https:\/\/www.elperiodico.com\/es\/onbarcelona\/cocinas\/20160427\/alimentaria-tomate-monterosa-vermut-zarro-ecologico-premio-innoval-5090789\" target=\"_blank\" rel=\"noopener\">Aqu\u00ed hi ha tom\u00e0quet!<\/a><\/h3>\t\t\t\t<\/div>\n\t\t\t\t<\/div>\n\t\t\t\t<div class=\"elementor-element elementor-element-bab367c elementor-widget-divider--view-line elementor-widget elementor-widget-divider\" data-id=\"bab367c\" data-element_type=\"widget\" data-widget_type=\"divider.default\">\n\t\t\t\t<div class=\"elementor-widget-container\">\n\t\t\t\t\t\t\t<div class=\"elementor-divider\">\n\t\t\t<span class=\"elementor-divider-separator\">\n\t\t\t\t\t\t<\/span>\n\t\t<\/div>\n\t\t\t\t\t\t<\/div>\n\t\t\t\t<\/div>\n\t\t\t\t<div class=\"elementor-element elementor-element-6c26562 elementor-widget__width-auto elementor-widget elementor-widget-heading\" data-id=\"6c26562\" data-element_type=\"widget\" data-widget_type=\"heading.default\">\n\t\t\t\t<div class=\"elementor-widget-container\">\n\t\t\t\t\t<p class=\"elementor-heading-title elementor-size-default\"><a href=\"https:\/\/www.elperiodico.com\/es\/onbarcelona\/cocinas\/20160427\/alimentaria-tomate-monterosa-vermut-zarro-ecologico-premio-innoval-5090789\" target=\"_blank\" rel=\"noopener\">27 abril 2016<\/a><\/p>\t\t\t\t<\/div>\n\t\t\t\t<\/div>\n\t\t\t\t<div class=\"elementor-element elementor-element-4076892 elementor-widget__width-auto elementor-widget elementor-widget-wd_button\" data-id=\"4076892\" data-element_type=\"widget\" data-widget_type=\"wd_button.default\">\n\t\t\t\t<div class=\"elementor-widget-container\">\n\t\t\t\t\t\t\t<div class=\"wd-button-wrapper text-left\" >\n\t\t\t<a class=\"btn btn-style-link btn-shape- btn-size-extra-small btn-color-primary btn-icon-pos-right\" href=\"https:\/\/www.elperiodico.com\/es\/onbarcelona\/cocinas\/20160427\/alimentaria-tomate-monterosa-vermut-zarro-ecologico-premio-innoval-5090789\" target=\"_blank\" rel=\"noopener\">\n\t\t\t\t<span class=\"wd-btn-text\" data-elementor-setting-key=\"text\">\n\t\t\t\t\tVisiteu la not\u00edcia\t\t\t\t<\/span>\n\n\t\t\t\t\t\t\t<\/a>\n\t\t<\/div>\n\t\t\t\t\t\t<\/div>\n\t\t\t\t<\/div>\n\t\t\t\t<\/div>\n\t\t<div data-particle_enable=\"false\" data-particle-mobile-disabled=\"false\" class=\"elementor-element elementor-element-913a0dd e-con-full e-flex e-con e-child\" data-id=\"913a0dd\" data-element_type=\"container\">\n\t\t\t\t<div class=\"elementor-element elementor-element-e73ec33 elementor-widget elementor-widget-heading\" data-id=\"e73ec33\" data-element_type=\"widget\" data-widget_type=\"heading.default\">\n\t\t\t\t<div class=\"elementor-widget-container\">\n\t\t\t\t\t<h2 class=\"elementor-heading-title elementor-size-default\"><a href=\"https:\/\/www.lavanguardia.com\/economia\/20160422\/401279533725\/nuevo-tomate-semillas-fito-grup-gava-monterosa.html\" target=\"_blank\" rel=\"noopener\">La Vanguardia<\/a><\/h2>\t\t\t\t<\/div>\n\t\t\t\t<\/div>\n\t\t\t\t<div class=\"elementor-element elementor-element-00d7c2e elementor-widget-divider--view-line elementor-widget elementor-widget-divider\" data-id=\"00d7c2e\" data-element_type=\"widget\" data-widget_type=\"divider.default\">\n\t\t\t\t<div class=\"elementor-widget-container\">\n\t\t\t\t\t\t\t<div class=\"elementor-divider\">\n\t\t\t<span class=\"elementor-divider-separator\">\n\t\t\t\t\t\t<\/span>\n\t\t<\/div>\n\t\t\t\t\t\t<\/div>\n\t\t\t\t<\/div>\n\t\t\t\t<div class=\"elementor-element elementor-element-e0508a0 elementor-widget__width-initial elementor-widget elementor-widget-heading\" data-id=\"e0508a0\" data-element_type=\"widget\" data-widget_type=\"heading.default\">\n\t\t\t\t<div class=\"elementor-widget-container\">\n\t\t\t\t\t<h3 class=\"elementor-heading-title elementor-size-default\"><a href=\"https:\/\/www.lavanguardia.com\/economia\/20160422\/401279533725\/nuevo-tomate-semillas-fito-grup-gava-monterosa.html\" target=\"_blank\" rel=\"noopener\">Un nou tom\u00e0quet per envair Europa<\/a><\/h3>\t\t\t\t<\/div>\n\t\t\t\t<\/div>\n\t\t\t\t<div class=\"elementor-element elementor-element-adf9c09 elementor-widget-divider--view-line elementor-widget elementor-widget-divider\" data-id=\"adf9c09\" data-element_type=\"widget\" data-widget_type=\"divider.default\">\n\t\t\t\t<div class=\"elementor-widget-container\">\n\t\t\t\t\t\t\t<div class=\"elementor-divider\">\n\t\t\t<span class=\"elementor-divider-separator\">\n\t\t\t\t\t\t<\/span>\n\t\t<\/div>\n\t\t\t\t\t\t<\/div>\n\t\t\t\t<\/div>\n\t\t\t\t<div class=\"elementor-element elementor-element-2e988ec elementor-widget__width-auto elementor-widget elementor-widget-heading\" data-id=\"2e988ec\" data-element_type=\"widget\" data-widget_type=\"heading.default\">\n\t\t\t\t<div class=\"elementor-widget-container\">\n\t\t\t\t\t<p class=\"elementor-heading-title elementor-size-default\"><a href=\"https:\/\/www.lavanguardia.com\/economia\/20160422\/401279533725\/nuevo-tomate-semillas-fito-grup-gava-monterosa.html\" target=\"_blank\" rel=\"noopener\">22 abril 2016<\/a><\/p>\t\t\t\t<\/div>\n\t\t\t\t<\/div>\n\t\t\t\t<div class=\"elementor-element elementor-element-3ce6bd7 elementor-widget__width-auto elementor-widget elementor-widget-wd_button\" data-id=\"3ce6bd7\" data-element_type=\"widget\" data-widget_type=\"wd_button.default\">\n\t\t\t\t<div class=\"elementor-widget-container\">\n\t\t\t\t\t\t\t<div class=\"wd-button-wrapper text-left\" >\n\t\t\t<a class=\"btn btn-style-link btn-shape- btn-size-extra-small btn-color-primary btn-icon-pos-right\" href=\"https:\/\/www.lavanguardia.com\/economia\/20160422\/401279533725\/nuevo-tomate-semillas-fito-grup-gava-monterosa.html\" target=\"_blank\" rel=\"noopener\">\n\t\t\t\t<span class=\"wd-btn-text\" data-elementor-setting-key=\"text\">\n\t\t\t\t\tVisiteu la not\u00edcia\t\t\t\t<\/span>\n\n\t\t\t\t\t\t\t<\/a>\n\t\t<\/div>\n\t\t\t\t\t\t<\/div>\n\t\t\t\t<\/div>\n\t\t\t\t<\/div>\n\t\t<div data-particle_enable=\"false\" data-particle-mobile-disabled=\"false\" class=\"elementor-element elementor-element-b2691f4 e-con-full e-flex e-con e-child\" data-id=\"b2691f4\" data-element_type=\"container\">\n\t\t\t\t<div class=\"elementor-element elementor-element-f17ac4f elementor-widget elementor-widget-heading\" data-id=\"f17ac4f\" data-element_type=\"widget\" data-widget_type=\"heading.default\">\n\t\t\t\t<div class=\"elementor-widget-container\">\n\t\t\t\t\t<h2 class=\"elementor-heading-title elementor-size-default\"><a href=\"https:\/\/www.freshplaza.es\/article\/95619\/El-mercado-carece-de-tomates-con-sabor\/\" target=\"_blank\" rel=\"noopener\">Freshplaza<\/a><\/h2>\t\t\t\t<\/div>\n\t\t\t\t<\/div>\n\t\t\t\t<div class=\"elementor-element elementor-element-744be46 elementor-widget-divider--view-line elementor-widget elementor-widget-divider\" data-id=\"744be46\" data-element_type=\"widget\" data-widget_type=\"divider.default\">\n\t\t\t\t<div class=\"elementor-widget-container\">\n\t\t\t\t\t\t\t<div class=\"elementor-divider\">\n\t\t\t<span class=\"elementor-divider-separator\">\n\t\t\t\t\t\t<\/span>\n\t\t<\/div>\n\t\t\t\t\t\t<\/div>\n\t\t\t\t<\/div>\n\t\t\t\t<div class=\"elementor-element elementor-element-b12d246 elementor-widget__width-initial elementor-widget elementor-widget-heading\" data-id=\"b12d246\" data-element_type=\"widget\" data-widget_type=\"heading.default\">\n\t\t\t\t<div class=\"elementor-widget-container\">\n\t\t\t\t\t<h3 class=\"elementor-heading-title elementor-size-default\"><a href=\"https:\/\/www.freshplaza.es\/article\/95619\/El-mercado-carece-de-tomates-con-sabor\/\" target=\"_blank\" rel=\"noopener\">El sector manca de tom\u00e0quets amb sabor<\/a><\/h3>\t\t\t\t<\/div>\n\t\t\t\t<\/div>\n\t\t\t\t<div class=\"elementor-element elementor-element-f171b86 elementor-widget-divider--view-line elementor-widget elementor-widget-divider\" data-id=\"f171b86\" data-element_type=\"widget\" data-widget_type=\"divider.default\">\n\t\t\t\t<div class=\"elementor-widget-container\">\n\t\t\t\t\t\t\t<div class=\"elementor-divider\">\n\t\t\t<span class=\"elementor-divider-separator\">\n\t\t\t\t\t\t<\/span>\n\t\t<\/div>\n\t\t\t\t\t\t<\/div>\n\t\t\t\t<\/div>\n\t\t\t\t<div class=\"elementor-element elementor-element-cbf1131 elementor-widget__width-auto elementor-widget elementor-widget-heading\" data-id=\"cbf1131\" data-element_type=\"widget\" data-widget_type=\"heading.default\">\n\t\t\t\t<div class=\"elementor-widget-container\">\n\t\t\t\t\t<p class=\"elementor-heading-title elementor-size-default\"><a href=\"https:\/\/www.freshplaza.es\/article\/95619\/El-mercado-carece-de-tomates-con-sabor\/\" target=\"_blank\" rel=\"noopener\">23 feb 2016<\/a><\/p>\t\t\t\t<\/div>\n\t\t\t\t<\/div>\n\t\t\t\t<div class=\"elementor-element elementor-element-4d20a2e elementor-widget__width-auto elementor-widget elementor-widget-wd_button\" data-id=\"4d20a2e\" data-element_type=\"widget\" data-widget_type=\"wd_button.default\">\n\t\t\t\t<div class=\"elementor-widget-container\">\n\t\t\t\t\t\t\t<div class=\"wd-button-wrapper text-left\" >\n\t\t\t<a class=\"btn btn-style-link btn-shape- btn-size-extra-small btn-color-primary btn-icon-pos-right\" href=\"https:\/\/www.freshplaza.es\/article\/95619\/El-mercado-carece-de-tomates-con-sabor\/\" target=\"_blank\" rel=\"noopener\">\n\t\t\t\t<span class=\"wd-btn-text\" data-elementor-setting-key=\"text\">\n\t\t\t\t\tVisiteu la not\u00edcia\t\t\t\t<\/span>\n\n\t\t\t\t\t\t\t<\/a>\n\t\t<\/div>\n\t\t\t\t\t\t<\/div>\n\t\t\t\t<\/div>\n\t\t\t\t<\/div>\n\t\t\t\t\t<\/div>\n\t\t\t\t<\/div>\n\t\t<div data-particle_enable=\"false\" data-particle-mobile-disabled=\"false\" class=\"wd-negative-gap elementor-element elementor-element-685cd17 e-flex e-con-boxed e-con e-parent\" data-id=\"685cd17\" data-element_type=\"container\">\n\t\t\t\t\t<div class=\"e-con-inner\">\n\t\t<div data-particle_enable=\"false\" data-particle-mobile-disabled=\"false\" class=\"elementor-element elementor-element-b563598 e-con-full e-flex e-con e-child\" data-id=\"b563598\" data-element_type=\"container\">\n\t\t\t\t<div class=\"elementor-element elementor-element-f2d0ee1 elementor-widget elementor-widget-heading\" data-id=\"f2d0ee1\" data-element_type=\"widget\" data-widget_type=\"heading.default\">\n\t\t\t\t<div class=\"elementor-widget-container\">\n\t\t\t\t\t<h2 class=\"elementor-heading-title elementor-size-default\"><a href=\"https:\/\/www.iriacastro.com\/iria-castro-en-el-showcooking-de-tomate-monterosa\/\" target=\"_blank\" rel=\"noopener\">Iria Castro Catering<\/a><\/h2>\t\t\t\t<\/div>\n\t\t\t\t<\/div>\n\t\t\t\t<div class=\"elementor-element elementor-element-d8d0973 elementor-widget-divider--view-line elementor-widget elementor-widget-divider\" data-id=\"d8d0973\" data-element_type=\"widget\" data-widget_type=\"divider.default\">\n\t\t\t\t<div class=\"elementor-widget-container\">\n\t\t\t\t\t\t\t<div class=\"elementor-divider\">\n\t\t\t<span class=\"elementor-divider-separator\">\n\t\t\t\t\t\t<\/span>\n\t\t<\/div>\n\t\t\t\t\t\t<\/div>\n\t\t\t\t<\/div>\n\t\t\t\t<div class=\"elementor-element elementor-element-3c38ea2 elementor-widget__width-initial elementor-widget elementor-widget-heading\" data-id=\"3c38ea2\" data-element_type=\"widget\" data-widget_type=\"heading.default\">\n\t\t\t\t<div class=\"elementor-widget-container\">\n\t\t\t\t\t<h3 class=\"elementor-heading-title elementor-size-default\"><a href=\"https:\/\/www.iriacastro.com\/iria-castro-en-el-showcooking-de-tomate-monterosa\/\" target=\"_blank\" rel=\"noopener\">Iria Castro presenta Monterosa<\/a><\/h3>\t\t\t\t<\/div>\n\t\t\t\t<\/div>\n\t\t\t\t<div class=\"elementor-element elementor-element-f2545f6 elementor-widget__width-initial elementor-widget elementor-widget-heading\" data-id=\"f2545f6\" data-element_type=\"widget\" data-widget_type=\"heading.default\">\n\t\t\t\t<div class=\"elementor-widget-container\">\n\t\t\t\t\t<p class=\"elementor-heading-title elementor-size-default\"><a href=\"https:\/\/www.iriacastro.com\/iria-castro-en-el-showcooking-de-tomate-monterosa\/\" target=\"_blank\" rel=\"noopener\">Va ser un plaer col\u00b7laborar amb la fabulosa xef Iria Castro al showcooking de Monterosa que vam organitzar en la passada edici\u00f3 de Fruit Attraction a Madrid, ens van encantar els consells!<\/a><\/p>\t\t\t\t<\/div>\n\t\t\t\t<\/div>\n\t\t\t\t<div class=\"elementor-element elementor-element-ea0e2f7 elementor-widget__width-auto elementor-widget elementor-widget-heading\" data-id=\"ea0e2f7\" data-element_type=\"widget\" data-widget_type=\"heading.default\">\n\t\t\t\t<div class=\"elementor-widget-container\">\n\t\t\t\t\t<p class=\"elementor-heading-title elementor-size-default\"><a href=\"https:\/\/www.iriacastro.com\/iria-castro-en-el-showcooking-de-tomate-monterosa\/\" target=\"_blank\" rel=\"noopener\">29 sep 2016<\/a><\/p>\t\t\t\t<\/div>\n\t\t\t\t<\/div>\n\t\t\t\t<div class=\"elementor-element elementor-element-a33ab5d elementor-widget__width-auto elementor-widget elementor-widget-wd_button\" data-id=\"a33ab5d\" data-element_type=\"widget\" data-widget_type=\"wd_button.default\">\n\t\t\t\t<div class=\"elementor-widget-container\">\n\t\t\t\t\t\t\t<div class=\"wd-button-wrapper text-left\" >\n\t\t\t<a class=\"btn btn-style-link btn-shape- btn-size-extra-small btn-color-primary btn-icon-pos-right\" href=\"https:\/\/www.iriacastro.com\/iria-castro-en-el-showcooking-de-tomate-monterosa\/\" target=\"_blank\" rel=\"noopener\">\n\t\t\t\t<span class=\"wd-btn-text\" data-elementor-setting-key=\"text\">\n\t\t\t\t\tVisiteu la not\u00edcia\t\t\t\t<\/span>\n\n\t\t\t\t\t\t\t<\/a>\n\t\t<\/div>\n\t\t\t\t\t\t<\/div>\n\t\t\t\t<\/div>\n\t\t\t\t<\/div>\n\t\t<div data-particle_enable=\"false\" data-particle-mobile-disabled=\"false\" class=\"elementor-element elementor-element-9c828f2 e-con-full e-flex e-con e-child\" data-id=\"9c828f2\" data-element_type=\"container\">\n\t\t\t\t<div class=\"elementor-element elementor-element-9b18102 elementor-widget elementor-widget-heading\" data-id=\"9b18102\" data-element_type=\"widget\" data-widget_type=\"heading.default\">\n\t\t\t\t<div class=\"elementor-widget-container\">\n\t\t\t\t\t<h2 class=\"elementor-heading-title elementor-size-default\"><a href=\"https:\/\/www.directoalpaladar.com\/recetas-de-ensaladas\/ensalada-de-burrata-italiana-tomate-monterosa-y-germinados-con-sal-de-aceitunas-negras-receta-facil-y-rapida\" rel=\"noopener\">Directo al Paladar<\/a><\/h2>\t\t\t\t<\/div>\n\t\t\t\t<\/div>\n\t\t\t\t<div class=\"elementor-element elementor-element-c0508d8 elementor-widget-divider--view-line elementor-widget elementor-widget-divider\" data-id=\"c0508d8\" data-element_type=\"widget\" data-widget_type=\"divider.default\">\n\t\t\t\t<div class=\"elementor-widget-container\">\n\t\t\t\t\t\t\t<div class=\"elementor-divider\">\n\t\t\t<span class=\"elementor-divider-separator\">\n\t\t\t\t\t\t<\/span>\n\t\t<\/div>\n\t\t\t\t\t\t<\/div>\n\t\t\t\t<\/div>\n\t\t\t\t<div class=\"elementor-element elementor-element-7649a65 elementor-widget__width-initial elementor-widget elementor-widget-heading\" data-id=\"7649a65\" data-element_type=\"widget\" data-widget_type=\"heading.default\">\n\t\t\t\t<div class=\"elementor-widget-container\">\n\t\t\t\t\t<h3 class=\"elementor-heading-title elementor-size-default\"><a href=\"https:\/\/www.directoalpaladar.com\/recetas-de-ensaladas\/ensalada-de-burrata-italiana-tomate-monterosa-y-germinados-con-sal-de-aceitunas-negras-receta-facil-y-rapida\" target=\"_blank\" rel=\"noopener\">Amanida de burrata italiana, tom\u00e0quet Monterosa i germinats amb sal d'olives negres.<\/a><\/h3>\t\t\t\t<\/div>\n\t\t\t\t<\/div>\n\t\t\t\t<div class=\"elementor-element elementor-element-bc790ed elementor-widget__width-initial elementor-widget elementor-widget-heading\" data-id=\"bc790ed\" data-element_type=\"widget\" data-widget_type=\"heading.default\">\n\t\t\t\t<div class=\"elementor-widget-container\">\n\t\t\t\t\t<p class=\"elementor-heading-title elementor-size-default\"><a href=\"https:\/\/www.directoalpaladar.com\/recetas-de-ensaladas\/ensalada-de-burrata-italiana-tomate-monterosa-y-germinados-con-sal-de-aceitunas-negras-receta-facil-y-rapida\" target=\"_blank\" rel=\"noopener\">El conegut blog gastron\u00f2mic Directo al Paladar vol esdevenir un membre m\u00e9s del nostre club de fans presentant una recepta d'amanida a la italiana r\u00e0pida i senzilla amb el nostre delici\u00f3s Monterosa com a protagonista<\/a><\/p>\t\t\t\t<\/div>\n\t\t\t\t<\/div>\n\t\t\t\t<div class=\"elementor-element elementor-element-b9426f4 elementor-widget__width-auto elementor-widget elementor-widget-heading\" data-id=\"b9426f4\" data-element_type=\"widget\" data-widget_type=\"heading.default\">\n\t\t\t\t<div class=\"elementor-widget-container\">\n\t\t\t\t\t<p class=\"elementor-heading-title elementor-size-default\"><a href=\"https:\/\/www.directoalpaladar.com\/recetas-de-ensaladas\/ensalada-de-burrata-italiana-tomate-monterosa-y-germinados-con-sal-de-aceitunas-negras-receta-facil-y-rapida\" target=\"_blank\" rel=\"noopener\">5 des 2017<\/a><\/p>\t\t\t\t<\/div>\n\t\t\t\t<\/div>\n\t\t\t\t<div class=\"elementor-element elementor-element-df85c9b elementor-widget__width-auto elementor-widget elementor-widget-wd_button\" data-id=\"df85c9b\" data-element_type=\"widget\" data-widget_type=\"wd_button.default\">\n\t\t\t\t<div class=\"elementor-widget-container\">\n\t\t\t\t\t\t\t<div class=\"wd-button-wrapper text-left\" >\n\t\t\t<a class=\"btn btn-style-link btn-shape- btn-size-extra-small btn-color-primary btn-icon-pos-right\" href=\"https:\/\/www.directoalpaladar.com\/recetas-de-ensaladas\/ensalada-de-burrata-italiana-tomate-monterosa-y-germinados-con-sal-de-aceitunas-negras-receta-facil-y-rapida\" target=\"_blank\" rel=\"noopener\">\n\t\t\t\t<span class=\"wd-btn-text\" data-elementor-setting-key=\"text\">\n\t\t\t\t\tVisiteu la not\u00edcia\t\t\t\t<\/span>\n\n\t\t\t\t\t\t\t<\/a>\n\t\t<\/div>\n\t\t\t\t\t\t<\/div>\n\t\t\t\t<\/div>\n\t\t\t\t<\/div>\n\t\t\t\t\t<\/div>\n\t\t\t\t<\/div>\n\t\t<div data-particle_enable=\"false\" data-particle-mobile-disabled=\"false\" class=\"wd-negative-gap elementor-element elementor-element-773f575 e-flex e-con-boxed e-con e-parent\" data-id=\"773f575\" data-element_type=\"container\">\n\t\t\t\t\t<div class=\"e-con-inner\">\n\t\t\t\t<div class=\"elementor-element elementor-element-85aa4dd elementor-widget elementor-widget-video\" data-id=\"85aa4dd\" data-element_type=\"widget\" data-settings=\"{&quot;youtube_url&quot;:&quot;https:\\\/\\\/www.youtube.com\\\/watch?v=l_VqL-E_MIk&quot;,&quot;video_type&quot;:&quot;youtube&quot;,&quot;controls&quot;:&quot;yes&quot;}\" data-widget_type=\"video.default\">\n\t\t\t\t<div class=\"elementor-widget-container\">\n\t\t\t\t\t\t\t<div class=\"elementor-wrapper elementor-open-inline\">\n\t\t\t<div class=\"elementor-video\"><\/div>\t\t<\/div>\n\t\t\t\t\t\t<\/div>\n\t\t\t\t<\/div>\n\t\t\t\t\t<\/div>\n\t\t\t\t<\/div>\n\t\t\t\t<\/div>\n\t\t","protected":false},"excerpt":{"rendered":"<p>Parlen de nosaltres F&amp;H Monterosa fa 10 anys i fa el salt a la televisi\u00f3 La marca de tom\u00e0quet desenvolupada<\/p>\n","protected":false},"author":1,"featured_media":0,"parent":0,"menu_order":0,"comment_status":"closed","ping_status":"closed","template":"","meta":{"_acf_changed":false,"footnotes":""},"class_list":["post-24686","page","type-page","status-publish","hentry"],"acf":[],"_links":{"self":[{"href":"https:\/\/www.tomatomonterosa.com\/ca\/wp-json\/wp\/v2\/pages\/24686","targetHints":{"allow":["GET"]}}],"collection":[{"href":"https:\/\/www.tomatomonterosa.com\/ca\/wp-json\/wp\/v2\/pages"}],"about":[{"href":"https:\/\/www.tomatomonterosa.com\/ca\/wp-json\/wp\/v2\/types\/page"}],"author":[{"embeddable":true,"href":"https:\/\/www.tomatomonterosa.com\/ca\/wp-json\/wp\/v2\/users\/1"}],"replies":[{"embeddable":true,"href":"https:\/\/www.tomatomonterosa.com\/ca\/wp-json\/wp\/v2\/comments?post=24686"}],"version-history":[{"count":3,"href":"https:\/\/www.tomatomonterosa.com\/ca\/wp-json\/wp\/v2\/pages\/24686\/revisions"}],"predecessor-version":[{"id":29570,"href":"https:\/\/www.tomatomonterosa.com\/ca\/wp-json\/wp\/v2\/pages\/24686\/revisions\/29570"}],"wp:attachment":[{"href":"https:\/\/www.tomatomonterosa.com\/ca\/wp-json\/wp\/v2\/media?parent=24686"}],"curies":[{"name":"wp","href":"https:\/\/api.w.org\/{rel}","templated":true}]}}