{"id":24476,"date":"2024-04-17T14:44:32","date_gmt":"2024-04-17T14:44:32","guid":{"rendered":"https:\/\/www.tomatomonterosa.com\/sapiens-del-tomaquet-bullipedia\/"},"modified":"2024-09-30T07:49:22","modified_gmt":"2024-09-30T07:49:22","slug":"sapiens-del-tomaquet-bullipedia","status":"publish","type":"page","link":"https:\/\/www.tomatomonterosa.com\/ca\/sapiens-del-tomaquet-bullipedia\/","title":{"rendered":"Sapiens del tom\u00e0quet: Bullipedia"},"content":{"rendered":"\t\t<div data-elementor-type=\"wp-page\" data-elementor-id=\"24476\" class=\"elementor elementor-24476 elementor-19662\" data-elementor-post-type=\"page\">\n\t\t\t\t\t\t<section data-particle_enable=\"false\" data-particle-mobile-disabled=\"false\" class=\"wd-negative-gap elementor-section elementor-top-section elementor-element elementor-element-7a876c81 wd-section-stretch-content elementor-section-boxed elementor-section-height-default elementor-section-height-default\" data-id=\"7a876c81\" data-element_type=\"section\">\n\t\t\t\t\t\t<div class=\"elementor-container elementor-column-gap-no\">\n\t\t\t\t\t<div class=\"elementor-column elementor-col-50 elementor-top-column elementor-element elementor-element-5bd14731\" data-id=\"5bd14731\" data-element_type=\"column\" data-settings=\"{&quot;background_background&quot;:&quot;classic&quot;}\">\n\t\t\t<div class=\"elementor-widget-wrap elementor-element-populated\">\n\t\t\t\t\t\t<section data-particle_enable=\"false\" data-particle-mobile-disabled=\"false\" class=\"wd-negative-gap elementor-section elementor-inner-section elementor-element elementor-element-6813c8b8 elementor-section-boxed elementor-section-height-default elementor-section-height-default\" data-id=\"6813c8b8\" data-element_type=\"section\">\n\t\t\t\t\t\t<div class=\"elementor-container elementor-column-gap-default\">\n\t\t\t\t\t<div class=\"elementor-column elementor-col-100 elementor-inner-column elementor-element elementor-element-75e84dc1\" data-id=\"75e84dc1\" data-element_type=\"column\">\n\t\t\t<div class=\"elementor-widget-wrap elementor-element-populated\">\n\t\t\t\t\t\t<div class=\"elementor-element elementor-element-6aac69eb elementor-widget elementor-widget-heading\" data-id=\"6aac69eb\" data-element_type=\"widget\" data-widget_type=\"heading.default\">\n\t\t\t\t<div class=\"elementor-widget-container\">\n\t\t\t\t\t<h1 class=\"elementor-heading-title elementor-size-default\">Sapiens del<br>tom\u00e0quet:<br>Bullipedia<\/h1>\t\t\t\t<\/div>\n\t\t\t\t<\/div>\n\t\t\t\t<div class=\"elementor-element elementor-element-246adddf elementor-widget elementor-widget-heading\" data-id=\"246adddf\" data-element_type=\"widget\" data-widget_type=\"heading.default\">\n\t\t\t\t<div class=\"elementor-widget-container\">\n\t\t\t\t\t<h2 class=\"elementor-heading-title elementor-size-default\">En vols saber m\u00e9s?<\/h2>\t\t\t\t<\/div>\n\t\t\t\t<\/div>\n\t\t\t\t<div class=\"elementor-element elementor-element-bc032ab elementor-align-left elementor-widget elementor-widget-button\" data-id=\"bc032ab\" data-element_type=\"widget\" data-widget_type=\"button.default\">\n\t\t\t\t<div class=\"elementor-widget-container\">\n\t\t\t\t\t\t\t\t\t<div class=\"elementor-button-wrapper\">\n\t\t\t\t\t<a class=\"elementor-button elementor-button-link elementor-size-lg\" href=\"https:\/\/elbullifoundation.com\/elbullistore\/producto\/sapiens-del-tomate\/\" rel=\"noopener\">\n\t\t\t\t\t\t<span class=\"elementor-button-content-wrapper\">\n\t\t\t\t\t\t\t\t\t<span class=\"elementor-button-text\">Compra'l aqu\u00ed!<\/span>\n\t\t\t\t\t<\/span>\n\t\t\t\t\t<\/a>\n\t\t\t\t<\/div>\n\t\t\t\t\t\t\t\t<\/div>\n\t\t\t\t<\/div>\n\t\t\t\t\t<\/div>\n\t\t<\/div>\n\t\t\t\t\t<\/div>\n\t\t<\/section>\n\t\t\t\t\t<\/div>\n\t\t<\/div>\n\t\t\t\t<div class=\"elementor-column elementor-col-50 elementor-top-column elementor-element elementor-element-5980208e\" data-id=\"5980208e\" data-element_type=\"column\" data-settings=\"{&quot;background_background&quot;:&quot;classic&quot;}\">\n\t\t\t<div class=\"elementor-widget-wrap elementor-element-populated\">\n\t\t\t\t\t\t<div class=\"elementor-element elementor-element-7dc26956 wd-width-100 elementor-widget elementor-widget-wd_images_gallery\" data-id=\"7dc26956\" data-element_type=\"widget\" data-settings=\"{&quot;_animation&quot;:&quot;none&quot;}\" data-widget_type=\"wd_images_gallery.default\">\n\t\t\t\t<div class=\"elementor-widget-container\">\n\t\t\t\t\t\t\t<div class=\"wd-images-gallery\" style=\"--wd-align-items:center; --wd-justify-content:center;\">\n\t\t\t\t\t\t<div class=\"wd-grid-g\" style=\"--wd-col-lg:1;--wd-col-md:1;--wd-col-sm:1;--wd-gap-lg:0px;\" >\n\t\t\t\t\t\t\t\t\t\t\t\t\t\t\t\t\t\t<div class=\"wd-gallery-item wd-col\">\n\t\t\t\t\t\t\n\t\t\t\t\t\t<img decoding=\"async\" width=\"816\" height=\"902\" src=\"https:\/\/www.tomatomonterosa.com\/wp-content\/uploads\/2023\/08\/sapiens-del-tomate-bullipedia-monterosa.jpg\" class=\"attachment-full size-full\" alt=\"Imagen del libro Sapiens del tomate sobre un fondo granate, color corporativo de la Marca Monterosa.\" srcset=\"https:\/\/www.tomatomonterosa.com\/wp-content\/uploads\/2023\/08\/sapiens-del-tomate-bullipedia-monterosa.jpg 816w, https:\/\/www.tomatomonterosa.com\/wp-content\/uploads\/2023\/08\/sapiens-del-tomate-bullipedia-monterosa-271x300.jpg 271w, https:\/\/www.tomatomonterosa.com\/wp-content\/uploads\/2023\/08\/sapiens-del-tomate-bullipedia-monterosa-136x150.jpg 136w, https:\/\/www.tomatomonterosa.com\/wp-content\/uploads\/2023\/08\/sapiens-del-tomate-bullipedia-monterosa-768x849.jpg 768w, https:\/\/www.tomatomonterosa.com\/wp-content\/uploads\/2023\/08\/sapiens-del-tomate-bullipedia-monterosa-600x663.jpg 600w, https:\/\/www.tomatomonterosa.com\/wp-content\/uploads\/2023\/08\/sapiens-del-tomate-bullipedia-monterosa-150x166.jpg 150w\" sizes=\"(max-width: 816px) 100vw, 816px\" title=\"\">\n\t\t\t\t\t\t\t\t\t\t\t<\/div>\n\t\t\t\t\t\t\t\t\t\t\t\t\t<\/div>\n\t\t\t\t\t<\/div>\n\t\t\t\t\t\t<\/div>\n\t\t\t\t<\/div>\n\t\t\t\t\t<\/div>\n\t\t<\/div>\n\t\t\t\t\t<\/div>\n\t\t<\/section>\n\t\t<div data-particle_enable=\"false\" data-particle-mobile-disabled=\"false\" class=\"wd-negative-gap elementor-element elementor-element-763cab60 wd-section-stretch-content e-flex e-con-boxed e-con e-parent\" data-id=\"763cab60\" data-element_type=\"container\" data-settings=\"{&quot;background_background&quot;:&quot;classic&quot;}\">\n\t\t\t\t\t<div class=\"e-con-inner\">\n\t\t\t\t<div class=\"elementor-element elementor-element-50a2acca elementor-widget elementor-widget-heading\" data-id=\"50a2acca\" data-element_type=\"widget\" data-widget_type=\"heading.default\">\n\t\t\t\t<div class=\"elementor-widget-container\">\n\t\t\t\t\t<p class=\"elementor-heading-title elementor-size-default\">Sabeu que...<\/p>\t\t\t\t<\/div>\n\t\t\t\t<\/div>\n\t\t\t\t<div class=\"elementor-element elementor-element-2a5da77 elementor-widget elementor-widget-heading\" data-id=\"2a5da77\" data-element_type=\"widget\" data-widget_type=\"heading.default\">\n\t\t\t\t<div class=\"elementor-widget-container\">\n\t\t\t\t\t<h2 class=\"elementor-heading-title elementor-size-default\">Existeixen els tom\u00e0quets<br> gegants?<\/h2>\t\t\t\t<\/div>\n\t\t\t\t<\/div>\n\t\t\t\t<div class=\"elementor-element elementor-element-0590f3c elementor-widget elementor-widget-heading\" data-id=\"0590f3c\" data-element_type=\"widget\" data-widget_type=\"heading.default\">\n\t\t\t\t<div class=\"elementor-widget-container\">\n\t\t\t\t\t<h3 class=\"elementor-heading-title elementor-size-default\">El 2016, un agricultor <br>anomenat Dan Sutherland va cultivar un tom\u00e0quet gegant al <br>Canad\u00e0 que pesava 3,61 kg. Van caldre dues mans <br>per poder aguantar-lo.<\/h3>\t\t\t\t<\/div>\n\t\t\t\t<\/div>\n\t\t\t\t\t<\/div>\n\t\t\t\t<\/div>\n\t\t<div data-particle_enable=\"false\" data-particle-mobile-disabled=\"false\" class=\"wd-negative-gap elementor-element elementor-element-6b88d847 wd-section-stretch-content e-flex e-con-boxed e-con e-parent\" data-id=\"6b88d847\" data-element_type=\"container\" data-settings=\"{&quot;background_background&quot;:&quot;classic&quot;}\">\n\t\t\t\t\t<div class=\"e-con-inner\">\n\t\t\t\t<div class=\"elementor-element elementor-element-16b37881 elementor-widget elementor-widget-heading\" data-id=\"16b37881\" data-element_type=\"widget\" data-widget_type=\"heading.default\">\n\t\t\t\t<div class=\"elementor-widget-container\">\n\t\t\t\t\t<h2 class=\"elementor-heading-title elementor-size-default\">Creus que hi ha un <br>tom\u00e0quet morat?<\/h2>\t\t\t\t<\/div>\n\t\t\t\t<\/div>\n\t\t\t\t\t<\/div>\n\t\t\t\t<\/div>\n\t\t<div data-particle_enable=\"false\" data-particle-mobile-disabled=\"false\" class=\"wd-negative-gap elementor-element elementor-element-1712941 wd-section-stretch e-flex e-con-boxed e-con e-parent\" data-id=\"1712941\" data-element_type=\"container\" data-settings=\"{&quot;background_background&quot;:&quot;classic&quot;}\">\n\t\t\t\t\t<div class=\"e-con-inner\">\n\t\t<div data-particle_enable=\"false\" data-particle-mobile-disabled=\"false\" class=\"elementor-element elementor-element-4eb290d e-con-full elementor-hidden-mobile e-flex e-con e-child\" data-id=\"4eb290d\" data-element_type=\"container\">\n\t\t\t\t<\/div>\n\t\t<div data-particle_enable=\"false\" data-particle-mobile-disabled=\"false\" class=\"elementor-element elementor-element-0121b70 e-con-full e-flex e-con e-child\" data-id=\"0121b70\" data-element_type=\"container\">\n\t\t\t\t<div id=\"eael-section-tooltip-a713e7f\" class=\"eael-section-tooltip elementor-element elementor-element-a713e7f elementor-widget__width-auto elementor-widget-mobile__width-auto elementor-widget elementor-widget-image\" data-id=\"a713e7f\" data-element_type=\"widget\" data-settings=\"{&quot;eael_tooltip_section_content&quot;:&quot;Correcto, s\\u00ed existe un tomate morado&quot;,&quot;eael_tooltip_section_position&quot;:&quot;top&quot;,&quot;eael_tooltip_section_animation&quot;:&quot;scale&quot;,&quot;eael_tooltip_section_arrow&quot;:true,&quot;eael_tooltip_section_arrow_type&quot;:&quot;sharp&quot;,&quot;eael_tooltip_section_follow_cursor&quot;:&quot;false&quot;,&quot;eael_tooltip_section_trigger&quot;:&quot;mouseenter&quot;,&quot;eael_tooltip_section_duration&quot;:300,&quot;eael_tooltip_section_delay&quot;:400,&quot;eael_tooltip_section_size&quot;:&quot;regular&quot;}\" data-widget_type=\"image.default\">\n\t\t\n            <script>\n                jQuery(window).on('elementor\/frontend\/init elementor\/popup\/show', function() {\n                    var $currentTooltip = '#eael-section-tooltip-a713e7f';\n\n                    if (typeof tippy !== 'undefined') {\n                        tippy($currentTooltip, {\n                            content: 'Correcto, s\u00ed existe un tomate morado',\n                            placement: 'top',\n                            animation: 'scale',\n                            arrow: '1',\n                            arrowType: 'sharp',\n                            duration: '300',\n                            distance: '10',\n                            delay: '400',\n                            size: 'regular',\n                            trigger: 'mouseenter focus',\n                            animateFill: false,\n                            flip: true,\n                            flipOnUpdate: true,\n                            interactive: true,\n                            flipBehavior: 'flip',\n                            maxWidth: 350,\n                            zIndex: 99999,\n                            followCursor: false,\n                            onShow(instance) {\n                                var tippyPopper = instance.popper;\n                                jQuery(tippyPopper).attr('data-tippy-popper-id', 'a713e7f');\n                            }\n                        });\n                    }\n                });\n            <\/script>\n        \t\t<div class=\"elementor-widget-container\">\n\t\t\t\t\t\t\t\t\t\t\t\t\t\t\t<img decoding=\"async\" width=\"96\" height=\"66\" src=\"https:\/\/www.tomatomonterosa.com\/wp-content\/uploads\/2023\/10\/encuesta-respuesta-positiva-tomate-monterosa.png\" class=\"elementor-animation-pulse-grow attachment-large size-large wp-image-24486\" alt=\"\" title=\"\">\t\t\t\t\t\t\t\t\t\t\t\t\t\t\t<\/div>\n\t\t\t\t<\/div>\n\t\t\t\t<\/div>\n\t\t<div data-particle_enable=\"false\" data-particle-mobile-disabled=\"false\" class=\"elementor-element elementor-element-517f89b e-con-full e-flex e-con e-child\" data-id=\"517f89b\" data-element_type=\"container\">\n\t\t\t\t<div class=\"elementor-element elementor-element-ca87d84 elementor-widget__width-auto elementor-widget elementor-widget-image\" data-id=\"ca87d84\" data-element_type=\"widget\" data-widget_type=\"image.default\">\n\t\t\t\t<div class=\"elementor-widget-container\">\n\t\t\t\t\t\t\t\t\t\t\t\t\t\t\t<img decoding=\"async\" width=\"96\" height=\"66\" src=\"https:\/\/www.tomatomonterosa.com\/wp-content\/uploads\/2023\/10\/encuesta-respuesta-negativa-tomate-monterosa.png\" class=\"elementor-animation-buzz attachment-large size-large wp-image-24485\" alt=\"\" title=\"\">\t\t\t\t\t\t\t\t\t\t\t\t\t\t\t<\/div>\n\t\t\t\t<\/div>\n\t\t\t\t<\/div>\n\t\t<div data-particle_enable=\"false\" data-particle-mobile-disabled=\"false\" class=\"elementor-element elementor-element-207fa80 e-con-full elementor-hidden-mobile e-flex e-con e-child\" data-id=\"207fa80\" data-element_type=\"container\">\n\t\t\t\t<\/div>\n\t\t\t\t\t<\/div>\n\t\t\t\t<\/div>\n\t\t<div data-particle_enable=\"false\" data-particle-mobile-disabled=\"false\" class=\"wd-negative-gap elementor-element elementor-element-900ff59 wd-section-stretch-content e-flex e-con-boxed e-con e-parent\" data-id=\"900ff59\" data-element_type=\"container\" data-settings=\"{&quot;background_background&quot;:&quot;classic&quot;}\">\n\t\t\t\t\t<div class=\"e-con-inner\">\n\t\t\t\t<div class=\"elementor-element elementor-element-9a7c96c text-center color-scheme-inherit elementor-widget elementor-widget-text-editor\" data-id=\"9a7c96c\" data-element_type=\"widget\" data-widget_type=\"text-editor.default\">\n\t\t\t\t<div class=\"elementor-widget-container\">\n\t\t\t\t\t\t\t\t\t<p>Encara que estem acostumats a veure tom\u00e0quets de<br \/>\ncolor vermell, tamb\u00e9 n\u2019hi ha de color morat.<\/p>\n<p>Se&#8217;ls coneix com a \u201ctom\u00e0quets morats\u201d i s\u00f3n una<br \/>\nvarietat origin\u00e0ria del Per\u00fa, rara i poc comuna.<\/p>\n\t\t\t\t\t\t\t\t<\/div>\n\t\t\t\t<\/div>\n\t\t\t\t\t<\/div>\n\t\t\t\t<\/div>\n\t\t<div data-particle_enable=\"false\" data-particle-mobile-disabled=\"false\" class=\"wd-negative-gap elementor-element elementor-element-ae93f4c wd-section-stretch-content e-flex e-con-boxed e-con e-parent\" data-id=\"ae93f4c\" data-element_type=\"container\" data-settings=\"{&quot;background_background&quot;:&quot;classic&quot;}\">\n\t\t\t\t\t<div class=\"e-con-inner\">\n\t\t\t\t<div class=\"elementor-element elementor-element-2efdb5e elementor-widget elementor-widget-heading\" data-id=\"2efdb5e\" data-element_type=\"widget\" data-widget_type=\"heading.default\">\n\t\t\t\t<div class=\"elementor-widget-container\">\n\t\t\t\t\t<p class=\"elementor-heading-title elementor-size-default\">Sabeu que...<\/p>\t\t\t\t<\/div>\n\t\t\t\t<\/div>\n\t\t\t\t<div class=\"elementor-element elementor-element-6b2c4e8 elementor-widget elementor-widget-heading\" data-id=\"6b2c4e8\" data-element_type=\"widget\" data-widget_type=\"heading.default\">\n\t\t\t\t<div class=\"elementor-widget-container\">\n\t\t\t\t\t<h3 class=\"elementor-heading-title elementor-size-default\">Els tom\u00e0quets es deien<br> originalment \u201cpomes de l'amor\u201d<\/h3>\t\t\t\t<\/div>\n\t\t\t\t<\/div>\n\t\t\t\t<div class=\"elementor-element elementor-element-9792676 elementor-widget elementor-widget-image\" data-id=\"9792676\" data-element_type=\"widget\" data-widget_type=\"image.default\">\n\t\t\t\t<div class=\"elementor-widget-container\">\n\t\t\t\t\t\t\t\t\t\t\t\t\t\t\t<img decoding=\"async\" width=\"927\" height=\"569\" src=\"https:\/\/www.tomatomonterosa.com\/wp-content\/uploads\/2023\/08\/al-tomate-se-le-llamaba-manzanas-del-amor.jpg\" class=\"attachment-full size-full wp-image-24478\" alt=\"\" srcset=\"https:\/\/www.tomatomonterosa.com\/wp-content\/uploads\/2023\/08\/al-tomate-se-le-llamaba-manzanas-del-amor.jpg 927w, https:\/\/www.tomatomonterosa.com\/wp-content\/uploads\/2023\/08\/al-tomate-se-le-llamaba-manzanas-del-amor-300x184.jpg 300w, https:\/\/www.tomatomonterosa.com\/wp-content\/uploads\/2023\/08\/al-tomate-se-le-llamaba-manzanas-del-amor-150x92.jpg 150w, https:\/\/www.tomatomonterosa.com\/wp-content\/uploads\/2023\/08\/al-tomate-se-le-llamaba-manzanas-del-amor-768x471.jpg 768w, https:\/\/www.tomatomonterosa.com\/wp-content\/uploads\/2023\/08\/al-tomate-se-le-llamaba-manzanas-del-amor-600x368.jpg 600w\" sizes=\"(max-width: 927px) 100vw, 927px\" title=\"\">\t\t\t\t\t\t\t\t\t\t\t\t\t\t\t<\/div>\n\t\t\t\t<\/div>\n\t\t\t\t<div class=\"elementor-element elementor-element-6f383a3 text-center color-scheme-inherit elementor-widget elementor-widget-text-editor\" data-id=\"6f383a3\" data-element_type=\"widget\" data-widget_type=\"text-editor.default\">\n\t\t\t\t<div class=\"elementor-widget-container\">\n\t\t\t\t\t\t\t\t\t<p>Possiblement es van basar en una tradici\u00f3<br \/>\nitaliana, il pomo d&#8217;oro, la \u201cpoma daurada\u201d.<\/p>\n<p>Tamb\u00e9 se li atribu\u00efen propietats<br \/>\nafrodis\u00edaques i m\u00e0giques.<\/p>\n\t\t\t\t\t\t\t\t<\/div>\n\t\t\t\t<\/div>\n\t\t\t\t\t<\/div>\n\t\t\t\t<\/div>\n\t\t\t\t<section data-particle_enable=\"false\" data-particle-mobile-disabled=\"false\" class=\"wd-negative-gap elementor-section elementor-top-section elementor-element elementor-element-7bc6e9f wd-section-stretch-content elementor-section-boxed elementor-section-height-default elementor-section-height-default\" data-id=\"7bc6e9f\" data-element_type=\"section\" data-settings=\"{&quot;background_background&quot;:&quot;classic&quot;}\">\n\t\t\t\t\t\t<div class=\"elementor-container elementor-column-gap-no\">\n\t\t\t\t\t<div class=\"elementor-column elementor-col-50 elementor-top-column elementor-element elementor-element-c7973ee\" data-id=\"c7973ee\" data-element_type=\"column\">\n\t\t\t<div class=\"elementor-widget-wrap elementor-element-populated\">\n\t\t\t\t\t\t<div class=\"elementor-element elementor-element-038a7a8 wd-width-100 elementor-widget elementor-widget-wd_images_gallery\" data-id=\"038a7a8\" data-element_type=\"widget\" data-settings=\"{&quot;_animation&quot;:&quot;none&quot;}\" data-widget_type=\"wd_images_gallery.default\">\n\t\t\t\t<div class=\"elementor-widget-container\">\n\t\t\t\t\t\t\t<div class=\"wd-images-gallery\" style=\"--wd-align-items:center; --wd-justify-content:center;\">\n\t\t\t\t\t\t<div class=\"wd-grid-g\" style=\"--wd-col-lg:1;--wd-col-md:1;--wd-col-sm:1;--wd-gap-lg:0px;\" >\n\t\t\t\t\t\t\t\t\t\t\t\t\t\t\t\t\t\t<div class=\"wd-gallery-item wd-col\">\n\t\t\t\t\t\t\n\t\t\t\t\t\t<img decoding=\"async\" width=\"577\" height=\"577\" src=\"https:\/\/www.tomatomonterosa.com\/wp-content\/uploads\/2023\/08\/tomates-pueden-congelarse-tip-monterosa.jpg\" class=\"attachment-full size-full\" alt=\"En la imagen 4 tomates Monterosa sobre un plato de madera. Imagen con vista desde arriba.\" srcset=\"https:\/\/www.tomatomonterosa.com\/wp-content\/uploads\/2023\/08\/tomates-pueden-congelarse-tip-monterosa.jpg 577w, https:\/\/www.tomatomonterosa.com\/wp-content\/uploads\/2023\/08\/tomates-pueden-congelarse-tip-monterosa-300x300.jpg 300w, https:\/\/www.tomatomonterosa.com\/wp-content\/uploads\/2023\/08\/tomates-pueden-congelarse-tip-monterosa-150x150.jpg 150w\" sizes=\"(max-width: 577px) 100vw, 577px\" title=\"\">\n\t\t\t\t\t\t\t\t\t\t\t<\/div>\n\t\t\t\t\t\t\t\t\t\t\t\t\t<\/div>\n\t\t\t\t\t<\/div>\n\t\t\t\t\t\t<\/div>\n\t\t\t\t<\/div>\n\t\t\t\t\t<\/div>\n\t\t<\/div>\n\t\t\t\t<div class=\"elementor-column elementor-col-50 elementor-top-column elementor-element elementor-element-0d832f6\" data-id=\"0d832f6\" data-element_type=\"column\" data-settings=\"{&quot;background_background&quot;:&quot;classic&quot;}\">\n\t\t\t<div class=\"elementor-widget-wrap elementor-element-populated\">\n\t\t\t\t\t\t<section data-particle_enable=\"false\" data-particle-mobile-disabled=\"false\" class=\"wd-negative-gap elementor-section elementor-inner-section elementor-element elementor-element-4d8abc7 elementor-section-boxed elementor-section-height-default elementor-section-height-default\" data-id=\"4d8abc7\" data-element_type=\"section\">\n\t\t\t\t\t\t<div class=\"elementor-container elementor-column-gap-default\">\n\t\t\t\t\t<div class=\"elementor-column elementor-col-100 elementor-inner-column elementor-element elementor-element-b12381e\" data-id=\"b12381e\" data-element_type=\"column\">\n\t\t\t<div class=\"elementor-widget-wrap elementor-element-populated\">\n\t\t\t\t\t\t<div class=\"elementor-element elementor-element-9a3a8ef elementor-widget elementor-widget-heading\" data-id=\"9a3a8ef\" data-element_type=\"widget\" data-widget_type=\"heading.default\">\n\t\t\t\t<div class=\"elementor-widget-container\">\n\t\t\t\t\t<h2 class=\"elementor-heading-title elementor-size-default\">Sabeu que els<br> tom\u00e0quets es poden<br> congelar?<\/h2>\t\t\t\t<\/div>\n\t\t\t\t<\/div>\n\t\t\t\t\t<\/div>\n\t\t<\/div>\n\t\t\t\t\t<\/div>\n\t\t<\/section>\n\t\t\t\t<div class=\"elementor-element elementor-element-bb78783 text-center color-scheme-inherit elementor-widget elementor-widget-text-editor\" data-id=\"bb78783\" data-element_type=\"widget\" data-widget_type=\"text-editor.default\">\n\t\t\t\t<div class=\"elementor-widget-container\">\n\t\t\t\t\t\t\t\t\t<p>Podem congelar un tom\u00e0quet, per\u00f2 abans es<br \/>\nrecomana rentar-lo i assecar-lo. Tanmateix,<br \/>\nen descongelar-lo perd la textura i una mica de sabor.<br \/>\nNo s\u00f3n, per tant, indicats per a elaboracions com amanides,<br \/>\nper\u00f2 es poden fer servir per a guisats o salses.<\/p>\n\t\t\t\t\t\t\t\t<\/div>\n\t\t\t\t<\/div>\n\t\t\t\t\t<\/div>\n\t\t<\/div>\n\t\t\t\t\t<\/div>\n\t\t<\/section>\n\t\t<div data-particle_enable=\"false\" data-particle-mobile-disabled=\"false\" class=\"elementor-element elementor-element-47555677 wd-section-stretch-content e-flex e-con-boxed e-con e-parent\" data-id=\"47555677\" data-element_type=\"container\" data-settings=\"{&quot;background_background&quot;:&quot;classic&quot;}\">\n\t\t\t\t\t<div class=\"e-con-inner\">\n\t\t\t\t\t<\/div>\n\t\t\t\t<\/div>\n\t\t\t\t<section data-particle_enable=\"false\" data-particle-mobile-disabled=\"false\" class=\"wd-negative-gap elementor-section elementor-top-section elementor-element elementor-element-97ef9cf wd-section-stretch-content elementor-section-boxed elementor-section-height-default elementor-section-height-default\" data-id=\"97ef9cf\" data-element_type=\"section\" data-settings=\"{&quot;background_background&quot;:&quot;classic&quot;}\">\n\t\t\t\t\t\t<div class=\"elementor-container elementor-column-gap-no\">\n\t\t\t\t\t<div class=\"elementor-column elementor-col-100 elementor-top-column elementor-element elementor-element-2c3f256\" data-id=\"2c3f256\" data-element_type=\"column\" data-settings=\"{&quot;background_background&quot;:&quot;classic&quot;}\">\n\t\t\t<div class=\"elementor-widget-wrap elementor-element-populated\">\n\t\t\t\t\t\t<div class=\"elementor-element elementor-element-d4faf31 elementor-widget elementor-widget-heading\" data-id=\"d4faf31\" data-element_type=\"widget\" data-widget_type=\"heading.default\">\n\t\t\t\t<div class=\"elementor-widget-container\">\n\t\t\t\t\t<h2 class=\"elementor-heading-title elementor-size-default\">Sabeu quin \u00e9s el<\/br>tom\u00e0quet que<\/br> pesa m\u00e9s?<\/h2>\t\t\t\t<\/div>\n\t\t\t\t<\/div>\n\t\t\t\t<div class=\"elementor-element elementor-element-55084d5 text-center color-scheme-inherit elementor-widget elementor-widget-text-editor\" data-id=\"55084d5\" data-element_type=\"widget\" data-widget_type=\"text-editor.default\">\n\t\t\t\t<div class=\"elementor-widget-container\">\n\t\t\t\t\t\t\t\t\t<p>El tom\u00e0quet m\u00e9s pesat del m\u00f3n feia 3,906 quilograms i es va<br \/>\nregistrar al llibre de R\u00e8cords Guinness el 2016. El cultiv\u00e0<br \/>\nDan Sutherland als Estats Units, destronant un Mc Coy que<br \/>\nduia al podi des de 1986 amb un tom\u00e0quet de 3,51 quilograms.<br \/>\nA l&#8217;altre extrem trobar\u00edem el tom\u00e0quet \u201cgota\u201d, anomenat aix\u00ed<br \/>\nper la mida, d&#8217;un cm de di\u00e0metre aproximadament, vaja, de<br \/>\n2 a 3 grams de pes.<\/p>\n\t\t\t\t\t\t\t\t<\/div>\n\t\t\t\t<\/div>\n\t\t\t\t\t<\/div>\n\t\t<\/div>\n\t\t\t\t\t<\/div>\n\t\t<\/section>\n\t\t\t\t<section data-particle_enable=\"false\" data-particle-mobile-disabled=\"false\" class=\"wd-negative-gap elementor-section elementor-top-section elementor-element elementor-element-34679f6 wd-section-stretch-content elementor-section-boxed elementor-section-height-default elementor-section-height-default\" data-id=\"34679f6\" data-element_type=\"section\" data-settings=\"{&quot;background_background&quot;:&quot;classic&quot;}\">\n\t\t\t\t\t\t<div class=\"elementor-container elementor-column-gap-no\">\n\t\t\t\t\t<div class=\"elementor-column elementor-col-50 elementor-top-column elementor-element elementor-element-802910c\" data-id=\"802910c\" data-element_type=\"column\">\n\t\t\t<div class=\"elementor-widget-wrap elementor-element-populated\">\n\t\t\t\t\t\t<div class=\"elementor-element elementor-element-446b31e elementor-widget__width-inherit wd-width-100 elementor-widget elementor-widget-wd_images_gallery\" data-id=\"446b31e\" data-element_type=\"widget\" data-settings=\"{&quot;_animation&quot;:&quot;none&quot;}\" data-widget_type=\"wd_images_gallery.default\">\n\t\t\t\t<div class=\"elementor-widget-container\">\n\t\t\t\t\t\t\t<div class=\"wd-images-gallery\" style=\"--wd-align-items:center; --wd-justify-content:center;\">\n\t\t\t\t\t\t<div class=\"wd-grid-g\" style=\"--wd-col-lg:1;--wd-col-md:1;--wd-col-sm:1;--wd-gap-lg:0px;\" >\n\t\t\t\t\t\t\t\t\t\t\t\t\t\t\t\t\t\t<div class=\"wd-gallery-item wd-col\">\n\t\t\t\t\t\t\n\t\t\t\t\t\t<img decoding=\"async\" width=\"743\" height=\"884\" src=\"https:\/\/www.tomatomonterosa.com\/wp-content\/uploads\/2023\/08\/tomate-proviene-de-america-curiosidades-monterosa.jpg\" class=\"attachment-full size-full\" alt=\"Imagen de una pizza vista desde arriba hecha con tomates Monterosa. Muy apetecible.\" srcset=\"https:\/\/www.tomatomonterosa.com\/wp-content\/uploads\/2023\/08\/tomate-proviene-de-america-curiosidades-monterosa.jpg 743w, https:\/\/www.tomatomonterosa.com\/wp-content\/uploads\/2023\/08\/tomate-proviene-de-america-curiosidades-monterosa-252x300.jpg 252w, https:\/\/www.tomatomonterosa.com\/wp-content\/uploads\/2023\/08\/tomate-proviene-de-america-curiosidades-monterosa-126x150.jpg 126w, https:\/\/www.tomatomonterosa.com\/wp-content\/uploads\/2023\/08\/tomate-proviene-de-america-curiosidades-monterosa-600x714.jpg 600w, https:\/\/www.tomatomonterosa.com\/wp-content\/uploads\/2023\/08\/tomate-proviene-de-america-curiosidades-monterosa-150x178.jpg 150w\" sizes=\"(max-width: 743px) 100vw, 743px\" title=\"\">\n\t\t\t\t\t\t\t\t\t\t\t<\/div>\n\t\t\t\t\t\t\t\t\t\t\t\t\t<\/div>\n\t\t\t\t\t<\/div>\n\t\t\t\t\t\t<\/div>\n\t\t\t\t<\/div>\n\t\t\t\t\t<\/div>\n\t\t<\/div>\n\t\t\t\t<div class=\"elementor-column elementor-col-50 elementor-top-column elementor-element elementor-element-f68ed46\" data-id=\"f68ed46\" data-element_type=\"column\" data-settings=\"{&quot;background_background&quot;:&quot;classic&quot;}\">\n\t\t\t<div class=\"elementor-widget-wrap elementor-element-populated\">\n\t\t\t\t\t\t<div class=\"elementor-element elementor-element-55a79a5 elementor-widget elementor-widget-heading\" data-id=\"55a79a5\" data-element_type=\"widget\" data-widget_type=\"heading.default\">\n\t\t\t\t<div class=\"elementor-widget-container\">\n\t\t\t\t\t<h2 class=\"elementor-heading-title elementor-size-default\">Qu\u00e8 tenen en <br>com\u00fa la patata, <br>l'alberg\u00ednia i el<br> tabac amb el<br> tom\u00e0quet?<\/h2>\t\t\t\t<\/div>\n\t\t\t\t<\/div>\n\t\t\t\t<div class=\"elementor-element elementor-element-c6b5cf6 text-center color-scheme-inherit elementor-widget elementor-widget-text-editor\" data-id=\"c6b5cf6\" data-element_type=\"widget\" data-widget_type=\"text-editor.default\">\n\t\t\t\t<div class=\"elementor-widget-container\">\n\t\t\t\t\t\t\t\t\t<p>La patata, l&#8217;alberg\u00ednia i el tabac, com el<br \/>tom\u00e0quet, s\u00f3n fruits d&#8217;esp\u00e8cies vegetals<br \/>origin\u00e0ries d&#8217;Am\u00e8rica. Pertanyen a la fam\u00edlia<br \/>Solanaceae, contenen alcaloides \u2014una<br \/>subst\u00e0ncia considerada t\u00f2xica\u2014 i algunes caracter\u00edstiques<br \/>morfol\u00f2giques en com\u00fa, com ser plantes amb fulles simples.<br \/>El tom\u00e0quet, la patata i l&#8217;alberg\u00ednia, a m\u00e9s, comparteixen g\u00e8nere<br \/>\u2014Solanum\u2014 i els seus fruits tenen inter\u00e8s alimentari.<\/p>\t\t\t\t\t\t\t\t<\/div>\n\t\t\t\t<\/div>\n\t\t\t\t\t<\/div>\n\t\t<\/div>\n\t\t\t\t\t<\/div>\n\t\t<\/section>\n\t\t<div data-particle_enable=\"false\" data-particle-mobile-disabled=\"false\" class=\"wd-negative-gap elementor-element elementor-element-198174c wd-section-stretch-content e-flex e-con-boxed e-con e-parent\" data-id=\"198174c\" data-element_type=\"container\" data-settings=\"{&quot;background_background&quot;:&quot;classic&quot;}\">\n\t\t\t\t\t<div class=\"e-con-inner\">\n\t\t\t\t<div class=\"elementor-element elementor-element-153c197 elementor-widget__width-initial elementor-widget elementor-widget-heading\" data-id=\"153c197\" data-element_type=\"widget\" data-widget_type=\"heading.default\">\n\t\t\t\t<div class=\"elementor-widget-container\">\n\t\t\t\t\t<h2 class=\"elementor-heading-title elementor-size-default\">La planta del <br>tom\u00e0quet t\u00e9 <br>sexe? I el fruit?<\/h2>\t\t\t\t<\/div>\n\t\t\t\t<\/div>\n\t\t\t\t\t<\/div>\n\t\t\t\t<\/div>\n\t\t<div data-particle_enable=\"false\" data-particle-mobile-disabled=\"false\" class=\"wd-negative-gap elementor-element elementor-element-dfdd2fe wd-section-stretch e-flex e-con-boxed e-con e-parent\" data-id=\"dfdd2fe\" data-element_type=\"container\" data-settings=\"{&quot;background_background&quot;:&quot;classic&quot;}\">\n\t\t\t\t\t<div class=\"e-con-inner\">\n\t\t<div data-particle_enable=\"false\" data-particle-mobile-disabled=\"false\" class=\"elementor-element elementor-element-e9a8339 e-con-full elementor-hidden-mobile e-flex e-con e-child\" data-id=\"e9a8339\" data-element_type=\"container\">\n\t\t\t\t<\/div>\n\t\t<div data-particle_enable=\"false\" data-particle-mobile-disabled=\"false\" class=\"elementor-element elementor-element-2f9db43 e-con-full e-flex e-con e-child\" data-id=\"2f9db43\" data-element_type=\"container\">\n\t\t\t\t<div id=\"eael-section-tooltip-d86b563\" class=\"eael-section-tooltip elementor-element elementor-element-d86b563 elementor-widget__width-auto elementor-widget elementor-widget-image\" data-id=\"d86b563\" data-element_type=\"widget\" data-settings=\"{&quot;eael_tooltip_section_content&quot;:&quot;S\\u00ed, ambos tienen sexo&quot;,&quot;eael_tooltip_section_position&quot;:&quot;top&quot;,&quot;eael_tooltip_section_animation&quot;:&quot;scale&quot;,&quot;eael_tooltip_section_arrow&quot;:true,&quot;eael_tooltip_section_arrow_type&quot;:&quot;sharp&quot;,&quot;eael_tooltip_section_follow_cursor&quot;:&quot;false&quot;,&quot;eael_tooltip_section_trigger&quot;:&quot;mouseenter&quot;,&quot;eael_tooltip_section_duration&quot;:300,&quot;eael_tooltip_section_delay&quot;:400,&quot;eael_tooltip_section_size&quot;:&quot;regular&quot;}\" data-widget_type=\"image.default\">\n\t\t\n            <script>\n                jQuery(window).on('elementor\/frontend\/init elementor\/popup\/show', function() {\n                    var $currentTooltip = '#eael-section-tooltip-d86b563';\n\n                    if (typeof tippy !== 'undefined') {\n                        tippy($currentTooltip, {\n                            content: 'S\u00ed, ambos tienen sexo',\n                            placement: 'top',\n                            animation: 'scale',\n                            arrow: '1',\n                            arrowType: 'sharp',\n                            duration: '300',\n                            distance: '10',\n                            delay: '400',\n                            size: 'regular',\n                            trigger: 'mouseenter focus',\n                            animateFill: false,\n                            flip: true,\n                            flipOnUpdate: true,\n                            interactive: true,\n                            flipBehavior: 'flip',\n                            maxWidth: 350,\n                            zIndex: 99999,\n                            followCursor: false,\n                            onShow(instance) {\n                                var tippyPopper = instance.popper;\n                                jQuery(tippyPopper).attr('data-tippy-popper-id', 'd86b563');\n                            }\n                        });\n                    }\n                });\n            <\/script>\n        \t\t<div class=\"elementor-widget-container\">\n\t\t\t\t\t\t\t\t\t\t\t\t\t\t\t<img decoding=\"async\" width=\"96\" height=\"66\" src=\"https:\/\/www.tomatomonterosa.com\/wp-content\/uploads\/2023\/10\/encuesta-respuesta-positiva-tomate-monterosa.png\" class=\"elementor-animation-pulse-grow attachment-large size-large wp-image-24486\" alt=\"\" title=\"\">\t\t\t\t\t\t\t\t\t\t\t\t\t\t\t<\/div>\n\t\t\t\t<\/div>\n\t\t\t\t<\/div>\n\t\t<div data-particle_enable=\"false\" data-particle-mobile-disabled=\"false\" class=\"elementor-element elementor-element-d091424 e-con-full e-flex e-con e-child\" data-id=\"d091424\" data-element_type=\"container\">\n\t\t\t\t<div class=\"elementor-element elementor-element-dfc61fa elementor-widget__width-auto elementor-widget elementor-widget-image\" data-id=\"dfc61fa\" data-element_type=\"widget\" data-widget_type=\"image.default\">\n\t\t\t\t<div class=\"elementor-widget-container\">\n\t\t\t\t\t\t\t\t\t\t\t\t\t\t\t<img decoding=\"async\" width=\"96\" height=\"66\" src=\"https:\/\/www.tomatomonterosa.com\/wp-content\/uploads\/2023\/10\/encuesta-respuesta-negativa-tomate-monterosa.png\" class=\"elementor-animation-buzz attachment-large size-large wp-image-24485\" alt=\"\" title=\"\">\t\t\t\t\t\t\t\t\t\t\t\t\t\t\t<\/div>\n\t\t\t\t<\/div>\n\t\t\t\t<\/div>\n\t\t<div data-particle_enable=\"false\" data-particle-mobile-disabled=\"false\" class=\"elementor-element elementor-element-5a4ed2a e-con-full elementor-hidden-mobile e-flex e-con e-child\" data-id=\"5a4ed2a\" data-element_type=\"container\">\n\t\t\t\t<\/div>\n\t\t\t\t\t<\/div>\n\t\t\t\t<\/div>\n\t\t<div data-particle_enable=\"false\" data-particle-mobile-disabled=\"false\" class=\"wd-negative-gap elementor-element elementor-element-97246a5 wd-section-stretch-content e-flex e-con-boxed e-con e-parent\" data-id=\"97246a5\" data-element_type=\"container\" data-settings=\"{&quot;background_background&quot;:&quot;classic&quot;}\">\n\t\t\t\t\t<div class=\"e-con-inner\">\n\t\t\t\t<div class=\"elementor-element elementor-element-8e5532d text-center color-scheme-inherit elementor-widget elementor-widget-text-editor\" data-id=\"8e5532d\" data-element_type=\"widget\" data-widget_type=\"text-editor.default\">\n\t\t\t\t<div class=\"elementor-widget-container\">\n\t\t\t\t\t\t\t\t\t<p>Totes les plantes tenen sexe, per\u00f2 en funci\u00f3 del tipus<br \/>\nque es tracti es reproduir\u00e0 mitjan\u00e7ant mecanismes<br \/>\nasexuals o sexuals. La planta del tom\u00e0quet es reprodueix<br \/>\nde manera sexual. Els seus \u00f2rgans reproductius s\u00f3n les flors,<br \/>\nque s\u00f3n hermafrodites.<br \/>\n\u00c9s a dir, en una mateixa flor hi ha les estructures sexuals<br \/>\nmasculines (estams) i les femenines (pistil). En la majoria<br \/>\ndels casos, entre l\u2019autopol\u00b7linitzaci\u00f3 i la pol\u00b7linitzaci\u00f3 creuada,<br \/>\nla planta fa fruit.<br \/>\nEl tom\u00e0quet \u00e9s un fruit i, per tant, no t\u00e9 sexe.<\/p>\n\t\t\t\t\t\t\t\t<\/div>\n\t\t\t\t<\/div>\n\t\t\t\t\t<\/div>\n\t\t\t\t<\/div>\n\t\t<div data-particle_enable=\"false\" data-particle-mobile-disabled=\"false\" class=\"wd-negative-gap elementor-element elementor-element-9e5571c wd-section-stretch-content e-flex e-con-boxed e-con e-parent\" data-id=\"9e5571c\" data-element_type=\"container\" data-settings=\"{&quot;background_background&quot;:&quot;classic&quot;}\">\n\t\t\t\t\t<div class=\"e-con-inner\">\n\t\t\t\t<div class=\"elementor-element elementor-element-4625df4 elementor-widget elementor-widget-image\" data-id=\"4625df4\" data-element_type=\"widget\" data-widget_type=\"image.default\">\n\t\t\t\t<div class=\"elementor-widget-container\">\n\t\t\t\t\t\t\t\t\t\t\t\t\t\t\t<img decoding=\"async\" width=\"1381\" height=\"794\" src=\"https:\/\/www.tomatomonterosa.com\/wp-content\/uploads\/2023\/08\/tomates-cuadrados-saber-si-existen-curiosidad-monterosa.jpg\" class=\"attachment-full size-full wp-image-24482\" alt=\"\" srcset=\"https:\/\/www.tomatomonterosa.com\/wp-content\/uploads\/2023\/08\/tomates-cuadrados-saber-si-existen-curiosidad-monterosa.jpg 1381w, https:\/\/www.tomatomonterosa.com\/wp-content\/uploads\/2023\/08\/tomates-cuadrados-saber-si-existen-curiosidad-monterosa-300x172.jpg 300w, https:\/\/www.tomatomonterosa.com\/wp-content\/uploads\/2023\/08\/tomates-cuadrados-saber-si-existen-curiosidad-monterosa-1024x589.jpg 1024w, https:\/\/www.tomatomonterosa.com\/wp-content\/uploads\/2023\/08\/tomates-cuadrados-saber-si-existen-curiosidad-monterosa-150x86.jpg 150w, https:\/\/www.tomatomonterosa.com\/wp-content\/uploads\/2023\/08\/tomates-cuadrados-saber-si-existen-curiosidad-monterosa-768x442.jpg 768w, https:\/\/www.tomatomonterosa.com\/wp-content\/uploads\/2023\/08\/tomates-cuadrados-saber-si-existen-curiosidad-monterosa-600x345.jpg 600w\" sizes=\"(max-width: 1381px) 100vw, 1381px\" title=\"\">\t\t\t\t\t\t\t\t\t\t\t\t\t\t\t<\/div>\n\t\t\t\t<\/div>\n\t\t\t\t<div class=\"elementor-element elementor-element-0b32626 elementor-widget elementor-widget-heading\" data-id=\"0b32626\" data-element_type=\"widget\" data-widget_type=\"heading.default\">\n\t\t\t\t<div class=\"elementor-widget-container\">\n\t\t\t\t\t<h2 class=\"elementor-heading-title elementor-size-default\">Hi ha tom\u00e0quets <br>quadrats?<\/h2>\t\t\t\t<\/div>\n\t\t\t\t<\/div>\n\t\t\t\t<div class=\"elementor-element elementor-element-ca0c5fc text-center color-scheme-inherit elementor-widget elementor-widget-text-editor\" data-id=\"ca0c5fc\" data-element_type=\"widget\" data-widget_type=\"text-editor.default\">\n\t\t\t\t<div class=\"elementor-widget-container\">\n\t\t\t\t\t\t\t\t\t<p>Encara que seria complex per la pres\u00e8ncia de determinats<br \/>\ngens al genoma del tom\u00e0quet, probablement podr\u00edem crear<br \/>\nun tom\u00e0quet transg\u00e8nic quadrat.<br \/>\nPer\u00f2 tampoc seria la manera m\u00e9s senzilla de fer-ho.<br \/>\nPerqu\u00e8 un tom\u00e0quet adquireixi aquesta forma, nom\u00e9s cal<br \/>\nintroduir-lo en una caixa quadrada quan est\u00e0 en l\u2019estat primerenc<br \/>\nde maduraci\u00f3. Aix\u00ed, quan creixi, agafar\u00e0 la forma de la caixa. A \u00c0sia<br \/>\ncultiven tom\u00e0quets quadrats, encara que \u00e9s m\u00e9s freq\u00fcent en altres<br \/>\nfruites com les s\u00edndries. Imagineu-vos l\u2019espai que estalviar\u00edem si<br \/>\nfossin quadrats&#8230;<\/p>\n\t\t\t\t\t\t\t\t<\/div>\n\t\t\t\t<\/div>\n\t\t\t\t\t<\/div>\n\t\t\t\t<\/div>\n\t\t<div data-particle_enable=\"false\" data-particle-mobile-disabled=\"false\" class=\"elementor-element elementor-element-7f6a7e6 wd-section-stretch-content e-flex e-con-boxed e-con e-parent\" data-id=\"7f6a7e6\" data-element_type=\"container\" data-settings=\"{&quot;background_background&quot;:&quot;classic&quot;}\">\n\t\t\t\t\t<div class=\"e-con-inner\">\n\t\t\t\t\t<\/div>\n\t\t\t\t<\/div>\n\t\t\t\t<section data-particle_enable=\"false\" data-particle-mobile-disabled=\"false\" class=\"wd-negative-gap elementor-section elementor-top-section elementor-element elementor-element-96e5035 wd-section-stretch-content elementor-section-boxed elementor-section-height-default elementor-section-height-default\" data-id=\"96e5035\" data-element_type=\"section\" data-settings=\"{&quot;background_background&quot;:&quot;classic&quot;}\">\n\t\t\t\t\t\t<div class=\"elementor-container elementor-column-gap-no\">\n\t\t\t\t\t<div class=\"elementor-column elementor-col-50 elementor-top-column elementor-element elementor-element-621f43e\" data-id=\"621f43e\" data-element_type=\"column\" data-settings=\"{&quot;background_background&quot;:&quot;classic&quot;}\">\n\t\t\t<div class=\"elementor-widget-wrap elementor-element-populated\">\n\t\t\t\t\t\t<div class=\"elementor-element elementor-element-7502a90 elementor-widget elementor-widget-heading\" data-id=\"7502a90\" data-element_type=\"widget\" data-widget_type=\"heading.default\">\n\t\t\t\t<div class=\"elementor-widget-container\">\n\t\t\t\t\t<h2 class=\"elementor-heading-title elementor-size-default\">Tots els tom\u00e0quets<br> tenen llavor?<\/h2>\t\t\t\t<\/div>\n\t\t\t\t<\/div>\n\t\t\t\t<div class=\"elementor-element elementor-element-c225e1a text-center color-scheme-inherit elementor-widget elementor-widget-text-editor\" data-id=\"c225e1a\" data-element_type=\"widget\" data-widget_type=\"text-editor.default\">\n\t\t\t\t<div class=\"elementor-widget-container\">\n\t\t\t\t\t\t\t\t\t<p>Fa anys que es fa recerca sobre el desenvolupament<br \/>\nde tom\u00e0quets sense llavors. En aquestes varietats, en un<br \/>\nproc\u00e9s conegut com a partenoc\u00e0rpia, l&#8217;ovari de la flor es<br \/>\ntransforma en fruit sense necessitat de fecundaci\u00f3. D&#8217;aquesta<br \/>\nmanera, la planta est\u00e8ril no dep\u00e8n de les condicions ambientals,<br \/>\nt\u00e9 una vida \u00fatil m\u00e9s llarga i facilita la fabricaci\u00f3 del tom\u00e0quet processat.<br \/>\nAquest tipus de tom\u00e0quet acostuma a ser for\u00e7a m\u00e9s petit (la mida \u00e9s al<br \/>\nvoltant d&#8217;un 40% inferior) i pesa molt menys (aproximadament un 80% menys) que el tom\u00e0quet \u201ctradicional\u201d amb llavors.<\/p>\n\t\t\t\t\t\t\t\t<\/div>\n\t\t\t\t<\/div>\n\t\t\t\t\t<\/div>\n\t\t<\/div>\n\t\t\t\t<div class=\"elementor-column elementor-col-50 elementor-top-column elementor-element elementor-element-ffb33e9\" data-id=\"ffb33e9\" data-element_type=\"column\" data-settings=\"{&quot;background_background&quot;:&quot;classic&quot;}\">\n\t\t\t<div class=\"elementor-widget-wrap elementor-element-populated\">\n\t\t\t\t\t\t<div class=\"elementor-element elementor-element-6f80f8a elementor-widget elementor-widget-heading\" data-id=\"6f80f8a\" data-element_type=\"widget\" data-widget_type=\"heading.default\">\n\t\t\t\t<div class=\"elementor-widget-container\">\n\t\t\t\t\t<h2 class=\"elementor-heading-title elementor-size-default\">Un tom\u00e0quet, per <br>estar madur, ha <br>de ser vermell?<\/h2>\t\t\t\t<\/div>\n\t\t\t\t<\/div>\n\t\t\t\t<div class=\"elementor-element elementor-element-9da9881 text-center color-scheme-inherit elementor-widget elementor-widget-text-editor\" data-id=\"9da9881\" data-element_type=\"widget\" data-widget_type=\"text-editor.default\">\n\t\t\t\t<div class=\"elementor-widget-container\">\n\t\t\t\t\t\t\t\t\t<p>Dep\u00e8n de la varietat. Hi ha tom\u00e0quets que continuen sent<br \/>\nverds fins i tot quan estan madurs, \u00e9s a dir, tenen la composici\u00f3<br \/>\nqu\u00edmica de la fase madura malgrat el color. Els podeu identificar<br \/>\nperqu\u00e8 tenen la pell m\u00e9s tova que els immadurs i presenten variacions<br \/>\nen el color.<\/p>\n\t\t\t\t\t\t\t\t<\/div>\n\t\t\t\t<\/div>\n\t\t\t\t\t<\/div>\n\t\t<\/div>\n\t\t\t\t\t<\/div>\n\t\t<\/section>\n\t\t<div data-particle_enable=\"false\" data-particle-mobile-disabled=\"false\" class=\"wd-negative-gap elementor-element elementor-element-fe2f1ac wd-section-stretch-content e-flex e-con-boxed e-con e-parent\" data-id=\"fe2f1ac\" data-element_type=\"container\" data-settings=\"{&quot;background_background&quot;:&quot;classic&quot;}\">\n\t\t\t\t\t<div class=\"e-con-inner\">\n\t\t\t\t<div class=\"elementor-element elementor-element-d35da6c elementor-widget elementor-widget-heading\" data-id=\"d35da6c\" data-element_type=\"widget\" data-widget_type=\"heading.default\">\n\t\t\t\t<div class=\"elementor-widget-container\">\n\t\t\t\t\t<h3 class=\"elementor-heading-title elementor-size-default\">Un tom\u00e0quet, despr\u00e9s<br> de la recol\u00b7lecta, continua<br> tenint vida?<\/h3>\t\t\t\t<\/div>\n\t\t\t\t<\/div>\n\t\t\t\t<div class=\"elementor-element elementor-element-a264d24 text-center color-scheme-inherit elementor-widget elementor-widget-text-editor\" data-id=\"a264d24\" data-element_type=\"widget\" data-widget_type=\"text-editor.default\">\n\t\t\t\t<div class=\"elementor-widget-container\">\n\t\t\t\t\t\t\t\t\t<p>La planta del tom\u00e0quet \u00e9s un \u00e9sser viu i els \u00f2rgans que la<br \/>\nintegren, fulles, arrels, tiges, i fruits, tamb\u00e9 ho s\u00f3n.<br \/>\nQuan recollim un tom\u00e0quet es recull, les c\u00e8l\u00b7lules es mantenen<br \/>\nmetab\u00f2licament actives; per tant, el tom\u00e0quet continua viu.<br \/>\nAquest fet constata el proc\u00e9s de maduraci\u00f3 del tom\u00e0quet despr\u00e9s<br \/>\nde separar-lo de la planta, aix\u00ed com la capacitat de les llavors per<br \/>\ngenerar-ne una de nova. De fet, si les c\u00e8l\u00b7lules del producte<br \/>\nestiguessin mortes, no es podrien regenerar. Com que \u00e9s un fruit<br \/>\nclimat\u00e8ric, continua madurant uns dies fins a arribar al nivell m\u00e0xim<br \/>\ni, aleshores, comen\u00e7a a envellir.<\/p>\n\t\t\t\t\t\t\t\t<\/div>\n\t\t\t\t<\/div>\n\t\t\t\t\t<\/div>\n\t\t\t\t<\/div>\n\t\t\t\t<\/div>\n\t\t","protected":false},"excerpt":{"rendered":"<p>Sapiens deltom\u00e0quet:Bullipedia En vols saber m\u00e9s? Compra&#8217;l aqu\u00ed! Sabeu que&#8230; Existeixen els tom\u00e0quets gegants? El 2016, un agricultor anomenat Dan<\/p>\n","protected":false},"author":27,"featured_media":0,"parent":0,"menu_order":0,"comment_status":"closed","ping_status":"closed","template":"","meta":{"_acf_changed":false,"footnotes":""},"class_list":["post-24476","page","type-page","status-publish","hentry"],"acf":[],"_links":{"self":[{"href":"https:\/\/www.tomatomonterosa.com\/ca\/wp-json\/wp\/v2\/pages\/24476","targetHints":{"allow":["GET"]}}],"collection":[{"href":"https:\/\/www.tomatomonterosa.com\/ca\/wp-json\/wp\/v2\/pages"}],"about":[{"href":"https:\/\/www.tomatomonterosa.com\/ca\/wp-json\/wp\/v2\/types\/page"}],"author":[{"embeddable":true,"href":"https:\/\/www.tomatomonterosa.com\/ca\/wp-json\/wp\/v2\/users\/27"}],"replies":[{"embeddable":true,"href":"https:\/\/www.tomatomonterosa.com\/ca\/wp-json\/wp\/v2\/comments?post=24476"}],"version-history":[{"count":0,"href":"https:\/\/www.tomatomonterosa.com\/ca\/wp-json\/wp\/v2\/pages\/24476\/revisions"}],"wp:attachment":[{"href":"https:\/\/www.tomatomonterosa.com\/ca\/wp-json\/wp\/v2\/media?parent=24476"}],"curies":[{"name":"wp","href":"https:\/\/api.w.org\/{rel}","templated":true}]}}